{"id":102,"date":"2021-07-07T22:14:41","date_gmt":"2021-07-08T03:14:41","guid":{"rendered":"https:\/\/fai.org.co\/serintegral\/?page_id=102"},"modified":"2022-08-24T09:49:54","modified_gmt":"2022-08-24T14:49:54","slug":"blog","status":"publish","type":"page","link":"https:\/\/fai.org.co\/serintegral\/blog\/","title":{"rendered":"Blog"},"content":{"rendered":"\t\t<div data-elementor-type=\"wp-page\" data-elementor-id=\"102\" class=\"elementor elementor-102\" data-elementor-settings=\"[]\">\n\t\t\t\t\t\t<div class=\"elementor-inner\">\n\t\t\t\t\t\t\t<div class=\"elementor-section-wrap\">\n\t\t\t\t\t\t\t<section class=\"elementor-section elementor-top-section elementor-element elementor-element-2a74f6f elementor-section-height-min-height elementor-section-boxed elementor-section-height-default elementor-section-items-middle\" data-id=\"2a74f6f\" data-element_type=\"section\" data-settings=\"{&quot;background_background&quot;:&quot;classic&quot;}\">\n\t\t\t\t\t\t\t<div class=\"elementor-background-overlay\"><\/div>\n\t\t\t\t\t\t\t<div class=\"elementor-container elementor-column-gap-default\">\n\t\t\t\t\t\t\t<div class=\"elementor-row\">\n\t\t\t\t\t<div class=\"elementor-column elementor-col-100 elementor-top-column elementor-element elementor-element-e2690a6\" data-id=\"e2690a6\" data-element_type=\"column\">\n\t\t\t<div class=\"elementor-column-wrap elementor-element-populated\">\n\t\t\t\t\t\t\t<div class=\"elementor-widget-wrap\">\n\t\t\t\t\t\t<div class=\"elementor-element elementor-element-c4ce2a1 elementor-widget elementor-widget-heading\" data-id=\"c4ce2a1\" data-element_type=\"widget\" data-widget_type=\"heading.default\">\n\t\t\t\t<div class=\"elementor-widget-container\">\n\t\t\t<h1 class=\"elementor-heading-title elementor-size-default\">Blog<\/h1>\t\t<\/div>\n\t\t\t\t<\/div>\n\t\t\t\t\t\t<\/div>\n\t\t\t\t\t<\/div>\n\t\t<\/div>\n\t\t\t\t\t\t\t\t<\/div>\n\t\t\t\t\t<\/div>\n\t\t<\/section>\n\t\t\t\t<section class=\"elementor-section elementor-top-section elementor-element elementor-element-ea6145d elementor-section-boxed elementor-section-height-default elementor-section-height-default\" data-id=\"ea6145d\" data-element_type=\"section\">\n\t\t\t\t\t\t<div class=\"elementor-container elementor-column-gap-default\">\n\t\t\t\t\t\t\t<div class=\"elementor-row\">\n\t\t\t\t\t<div class=\"elementor-column elementor-col-100 elementor-top-column elementor-element elementor-element-dc31b25\" data-id=\"dc31b25\" data-element_type=\"column\">\n\t\t\t<div class=\"elementor-column-wrap elementor-element-populated\">\n\t\t\t\t\t\t\t<div class=\"elementor-widget-wrap\">\n\t\t\t\t\t\t<div class=\"elementor-element elementor-element-15f1304 premium-blog-align-left elementor-widget elementor-widget-premium-addon-blog\" data-id=\"15f1304\" data-element_type=\"widget\" data-settings=\"{&quot;premium_blog_columns_number&quot;:&quot;33.33%&quot;,&quot;premium_blog_grid&quot;:&quot;yes&quot;,&quot;premium_blog_layout&quot;:&quot;even&quot;,&quot;premium_blog_columns_number_tablet&quot;:&quot;50%&quot;,&quot;premium_blog_columns_number_mobile&quot;:&quot;100%&quot;,&quot;scroll_to_offset&quot;:&quot;yes&quot;}\" data-widget_type=\"premium-addon-blog.default\">\n\t\t\t\t<div class=\"elementor-widget-container\">\n\t\t\t\t<div class=\"premium-blog\">\r\n\t\t\t\t\t\t\t<div class=\"premium-blog-filter\">\r\n\t\t\t<ul class=\"premium-blog-filters-container\">\r\n\t\t\t\t\t\t\t\t\t<li>\r\n\t\t\t\t\t\t<a href=\"javascript:;\" class=\"category active\" data-filter=\"*\">\r\n\t\t\t\t\t\t\t<span>All<\/span>\r\n\t\t\t\t\t\t<\/a>\r\n\t\t\t\t\t<\/li>\r\n\t\t\t\t\t\t\t\t\t\t\t\t\t\t<li>\r\n\t\t\t\t\t\t\t<a href=\"javascript:;\" class=\"category\" data-filter=\"covid-19\">\r\n\t\t\t\t\t\t\t\t<span>Covid-19<\/span>\r\n\t\t\t\t\t\t\t<\/a>\r\n\t\t\t\t\t\t<\/li>\r\n\t\t\t\t\t\t\t\t\t\t<li>\r\n\t\t\t\t\t\t\t<a href=\"javascript:;\" class=\"category\" data-filter=\"hepatitis-c\">\r\n\t\t\t\t\t\t\t\t<span>Hepatitis C<\/span>\r\n\t\t\t\t\t\t\t<\/a>\r\n\t\t\t\t\t\t<\/li>\r\n\t\t\t\t\t\t\t\t\t\t<li>\r\n\t\t\t\t\t\t\t<a href=\"javascript:;\" class=\"category\" data-filter=\"influenza\">\r\n\t\t\t\t\t\t\t\t<span>Influenza<\/span>\r\n\t\t\t\t\t\t\t<\/a>\r\n\t\t\t\t\t\t<\/li>\r\n\t\t\t\t\t\t\t\t\t\t<li>\r\n\t\t\t\t\t\t\t<a href=\"javascript:;\" class=\"category\" data-filter=\"meningitis\">\r\n\t\t\t\t\t\t\t\t<span>Meningitis<\/span>\r\n\t\t\t\t\t\t\t<\/a>\r\n\t\t\t\t\t\t<\/li>\r\n\t\t\t\t\t\t\t\t\t\t<li>\r\n\t\t\t\t\t\t\t<a href=\"javascript:;\" class=\"category\" data-filter=\"neumonia\">\r\n\t\t\t\t\t\t\t\t<span>Neumon\u00eda<\/span>\r\n\t\t\t\t\t\t\t<\/a>\r\n\t\t\t\t\t\t<\/li>\r\n\t\t\t\t\t\t\t\t\t\t<li>\r\n\t\t\t\t\t\t\t<a href=\"javascript:;\" class=\"category\" data-filter=\"sin-categoria\">\r\n\t\t\t\t\t\t\t\t<span>Sin categor\u00eda<\/span>\r\n\t\t\t\t\t\t\t<\/a>\r\n\t\t\t\t\t\t<\/li>\r\n\t\t\t\t\t\t\t\t\t\t<li>\r\n\t\t\t\t\t\t\t<a href=\"javascript:;\" class=\"category\" data-filter=\"vacunas\">\r\n\t\t\t\t\t\t\t\t<span>Vacunas<\/span>\r\n\t\t\t\t\t\t\t<\/a>\r\n\t\t\t\t\t\t<\/li>\r\n\t\t\t\t\t\t\t\t\t\t<li>\r\n\t\t\t\t\t\t\t<a href=\"javascript:;\" class=\"category\" data-filter=\"vih-sida\">\r\n\t\t\t\t\t\t\t\t<span>VIH-SIDA<\/span>\r\n\t\t\t\t\t\t\t<\/a>\r\n\t\t\t\t\t\t<\/li>\r\n\t\t\t\t\t\t\t<\/ul>\r\n\t\t<\/div>\r\n\t\t\t\t\t\t<div class=\"premium-blog-wrap  premium-blog-even\" data-page=\"102\" data-pagination=\"true\">\r\n\t\t\t\t\t<div class=\"premium-blog-post-outer-container influenza\" data-total=\"4\">\r\n\t\t\t<div class=\"premium-blog-post-container premium-blog-skin-cards\">\r\n\t\t\t\t\t\t\t\t\t<div class=\"premium-blog-thumb-effect-wrapper\">\r\n\t\t\t\t\t\t<div class=\"premium-blog-thumbnail-container premium-blog-zoomin-effect\">\r\n\t\t\t\t\t\t\t\t\t\t<a href=\"https:\/\/fai.org.co\/serintegral\/influenza\/que-es-sintomas-y-como-prevenir-la-influenza\/\" target=\"_self\">\r\n\t\t\t<img loading=\"lazy\" decoding=\"async\" width=\"667\" height=\"443\" src=\"https:\/\/fai.org.co\/serintegral\/wp-content\/uploads\/2023\/09\/Captura-1.jpg\" class=\"attachment-full size-full\" alt=\"\" \/>\t\t\t<\/a>\r\n\t\t\t\t\t\t\t\t\t<\/div>\r\n\t\t\t\t\t\t\t\t\t\t\t\t\t<div class=\"premium-blog-effect-container premium-blog-framed-effect\">\r\n\t\t\t\t\t\t\t\t<a class=\"premium-blog-post-link\" href=\"https:\/\/fai.org.co\/serintegral\/influenza\/que-es-sintomas-y-como-prevenir-la-influenza\/\" target=\"_self\"><\/a>\r\n\t\t\t\t\t\t\t\t\t\t\t\t\t\t\t<\/div>\r\n\t\t\t\t\t\t\t\t\t\t\t<\/div>\r\n\t\t\t\t\t\t\t\t\t\t\t\t\t\t\t\t\t\t\t\t\t<div class=\"premium-blog-content-wrapper \">\r\n\t\t\t\t\t<div class=\"premium-blog-content-wrapper-inner\">\r\n\t\t\t\t\t\t<div class=\"premium-blog-inner-container\">\r\n\t\t\t\t\t\t\t<div class=\"premium-blog-entry-container\">\r\n\t\t\t\t\t\t\t\t\t\t\t\t\t\t\t\t\t\t<h3 class=\"premium-blog-entry-title\">\r\n\t\t\t<a href=\"https:\/\/fai.org.co\/serintegral\/influenza\/que-es-sintomas-y-como-prevenir-la-influenza\/\" target=\"_self\">\r\n\t\t\t\tQu\u00e9 es, s\u00edntomas y como prevenir la influenza\t\t\t<\/a>\r\n\t\t<\/h3>\r\n\t\t\r\n\t\t\t\t\t\t\t<\/div>\r\n\t\t\t\t\t\t<\/div>\r\n\r\n\t\t\t\t\t\t<p class=\"premium-blog-post-content\">La influenza es una enfermedad viral altamente contagiosa, que afecta principalmente el sistema respiratorio. Es causada por los virus de la influenza \u2026<\/p>\t\t<div class=\"premium-blog-entry-meta\">\r\n\t\t\t\r\n\t\t\t\r\n\t\t\t\r\n\t\t\t\t\t<\/div>\r\n\t\t\t\t\t\t\t\t\t\t\t\t\t<\/div>\r\n\t\t\t\t<\/div>\r\n\t\t\t<\/div>\r\n\t\t<\/div>\r\n\r\n\t\t\t\t<div class=\"premium-blog-post-outer-container sin-categoria\" data-total=\"4\">\r\n\t\t\t<div class=\"premium-blog-post-container premium-blog-skin-cards\">\r\n\t\t\t\t\t\t\t\t\t<div class=\"premium-blog-thumb-effect-wrapper\">\r\n\t\t\t\t\t\t<div class=\"premium-blog-thumbnail-container premium-blog-zoomin-effect\">\r\n\t\t\t\t\t\t\t\t\t\t<a href=\"https:\/\/fai.org.co\/serintegral\/sin-categoria\/resistencia-antimicrobiana-una-problematica-actual\/\" target=\"_self\">\r\n\t\t\t<img loading=\"lazy\" decoding=\"async\" width=\"302\" height=\"188\" src=\"https:\/\/fai.org.co\/serintegral\/wp-content\/uploads\/2023\/11\/Cafptura.jpg\" class=\"attachment-full size-full\" alt=\"\" \/>\t\t\t<\/a>\r\n\t\t\t\t\t\t\t\t\t<\/div>\r\n\t\t\t\t\t\t\t\t\t\t\t\t\t<div class=\"premium-blog-effect-container premium-blog-framed-effect\">\r\n\t\t\t\t\t\t\t\t<a class=\"premium-blog-post-link\" href=\"https:\/\/fai.org.co\/serintegral\/sin-categoria\/resistencia-antimicrobiana-una-problematica-actual\/\" target=\"_self\"><\/a>\r\n\t\t\t\t\t\t\t\t\t\t\t\t\t\t\t<\/div>\r\n\t\t\t\t\t\t\t\t\t\t\t<\/div>\r\n\t\t\t\t\t\t\t\t\t\t\t\t\t\t\t\t\t\t\t\t\t<div class=\"premium-blog-content-wrapper \">\r\n\t\t\t\t\t<div class=\"premium-blog-content-wrapper-inner\">\r\n\t\t\t\t\t\t<div class=\"premium-blog-inner-container\">\r\n\t\t\t\t\t\t\t<div class=\"premium-blog-entry-container\">\r\n\t\t\t\t\t\t\t\t\t\t\t\t\t\t\t\t\t\t<h3 class=\"premium-blog-entry-title premium-blog-entry-title\">\r\n\t\t\t<a href=\"https:\/\/fai.org.co\/serintegral\/sin-categoria\/resistencia-antimicrobiana-una-problematica-actual\/\" target=\"_self\">\r\n\t\t\t\tResistencia Antimicrobiana, una problem\u00e1tica actual\t\t\t<\/a>\r\n\t\t<\/h3>\r\n\t\t\r\n\t\t\t\t\t\t\t<\/div>\r\n\t\t\t\t\t\t<\/div>\r\n\r\n\t\t\t\t\t\t<p class=\"premium-blog-post-content\">La resistencia antimicrobiana (RAM) es uno de los desaf\u00edos m\u00e1s apremiantes en la salud p\u00fablica a nivel mundial. Se define como la \u2026<\/p>\t\t<div class=\"premium-blog-entry-meta\">\r\n\t\t\t\r\n\t\t\t\r\n\t\t\t\r\n\t\t\t\t\t<\/div>\r\n\t\t\t\t\t\t\t\t\t\t\t\t\t<\/div>\r\n\t\t\t\t<\/div>\r\n\t\t\t<\/div>\r\n\t\t<\/div>\r\n\r\n\t\t\t\t<div class=\"premium-blog-post-outer-container meningitis\" data-total=\"4\">\r\n\t\t\t<div class=\"premium-blog-post-container premium-blog-skin-cards\">\r\n\t\t\t\t\t\t\t\t\t<div class=\"premium-blog-thumb-effect-wrapper\">\r\n\t\t\t\t\t\t<div class=\"premium-blog-thumbnail-container premium-blog-zoomin-effect\">\r\n\t\t\t\t\t\t\t\t\t\t<a href=\"https:\/\/fai.org.co\/serintegral\/meningitis\/meningitis-que-es-que-sintomas-produce-y-como-se-transmite\/\" target=\"_self\">\r\n\t\t\t<img loading=\"lazy\" decoding=\"async\" width=\"539\" height=\"369\" src=\"https:\/\/fai.org.co\/serintegral\/wp-content\/uploads\/2021\/10\/cifras-y-realidades-de-la-meningitis-en-colombia.jpg\" class=\"attachment-full size-full\" alt=\"meningitis\" \/>\t\t\t<\/a>\r\n\t\t\t\t\t\t\t\t\t<\/div>\r\n\t\t\t\t\t\t\t\t\t\t\t\t\t<div class=\"premium-blog-effect-container premium-blog-framed-effect\">\r\n\t\t\t\t\t\t\t\t<a class=\"premium-blog-post-link\" href=\"https:\/\/fai.org.co\/serintegral\/meningitis\/meningitis-que-es-que-sintomas-produce-y-como-se-transmite\/\" target=\"_self\"><\/a>\r\n\t\t\t\t\t\t\t\t\t\t\t\t\t\t\t<\/div>\r\n\t\t\t\t\t\t\t\t\t\t\t<\/div>\r\n\t\t\t\t\t\t\t\t\t\t\t\t\t\t\t\t\t\t\t\t\t<div class=\"premium-blog-content-wrapper \">\r\n\t\t\t\t\t<div class=\"premium-blog-content-wrapper-inner\">\r\n\t\t\t\t\t\t<div class=\"premium-blog-inner-container\">\r\n\t\t\t\t\t\t\t<div class=\"premium-blog-entry-container\">\r\n\t\t\t\t\t\t\t\t\t\t\t\t\t\t\t\t\t\t<h3 class=\"premium-blog-entry-title premium-blog-entry-title premium-blog-entry-title\">\r\n\t\t\t<a href=\"https:\/\/fai.org.co\/serintegral\/meningitis\/meningitis-que-es-que-sintomas-produce-y-como-se-transmite\/\" target=\"_self\">\r\n\t\t\t\tMeningitis, qu\u00e9 es, que s\u00edntomas produce y como se transmite\t\t\t<\/a>\r\n\t\t<\/h3>\r\n\t\t\r\n\t\t\t\t\t\t\t<\/div>\r\n\t\t\t\t\t\t<\/div>\r\n\r\n\t\t\t\t\t\t<p class=\"premium-blog-post-content\">La meningitis es una condici\u00f3n m\u00e9dica caracterizada por la inflamaci\u00f3n de las membranas que recubren el cerebro y la m\u00e9dula espinal, conocidas \u2026<\/p>\t\t<div class=\"premium-blog-entry-meta\">\r\n\t\t\t\r\n\t\t\t\r\n\t\t\t\r\n\t\t\t\t\t<\/div>\r\n\t\t\t\t\t\t\t\t\t\t\t\t\t<\/div>\r\n\t\t\t\t<\/div>\r\n\t\t\t<\/div>\r\n\t\t<\/div>\r\n\r\n\t\t\t\t<div class=\"premium-blog-post-outer-container neumonia\" data-total=\"4\">\r\n\t\t\t<div class=\"premium-blog-post-container premium-blog-skin-cards\">\r\n\t\t\t\t\t\t\t\t\t<div class=\"premium-blog-thumb-effect-wrapper\">\r\n\t\t\t\t\t\t<div class=\"premium-blog-thumbnail-container premium-blog-zoomin-effect\">\r\n\t\t\t\t\t\t\t\t\t\t<a href=\"https:\/\/fai.org.co\/serintegral\/neumonia\/que-es-la-neumonia-2\/\" target=\"_self\">\r\n\t\t\t<img loading=\"lazy\" decoding=\"async\" width=\"1024\" height=\"572\" src=\"https:\/\/fai.org.co\/serintegral\/wp-content\/uploads\/2023\/08\/Empireo-Recreacion-de-Papilomavirus-humano.jpg\" class=\"attachment-full size-full\" alt=\"\" \/>\t\t\t<\/a>\r\n\t\t\t\t\t\t\t\t\t<\/div>\r\n\t\t\t\t\t\t\t\t\t\t\t\t\t<div class=\"premium-blog-effect-container premium-blog-framed-effect\">\r\n\t\t\t\t\t\t\t\t<a class=\"premium-blog-post-link\" href=\"https:\/\/fai.org.co\/serintegral\/neumonia\/que-es-la-neumonia-2\/\" target=\"_self\"><\/a>\r\n\t\t\t\t\t\t\t\t\t\t\t\t\t\t\t<\/div>\r\n\t\t\t\t\t\t\t\t\t\t\t<\/div>\r\n\t\t\t\t\t\t\t\t\t\t\t\t\t\t\t\t\t\t\t\t\t<div class=\"premium-blog-content-wrapper \">\r\n\t\t\t\t\t<div class=\"premium-blog-content-wrapper-inner\">\r\n\t\t\t\t\t\t<div class=\"premium-blog-inner-container\">\r\n\t\t\t\t\t\t\t<div class=\"premium-blog-entry-container\">\r\n\t\t\t\t\t\t\t\t\t\t\t\t\t\t\t\t\t\t<h3 class=\"premium-blog-entry-title premium-blog-entry-title premium-blog-entry-title premium-blog-entry-title\">\r\n\t\t\t<a href=\"https:\/\/fai.org.co\/serintegral\/neumonia\/que-es-la-neumonia-2\/\" target=\"_self\">\r\n\t\t\t\t\u00bfQu\u00e9 es la Neumon\u00eda?\t\t\t<\/a>\r\n\t\t<\/h3>\r\n\t\t\r\n\t\t\t\t\t\t\t<\/div>\r\n\t\t\t\t\t\t<\/div>\r\n\r\n\t\t\t\t\t\t<p class=\"premium-blog-post-content\">Es una infecci\u00f3n que afecta los pulmones, la cual puede ser causada por diferentes tipos de microorganismos, como bacterias, virus, par\u00e1sitos y \u2026<\/p>\t\t<div class=\"premium-blog-entry-meta\">\r\n\t\t\t\r\n\t\t\t\r\n\t\t\t\r\n\t\t\t\t\t<\/div>\r\n\t\t\t\t\t\t\t\t\t\t\t\t\t<\/div>\r\n\t\t\t\t<\/div>\r\n\t\t\t<\/div>\r\n\t\t<\/div>\r\n\r\n\t\t\t\t<div class=\"premium-blog-post-outer-container sin-categoria\" data-total=\"4\">\r\n\t\t\t<div class=\"premium-blog-post-container premium-blog-skin-cards\">\r\n\t\t\t\t\t\t\t\t\t<div class=\"premium-blog-thumb-effect-wrapper\">\r\n\t\t\t\t\t\t<div class=\"premium-blog-thumbnail-container premium-blog-zoomin-effect\">\r\n\t\t\t\t\t\t\t\t\t\t<a href=\"https:\/\/fai.org.co\/serintegral\/sin-categoria\/sabes-como-se-manifiesta-el-virus-respiratorio-sincitial\/\" target=\"_self\">\r\n\t\t\t<img loading=\"lazy\" decoding=\"async\" width=\"539\" height=\"369\" src=\"https:\/\/fai.org.co\/serintegral\/wp-content\/uploads\/2021\/10\/que-es-la-neumonia.jpg\" class=\"attachment-full size-full\" alt=\"VRS\" \/>\t\t\t<\/a>\r\n\t\t\t\t\t\t\t\t\t<\/div>\r\n\t\t\t\t\t\t\t\t\t\t\t\t\t<div class=\"premium-blog-effect-container premium-blog-framed-effect\">\r\n\t\t\t\t\t\t\t\t<a class=\"premium-blog-post-link\" href=\"https:\/\/fai.org.co\/serintegral\/sin-categoria\/sabes-como-se-manifiesta-el-virus-respiratorio-sincitial\/\" target=\"_self\"><\/a>\r\n\t\t\t\t\t\t\t\t\t\t\t\t\t\t\t<\/div>\r\n\t\t\t\t\t\t\t\t\t\t\t<\/div>\r\n\t\t\t\t\t\t\t\t\t\t\t\t\t\t\t\t\t\t\t\t\t<div class=\"premium-blog-content-wrapper \">\r\n\t\t\t\t\t<div class=\"premium-blog-content-wrapper-inner\">\r\n\t\t\t\t\t\t<div class=\"premium-blog-inner-container\">\r\n\t\t\t\t\t\t\t<div class=\"premium-blog-entry-container\">\r\n\t\t\t\t\t\t\t\t\t\t\t\t\t\t\t\t\t\t<h3 class=\"premium-blog-entry-title premium-blog-entry-title premium-blog-entry-title premium-blog-entry-title premium-blog-entry-title\">\r\n\t\t\t<a href=\"https:\/\/fai.org.co\/serintegral\/sin-categoria\/sabes-como-se-manifiesta-el-virus-respiratorio-sincitial\/\" target=\"_self\">\r\n\t\t\t\t\u00bfSabes c\u00f3mo se manifiesta el Virus Respiratorio Sincitial?\t\t\t<\/a>\r\n\t\t<\/h3>\r\n\t\t\r\n\t\t\t\t\t\t\t<\/div>\r\n\t\t\t\t\t\t<\/div>\r\n\r\n\t\t\t\t\t\t<p class=\"premium-blog-post-content\">El virus respiratorio sincitial (VRS), en principio, se manifiesta por provocar infecciones leves del tracto respiratorio superior, siendo mayormente vulnerable la poblaci\u00f3n \u2026<\/p>\t\t<div class=\"premium-blog-entry-meta\">\r\n\t\t\t\r\n\t\t\t\r\n\t\t\t\r\n\t\t\t\t\t<\/div>\r\n\t\t\t\t\t\t\t\t\t\t\t\t\t<\/div>\r\n\t\t\t\t<\/div>\r\n\t\t\t<\/div>\r\n\t\t<\/div>\r\n\r\n\t\t\t\t<div class=\"premium-blog-post-outer-container sin-categoria\" data-total=\"4\">\r\n\t\t\t<div class=\"premium-blog-post-container premium-blog-skin-cards\">\r\n\t\t\t\t\t\t\t\t\t<div class=\"premium-blog-thumb-effect-wrapper\">\r\n\t\t\t\t\t\t<div class=\"premium-blog-thumbnail-container premium-blog-zoomin-effect\">\r\n\t\t\t\t\t\t\t\t\t\t<a href=\"https:\/\/fai.org.co\/serintegral\/sin-categoria\/que-son-y-para-que-sirven-los-medicamentos-anti-infecciosos\/\" target=\"_self\">\r\n\t\t\t<img loading=\"lazy\" decoding=\"async\" width=\"710\" height=\"462\" src=\"https:\/\/fai.org.co\/serintegral\/wp-content\/uploads\/2023\/09\/Captura.jpg\" class=\"attachment-full size-full\" alt=\"\" \/>\t\t\t<\/a>\r\n\t\t\t\t\t\t\t\t\t<\/div>\r\n\t\t\t\t\t\t\t\t\t\t\t\t\t<div class=\"premium-blog-effect-container premium-blog-framed-effect\">\r\n\t\t\t\t\t\t\t\t<a class=\"premium-blog-post-link\" href=\"https:\/\/fai.org.co\/serintegral\/sin-categoria\/que-son-y-para-que-sirven-los-medicamentos-anti-infecciosos\/\" target=\"_self\"><\/a>\r\n\t\t\t\t\t\t\t\t\t\t\t\t\t\t\t<\/div>\r\n\t\t\t\t\t\t\t\t\t\t\t<\/div>\r\n\t\t\t\t\t\t\t\t\t\t\t\t\t\t\t\t\t\t\t\t\t<div class=\"premium-blog-content-wrapper \">\r\n\t\t\t\t\t<div class=\"premium-blog-content-wrapper-inner\">\r\n\t\t\t\t\t\t<div class=\"premium-blog-inner-container\">\r\n\t\t\t\t\t\t\t<div class=\"premium-blog-entry-container\">\r\n\t\t\t\t\t\t\t\t\t\t\t\t\t\t\t\t\t\t<h3 class=\"premium-blog-entry-title premium-blog-entry-title premium-blog-entry-title premium-blog-entry-title premium-blog-entry-title premium-blog-entry-title\">\r\n\t\t\t<a href=\"https:\/\/fai.org.co\/serintegral\/sin-categoria\/que-son-y-para-que-sirven-los-medicamentos-anti-infecciosos\/\" target=\"_self\">\r\n\t\t\t\t\u00bfQu\u00e9 son y para qu\u00e9 sirven los medicamentos Anti-infecciosos?\t\t\t<\/a>\r\n\t\t<\/h3>\r\n\t\t\r\n\t\t\t\t\t\t\t<\/div>\r\n\t\t\t\t\t\t<\/div>\r\n\r\n\t\t\t\t\t\t<p class=\"premium-blog-post-content\">Los anti-infecciosos, tambi\u00e9n conocidos como antimicrobianos o antibi\u00f3ticos, son medicamentos dise\u00f1ados para combatir infecciones causadas por microorganismos como bacterias, virus, hongos y \u2026<\/p>\t\t<div class=\"premium-blog-entry-meta\">\r\n\t\t\t\r\n\t\t\t\r\n\t\t\t\r\n\t\t\t\t\t<\/div>\r\n\t\t\t\t\t\t\t\t\t\t\t\t\t<\/div>\r\n\t\t\t\t<\/div>\r\n\t\t\t<\/div>\r\n\t\t<\/div>\r\n\r\n\t\t\t\t<div class=\"premium-blog-post-outer-container sin-categoria\" data-total=\"4\">\r\n\t\t\t<div class=\"premium-blog-post-container premium-blog-skin-cards\">\r\n\t\t\t\t\t\t\t\t\t<div class=\"premium-blog-thumb-effect-wrapper\">\r\n\t\t\t\t\t\t<div class=\"premium-blog-thumbnail-container premium-blog-zoomin-effect\">\r\n\t\t\t\t\t\t\t\t\t\t<a href=\"https:\/\/fai.org.co\/serintegral\/sin-categoria\/todo-lo-que-necesitas-saber-sobre-la-neumonia-sintomas-diagnostico-y-consecuencias\/\" target=\"_self\">\r\n\t\t\t<img loading=\"lazy\" decoding=\"async\" width=\"1140\" height=\"655\" src=\"https:\/\/fai.org.co\/serintegral\/wp-content\/uploads\/2023\/03\/pulmones.jpg\" class=\"attachment-full size-full\" alt=\"\" \/>\t\t\t<\/a>\r\n\t\t\t\t\t\t\t\t\t<\/div>\r\n\t\t\t\t\t\t\t\t\t\t\t\t\t<div class=\"premium-blog-effect-container premium-blog-framed-effect\">\r\n\t\t\t\t\t\t\t\t<a class=\"premium-blog-post-link\" href=\"https:\/\/fai.org.co\/serintegral\/sin-categoria\/todo-lo-que-necesitas-saber-sobre-la-neumonia-sintomas-diagnostico-y-consecuencias\/\" target=\"_self\"><\/a>\r\n\t\t\t\t\t\t\t\t\t\t\t\t\t\t\t<\/div>\r\n\t\t\t\t\t\t\t\t\t\t\t<\/div>\r\n\t\t\t\t\t\t\t\t\t\t\t\t\t\t\t\t\t\t\t\t\t<div class=\"premium-blog-content-wrapper \">\r\n\t\t\t\t\t<div class=\"premium-blog-content-wrapper-inner\">\r\n\t\t\t\t\t\t<div class=\"premium-blog-inner-container\">\r\n\t\t\t\t\t\t\t<div class=\"premium-blog-entry-container\">\r\n\t\t\t\t\t\t\t\t\t\t\t\t\t\t\t\t\t\t<h3 class=\"premium-blog-entry-title premium-blog-entry-title premium-blog-entry-title premium-blog-entry-title premium-blog-entry-title premium-blog-entry-title premium-blog-entry-title\">\r\n\t\t\t<a href=\"https:\/\/fai.org.co\/serintegral\/sin-categoria\/todo-lo-que-necesitas-saber-sobre-la-neumonia-sintomas-diagnostico-y-consecuencias\/\" target=\"_self\">\r\n\t\t\t\tTodo lo que Necesitas Saber sobre la Neumon\u00eda: S\u00edntomas, Diagn\u00f3stico y Consecuencias\t\t\t<\/a>\r\n\t\t<\/h3>\r\n\t\t\r\n\t\t\t\t\t\t\t<\/div>\r\n\t\t\t\t\t\t<\/div>\r\n\r\n\t\t\t\t\t\t<p class=\"premium-blog-post-content\">La neumon\u00eda es una infecci\u00f3n respiratoria que afecta los pulmones, y aunque puede ser grave, con el conocimiento adecuado es posible detectarla \u2026<\/p>\t\t<div class=\"premium-blog-entry-meta\">\r\n\t\t\t\r\n\t\t\t\r\n\t\t\t\r\n\t\t\t\t\t<\/div>\r\n\t\t\t\t\t\t\t\t\t\t\t\t\t<\/div>\r\n\t\t\t\t<\/div>\r\n\t\t\t<\/div>\r\n\t\t<\/div>\r\n\r\n\t\t\t\t<div class=\"premium-blog-post-outer-container vacunas\" data-total=\"4\">\r\n\t\t\t<div class=\"premium-blog-post-container premium-blog-skin-cards\">\r\n\t\t\t\t\t\t\t\t\t<div class=\"premium-blog-thumb-effect-wrapper\">\r\n\t\t\t\t\t\t<div class=\"premium-blog-thumbnail-container premium-blog-zoomin-effect\">\r\n\t\t\t\t\t\t\t\t\t\t<a href=\"https:\/\/fai.org.co\/serintegral\/vacunas\/asi-han-evolucionado-las-vacunas-en-el-tiempo\/\" target=\"_self\">\r\n\t\t\t<img loading=\"lazy\" decoding=\"async\" width=\"539\" height=\"369\" src=\"https:\/\/fai.org.co\/serintegral\/wp-content\/uploads\/2021\/09\/influenza-en-tiempos-de-covid.jpg\" class=\"attachment-full size-full\" alt=\"influenza\" \/>\t\t\t<\/a>\r\n\t\t\t\t\t\t\t\t\t<\/div>\r\n\t\t\t\t\t\t\t\t\t\t\t\t\t<div class=\"premium-blog-effect-container premium-blog-framed-effect\">\r\n\t\t\t\t\t\t\t\t<a class=\"premium-blog-post-link\" href=\"https:\/\/fai.org.co\/serintegral\/vacunas\/asi-han-evolucionado-las-vacunas-en-el-tiempo\/\" target=\"_self\"><\/a>\r\n\t\t\t\t\t\t\t\t\t\t\t\t\t\t\t<\/div>\r\n\t\t\t\t\t\t\t\t\t\t\t<\/div>\r\n\t\t\t\t\t\t\t\t\t\t\t\t\t\t\t\t\t\t\t\t\t<div class=\"premium-blog-content-wrapper \">\r\n\t\t\t\t\t<div class=\"premium-blog-content-wrapper-inner\">\r\n\t\t\t\t\t\t<div class=\"premium-blog-inner-container\">\r\n\t\t\t\t\t\t\t<div class=\"premium-blog-entry-container\">\r\n\t\t\t\t\t\t\t\t\t\t\t\t\t\t\t\t\t\t<h3 class=\"premium-blog-entry-title premium-blog-entry-title premium-blog-entry-title premium-blog-entry-title premium-blog-entry-title premium-blog-entry-title premium-blog-entry-title premium-blog-entry-title\">\r\n\t\t\t<a href=\"https:\/\/fai.org.co\/serintegral\/vacunas\/asi-han-evolucionado-las-vacunas-en-el-tiempo\/\" target=\"_self\">\r\n\t\t\t\tAs\u00ed han evolucionado las vacunas en el tiempo\t\t\t<\/a>\r\n\t\t<\/h3>\r\n\t\t\r\n\t\t\t\t\t\t\t<\/div>\r\n\t\t\t\t\t\t<\/div>\r\n\r\n\t\t\t\t\t\t<p class=\"premium-blog-post-content\">Han transcurrido 225 a\u00f1os desde que el ingl\u00e9s Edward Jenner (17 de mayo de 1749 \u2013 26 de enero de 1823) administr\u00f3 \u2026<\/p>\t\t<div class=\"premium-blog-entry-meta\">\r\n\t\t\t\r\n\t\t\t\r\n\t\t\t\r\n\t\t\t\t\t<\/div>\r\n\t\t\t\t\t\t\t\t\t\t\t\t\t<\/div>\r\n\t\t\t\t<\/div>\r\n\t\t\t<\/div>\r\n\t\t<\/div>\r\n\r\n\t\t\t\t<div class=\"premium-blog-post-outer-container sin-categoria\" data-total=\"4\">\r\n\t\t\t<div class=\"premium-blog-post-container premium-blog-skin-cards\">\r\n\t\t\t\t\t\t\t\t\t<div class=\"premium-blog-thumb-effect-wrapper\">\r\n\t\t\t\t\t\t<div class=\"premium-blog-thumbnail-container premium-blog-zoomin-effect\">\r\n\t\t\t\t\t\t\t\t\t\t<a href=\"https:\/\/fai.org.co\/serintegral\/sin-categoria\/arnm-la-clave-para-las-vacunas-modernas\/\" target=\"_self\">\r\n\t\t\t<img loading=\"lazy\" decoding=\"async\" width=\"683\" height=\"446\" src=\"https:\/\/fai.org.co\/serintegral\/wp-content\/uploads\/2023\/12\/hhhCaptura.jpg\" class=\"attachment-full size-full\" alt=\"\" \/>\t\t\t<\/a>\r\n\t\t\t\t\t\t\t\t\t<\/div>\r\n\t\t\t\t\t\t\t\t\t\t\t\t\t<div class=\"premium-blog-effect-container premium-blog-framed-effect\">\r\n\t\t\t\t\t\t\t\t<a class=\"premium-blog-post-link\" href=\"https:\/\/fai.org.co\/serintegral\/sin-categoria\/arnm-la-clave-para-las-vacunas-modernas\/\" target=\"_self\"><\/a>\r\n\t\t\t\t\t\t\t\t\t\t\t\t\t\t\t<\/div>\r\n\t\t\t\t\t\t\t\t\t\t\t<\/div>\r\n\t\t\t\t\t\t\t\t\t\t\t\t\t\t\t\t\t\t\t\t\t<div class=\"premium-blog-content-wrapper \">\r\n\t\t\t\t\t<div class=\"premium-blog-content-wrapper-inner\">\r\n\t\t\t\t\t\t<div class=\"premium-blog-inner-container\">\r\n\t\t\t\t\t\t\t<div class=\"premium-blog-entry-container\">\r\n\t\t\t\t\t\t\t\t\t\t\t\t\t\t\t\t\t\t<h3 class=\"premium-blog-entry-title premium-blog-entry-title premium-blog-entry-title premium-blog-entry-title premium-blog-entry-title premium-blog-entry-title premium-blog-entry-title premium-blog-entry-title premium-blog-entry-title\">\r\n\t\t\t<a href=\"https:\/\/fai.org.co\/serintegral\/sin-categoria\/arnm-la-clave-para-las-vacunas-modernas\/\" target=\"_self\">\r\n\t\t\t\tARNm, la clave para las vacunas modernas\t\t\t<\/a>\r\n\t\t<\/h3>\r\n\t\t\r\n\t\t\t\t\t\t\t<\/div>\r\n\t\t\t\t\t\t<\/div>\r\n\r\n\t\t\t\t\t\t<p class=\"premium-blog-post-content\">El \u00e1cido ribonucleico mensajero (ARNm) es un tipo de mol\u00e9cula presente en las c\u00e9lulas, que desempe\u00f1a un papel crucial en la s\u00edntesis \u2026<\/p>\t\t<div class=\"premium-blog-entry-meta\">\r\n\t\t\t\r\n\t\t\t\r\n\t\t\t\r\n\t\t\t\t\t<\/div>\r\n\t\t\t\t\t\t\t\t\t\t\t\t\t<\/div>\r\n\t\t\t\t<\/div>\r\n\t\t\t<\/div>\r\n\t\t<\/div>\r\n\r\n\t\t\t\t<div class=\"premium-blog-post-outer-container sin-categoria\" data-total=\"4\">\r\n\t\t\t<div class=\"premium-blog-post-container premium-blog-skin-cards\">\r\n\t\t\t\t\t\t\t\t\t<div class=\"premium-blog-thumb-effect-wrapper\">\r\n\t\t\t\t\t\t<div class=\"premium-blog-thumbnail-container premium-blog-zoomin-effect\">\r\n\t\t\t\t\t\t\t\t\t\t<a href=\"https:\/\/fai.org.co\/serintegral\/sin-categoria\/se-puede-combinar-antibioticos-con-alcohol-conoce-los-riesgos-de-esta-mezcla\/\" target=\"_self\">\r\n\t\t\t<img loading=\"lazy\" decoding=\"async\" width=\"680\" height=\"452\" src=\"https:\/\/fai.org.co\/serintegral\/wp-content\/uploads\/2023\/12\/Captjjjura.jpg\" class=\"attachment-full size-full\" alt=\"\" \/>\t\t\t<\/a>\r\n\t\t\t\t\t\t\t\t\t<\/div>\r\n\t\t\t\t\t\t\t\t\t\t\t\t\t<div class=\"premium-blog-effect-container premium-blog-framed-effect\">\r\n\t\t\t\t\t\t\t\t<a class=\"premium-blog-post-link\" href=\"https:\/\/fai.org.co\/serintegral\/sin-categoria\/se-puede-combinar-antibioticos-con-alcohol-conoce-los-riesgos-de-esta-mezcla\/\" target=\"_self\"><\/a>\r\n\t\t\t\t\t\t\t\t\t\t\t\t\t\t\t<\/div>\r\n\t\t\t\t\t\t\t\t\t\t\t<\/div>\r\n\t\t\t\t\t\t\t\t\t\t\t\t\t\t\t\t\t\t\t\t\t<div class=\"premium-blog-content-wrapper \">\r\n\t\t\t\t\t<div class=\"premium-blog-content-wrapper-inner\">\r\n\t\t\t\t\t\t<div class=\"premium-blog-inner-container\">\r\n\t\t\t\t\t\t\t<div class=\"premium-blog-entry-container\">\r\n\t\t\t\t\t\t\t\t\t\t\t\t\t\t\t\t\t\t<h3 class=\"premium-blog-entry-title premium-blog-entry-title premium-blog-entry-title premium-blog-entry-title premium-blog-entry-title premium-blog-entry-title premium-blog-entry-title premium-blog-entry-title premium-blog-entry-title premium-blog-entry-title\">\r\n\t\t\t<a href=\"https:\/\/fai.org.co\/serintegral\/sin-categoria\/se-puede-combinar-antibioticos-con-alcohol-conoce-los-riesgos-de-esta-mezcla\/\" target=\"_self\">\r\n\t\t\t\t\u00bfSe puede combinar antibi\u00f3ticos con alcohol? Conoce los riesgos de esta mezcla\t\t\t<\/a>\r\n\t\t<\/h3>\r\n\t\t\r\n\t\t\t\t\t\t\t<\/div>\r\n\t\t\t\t\t\t<\/div>\r\n\r\n\t\t\t\t\t\t<p class=\"premium-blog-post-content\">Frecuentemente nos encontramos en situaciones en donde debemos equilibrar o darles m\u00e1s importancia a ciertos aspectos de nuestra vida diaria. Uno de \u2026<\/p>\t\t<div class=\"premium-blog-entry-meta\">\r\n\t\t\t\r\n\t\t\t\r\n\t\t\t\r\n\t\t\t\t\t<\/div>\r\n\t\t\t\t\t\t\t\t\t\t\t\t\t<\/div>\r\n\t\t\t\t<\/div>\r\n\t\t\t<\/div>\r\n\t\t<\/div>\r\n\r\n\t\t\t\t<div class=\"premium-blog-post-outer-container sin-categoria\" data-total=\"4\">\r\n\t\t\t<div class=\"premium-blog-post-container premium-blog-skin-cards\">\r\n\t\t\t\t\t\t\t\t\t<div class=\"premium-blog-thumb-effect-wrapper\">\r\n\t\t\t\t\t\t<div class=\"premium-blog-thumbnail-container premium-blog-zoomin-effect\">\r\n\t\t\t\t\t\t\t\t\t\t<a href=\"https:\/\/fai.org.co\/serintegral\/sin-categoria\/5-medicamentos-cuyo-efecto-pueden-ser-interferido-por-el-uso-de-antibioticos-no-arruines-tu-tratamiento\/\" target=\"_self\">\r\n\t\t\t<img loading=\"lazy\" decoding=\"async\" width=\"680\" height=\"449\" src=\"https:\/\/fai.org.co\/serintegral\/wp-content\/uploads\/2023\/11\/Capftura.jpg\" class=\"attachment-full size-full\" alt=\"\" \/>\t\t\t<\/a>\r\n\t\t\t\t\t\t\t\t\t<\/div>\r\n\t\t\t\t\t\t\t\t\t\t\t\t\t<div class=\"premium-blog-effect-container premium-blog-framed-effect\">\r\n\t\t\t\t\t\t\t\t<a class=\"premium-blog-post-link\" href=\"https:\/\/fai.org.co\/serintegral\/sin-categoria\/5-medicamentos-cuyo-efecto-pueden-ser-interferido-por-el-uso-de-antibioticos-no-arruines-tu-tratamiento\/\" target=\"_self\"><\/a>\r\n\t\t\t\t\t\t\t\t\t\t\t\t\t\t\t<\/div>\r\n\t\t\t\t\t\t\t\t\t\t\t<\/div>\r\n\t\t\t\t\t\t\t\t\t\t\t\t\t\t\t\t\t\t\t\t\t<div class=\"premium-blog-content-wrapper \">\r\n\t\t\t\t\t<div class=\"premium-blog-content-wrapper-inner\">\r\n\t\t\t\t\t\t<div class=\"premium-blog-inner-container\">\r\n\t\t\t\t\t\t\t<div class=\"premium-blog-entry-container\">\r\n\t\t\t\t\t\t\t\t\t\t\t\t\t\t\t\t\t\t<h3 class=\"premium-blog-entry-title premium-blog-entry-title premium-blog-entry-title premium-blog-entry-title premium-blog-entry-title premium-blog-entry-title premium-blog-entry-title premium-blog-entry-title premium-blog-entry-title premium-blog-entry-title premium-blog-entry-title\">\r\n\t\t\t<a href=\"https:\/\/fai.org.co\/serintegral\/sin-categoria\/5-medicamentos-cuyo-efecto-pueden-ser-interferido-por-el-uso-de-antibioticos-no-arruines-tu-tratamiento\/\" target=\"_self\">\r\n\t\t\t\t5 medicamentos cuyo efecto pueden ser interferido por el uso de antibi\u00f3ticos, no arruines tu tratamiento\t\t\t<\/a>\r\n\t\t<\/h3>\r\n\t\t\r\n\t\t\t\t\t\t\t<\/div>\r\n\t\t\t\t\t\t<\/div>\r\n\r\n\t\t\t\t\t\t<p class=\"premium-blog-post-content\">\u00bfSab\u00edas que algunos medicamentos pueden perder su eficacia cuando se toman junto con antibi\u00f3ticos? En algunos casos, la combinaci\u00f3n de ciertos medicamentos \u2026<\/p>\t\t<div class=\"premium-blog-entry-meta\">\r\n\t\t\t\r\n\t\t\t\r\n\t\t\t\r\n\t\t\t\t\t<\/div>\r\n\t\t\t\t\t\t\t\t\t\t\t\t\t<\/div>\r\n\t\t\t\t<\/div>\r\n\t\t\t<\/div>\r\n\t\t<\/div>\r\n\r\n\t\t\t\t<div class=\"premium-blog-post-outer-container sin-categoria\" data-total=\"4\">\r\n\t\t\t<div class=\"premium-blog-post-container premium-blog-skin-cards\">\r\n\t\t\t\t\t\t\t\t\t<div class=\"premium-blog-thumb-effect-wrapper\">\r\n\t\t\t\t\t\t<div class=\"premium-blog-thumbnail-container premium-blog-zoomin-effect\">\r\n\t\t\t\t\t\t\t\t\t\t<a href=\"https:\/\/fai.org.co\/serintegral\/sin-categoria\/malestar-despues-de-la-vacuna-covid-19-esto-puede-ser-un-signo-positivo\/\" target=\"_self\">\r\n\t\t\t<img loading=\"lazy\" decoding=\"async\" width=\"679\" height=\"450\" src=\"https:\/\/fai.org.co\/serintegral\/wp-content\/uploads\/2023\/11\/Captura.jpg\" class=\"attachment-full size-full\" alt=\"\" \/>\t\t\t<\/a>\r\n\t\t\t\t\t\t\t\t\t<\/div>\r\n\t\t\t\t\t\t\t\t\t\t\t\t\t<div class=\"premium-blog-effect-container premium-blog-framed-effect\">\r\n\t\t\t\t\t\t\t\t<a class=\"premium-blog-post-link\" href=\"https:\/\/fai.org.co\/serintegral\/sin-categoria\/malestar-despues-de-la-vacuna-covid-19-esto-puede-ser-un-signo-positivo\/\" target=\"_self\"><\/a>\r\n\t\t\t\t\t\t\t\t\t\t\t\t\t\t\t<\/div>\r\n\t\t\t\t\t\t\t\t\t\t\t<\/div>\r\n\t\t\t\t\t\t\t\t\t\t\t\t\t\t\t\t\t\t\t\t\t<div class=\"premium-blog-content-wrapper \">\r\n\t\t\t\t\t<div class=\"premium-blog-content-wrapper-inner\">\r\n\t\t\t\t\t\t<div class=\"premium-blog-inner-container\">\r\n\t\t\t\t\t\t\t<div class=\"premium-blog-entry-container\">\r\n\t\t\t\t\t\t\t\t\t\t\t\t\t\t\t\t\t\t<h3 class=\"premium-blog-entry-title premium-blog-entry-title premium-blog-entry-title premium-blog-entry-title premium-blog-entry-title premium-blog-entry-title premium-blog-entry-title premium-blog-entry-title premium-blog-entry-title premium-blog-entry-title premium-blog-entry-title premium-blog-entry-title\">\r\n\t\t\t<a href=\"https:\/\/fai.org.co\/serintegral\/sin-categoria\/malestar-despues-de-la-vacuna-covid-19-esto-puede-ser-un-signo-positivo\/\" target=\"_self\">\r\n\t\t\t\tMalestar despu\u00e9s de la vacuna COVID-19: \u00a1Esto puede ser un signo positivo!\t\t\t<\/a>\r\n\t\t<\/h3>\r\n\t\t\r\n\t\t\t\t\t\t\t<\/div>\r\n\t\t\t\t\t\t<\/div>\r\n\r\n\t\t\t\t\t\t<p class=\"premium-blog-post-content\">La vacuna contra el COVID-19 ha sido una de las mayores haza\u00f1as cient\u00edficas de los \u00faltimos a\u00f1os. A medida que las personas \u2026<\/p>\t\t<div class=\"premium-blog-entry-meta\">\r\n\t\t\t\r\n\t\t\t\r\n\t\t\t\r\n\t\t\t\t\t<\/div>\r\n\t\t\t\t\t\t\t\t\t\t\t\t\t<\/div>\r\n\t\t\t\t<\/div>\r\n\t\t\t<\/div>\r\n\t\t<\/div>\r\n\r\n\t\t\t\t<div class=\"premium-blog-post-outer-container sin-categoria\" data-total=\"4\">\r\n\t\t\t<div class=\"premium-blog-post-container premium-blog-skin-cards\">\r\n\t\t\t\t\t\t\t\t\t<div class=\"premium-blog-thumb-effect-wrapper\">\r\n\t\t\t\t\t\t<div class=\"premium-blog-thumbnail-container premium-blog-zoomin-effect\">\r\n\t\t\t\t\t\t\t\t\t\t<a href=\"https:\/\/fai.org.co\/serintegral\/sin-categoria\/disminucion-global-en-el-uso-de-antimicrobianos-en-animales\/\" target=\"_self\">\r\n\t\t\t<img loading=\"lazy\" decoding=\"async\" width=\"720\" height=\"392\" src=\"https:\/\/fai.org.co\/serintegral\/wp-content\/uploads\/2023\/10\/pronabive1.jpg\" class=\"attachment-full size-full\" alt=\"\" \/>\t\t\t<\/a>\r\n\t\t\t\t\t\t\t\t\t<\/div>\r\n\t\t\t\t\t\t\t\t\t\t\t\t\t<div class=\"premium-blog-effect-container premium-blog-framed-effect\">\r\n\t\t\t\t\t\t\t\t<a class=\"premium-blog-post-link\" href=\"https:\/\/fai.org.co\/serintegral\/sin-categoria\/disminucion-global-en-el-uso-de-antimicrobianos-en-animales\/\" target=\"_self\"><\/a>\r\n\t\t\t\t\t\t\t\t\t\t\t\t\t\t\t<\/div>\r\n\t\t\t\t\t\t\t\t\t\t\t<\/div>\r\n\t\t\t\t\t\t\t\t\t\t\t\t\t\t\t\t\t\t\t\t\t<div class=\"premium-blog-content-wrapper \">\r\n\t\t\t\t\t<div class=\"premium-blog-content-wrapper-inner\">\r\n\t\t\t\t\t\t<div class=\"premium-blog-inner-container\">\r\n\t\t\t\t\t\t\t<div class=\"premium-blog-entry-container\">\r\n\t\t\t\t\t\t\t\t\t\t\t\t\t\t\t\t\t\t<h3 class=\"premium-blog-entry-title premium-blog-entry-title premium-blog-entry-title premium-blog-entry-title premium-blog-entry-title premium-blog-entry-title premium-blog-entry-title premium-blog-entry-title premium-blog-entry-title premium-blog-entry-title premium-blog-entry-title premium-blog-entry-title premium-blog-entry-title\">\r\n\t\t\t<a href=\"https:\/\/fai.org.co\/serintegral\/sin-categoria\/disminucion-global-en-el-uso-de-antimicrobianos-en-animales\/\" target=\"_self\">\r\n\t\t\t\tDisminuci\u00f3n global en el uso de antimicrobianos en animales\t\t\t<\/a>\r\n\t\t<\/h3>\r\n\t\t\r\n\t\t\t\t\t\t\t<\/div>\r\n\t\t\t\t\t\t<\/div>\r\n\r\n\t\t\t\t\t\t<p class=\"premium-blog-post-content\">Como bien sabemos, los antimicrobianos son medicamentos dise\u00f1ados para combatir microorganismos que pueden causar enfermedades. En el contexto de los animales, como \u2026<\/p>\t\t<div class=\"premium-blog-entry-meta\">\r\n\t\t\t\r\n\t\t\t\r\n\t\t\t\r\n\t\t\t\t\t<\/div>\r\n\t\t\t\t\t\t\t\t\t\t\t\t\t<\/div>\r\n\t\t\t\t<\/div>\r\n\t\t\t<\/div>\r\n\t\t<\/div>\r\n\r\n\t\t\t\t<div class=\"premium-blog-post-outer-container neumonia\" data-total=\"4\">\r\n\t\t\t<div class=\"premium-blog-post-container premium-blog-skin-cards\">\r\n\t\t\t\t\t\t\t\t\t<div class=\"premium-blog-thumb-effect-wrapper\">\r\n\t\t\t\t\t\t<div class=\"premium-blog-thumbnail-container premium-blog-zoomin-effect\">\r\n\t\t\t\t\t\t\t\t\t\t<a href=\"https:\/\/fai.org.co\/serintegral\/neumonia\/minsalud-anuncia-4-jornadas-de-intensificacion-de-vacunacion-en-el-pais\/\" target=\"_self\">\r\n\t\t\t<img loading=\"lazy\" decoding=\"async\" width=\"750\" height=\"500\" src=\"https:\/\/fai.org.co\/serintegral\/wp-content\/uploads\/2023\/10\/VACUNACION-FOTO-ARCHIVO-1.jpg\" class=\"attachment-full size-full\" alt=\"\" \/>\t\t\t<\/a>\r\n\t\t\t\t\t\t\t\t\t<\/div>\r\n\t\t\t\t\t\t\t\t\t\t\t\t\t<div class=\"premium-blog-effect-container premium-blog-framed-effect\">\r\n\t\t\t\t\t\t\t\t<a class=\"premium-blog-post-link\" href=\"https:\/\/fai.org.co\/serintegral\/neumonia\/minsalud-anuncia-4-jornadas-de-intensificacion-de-vacunacion-en-el-pais\/\" target=\"_self\"><\/a>\r\n\t\t\t\t\t\t\t\t\t\t\t\t\t\t\t<\/div>\r\n\t\t\t\t\t\t\t\t\t\t\t<\/div>\r\n\t\t\t\t\t\t\t\t\t\t\t\t\t\t\t\t\t\t\t\t\t<div class=\"premium-blog-content-wrapper \">\r\n\t\t\t\t\t<div class=\"premium-blog-content-wrapper-inner\">\r\n\t\t\t\t\t\t<div class=\"premium-blog-inner-container\">\r\n\t\t\t\t\t\t\t<div class=\"premium-blog-entry-container\">\r\n\t\t\t\t\t\t\t\t\t\t\t\t\t\t\t\t\t\t<h3 class=\"premium-blog-entry-title premium-blog-entry-title premium-blog-entry-title premium-blog-entry-title premium-blog-entry-title premium-blog-entry-title premium-blog-entry-title premium-blog-entry-title premium-blog-entry-title premium-blog-entry-title premium-blog-entry-title premium-blog-entry-title premium-blog-entry-title premium-blog-entry-title\">\r\n\t\t\t<a href=\"https:\/\/fai.org.co\/serintegral\/neumonia\/minsalud-anuncia-4-jornadas-de-intensificacion-de-vacunacion-en-el-pais\/\" target=\"_self\">\r\n\t\t\t\tMinsalud anuncia 4 jornadas de intensificaci\u00f3n de vacunaci\u00f3n en el pa\u00eds\t\t\t<\/a>\r\n\t\t<\/h3>\r\n\t\t\r\n\t\t\t\t\t\t\t<\/div>\r\n\t\t\t\t\t\t<\/div>\r\n\r\n\t\t\t\t\t\t<p class=\"premium-blog-post-content\">Para prevenir el riesgo que representan los esquemas incompletos de vacunaci\u00f3n, sobre todo en menores de edad y personas mayores, adem\u00e1s de \u2026<\/p>\t\t<div class=\"premium-blog-entry-meta\">\r\n\t\t\t\r\n\t\t\t\r\n\t\t\t\r\n\t\t\t\t\t<\/div>\r\n\t\t\t\t\t\t\t\t\t\t\t\t\t<\/div>\r\n\t\t\t\t<\/div>\r\n\t\t\t<\/div>\r\n\t\t<\/div>\r\n\r\n\t\t\t\t<div class=\"premium-blog-post-outer-container sin-categoria\" data-total=\"4\">\r\n\t\t\t<div class=\"premium-blog-post-container premium-blog-skin-cards\">\r\n\t\t\t\t\t\t\t\t\t<div class=\"premium-blog-thumb-effect-wrapper\">\r\n\t\t\t\t\t\t<div class=\"premium-blog-thumbnail-container premium-blog-zoomin-effect\">\r\n\t\t\t\t\t\t\t\t\t\t<a href=\"https:\/\/fai.org.co\/serintegral\/sin-categoria\/todo-lo-que-debes-sabes-sobre-la-nueva-variante-de-covid-19\/\" target=\"_self\">\r\n\t\t\t<img loading=\"lazy\" decoding=\"async\" width=\"667\" height=\"443\" src=\"https:\/\/fai.org.co\/serintegral\/wp-content\/uploads\/2023\/09\/Captura-1.jpg\" class=\"attachment-full size-full\" alt=\"\" \/>\t\t\t<\/a>\r\n\t\t\t\t\t\t\t\t\t<\/div>\r\n\t\t\t\t\t\t\t\t\t\t\t\t\t<div class=\"premium-blog-effect-container premium-blog-framed-effect\">\r\n\t\t\t\t\t\t\t\t<a class=\"premium-blog-post-link\" href=\"https:\/\/fai.org.co\/serintegral\/sin-categoria\/todo-lo-que-debes-sabes-sobre-la-nueva-variante-de-covid-19\/\" target=\"_self\"><\/a>\r\n\t\t\t\t\t\t\t\t\t\t\t\t\t\t\t<\/div>\r\n\t\t\t\t\t\t\t\t\t\t\t<\/div>\r\n\t\t\t\t\t\t\t\t\t\t\t\t\t\t\t\t\t\t\t\t\t<div class=\"premium-blog-content-wrapper \">\r\n\t\t\t\t\t<div class=\"premium-blog-content-wrapper-inner\">\r\n\t\t\t\t\t\t<div class=\"premium-blog-inner-container\">\r\n\t\t\t\t\t\t\t<div class=\"premium-blog-entry-container\">\r\n\t\t\t\t\t\t\t\t\t\t\t\t\t\t\t\t\t\t<h3 class=\"premium-blog-entry-title premium-blog-entry-title premium-blog-entry-title premium-blog-entry-title premium-blog-entry-title premium-blog-entry-title premium-blog-entry-title premium-blog-entry-title premium-blog-entry-title premium-blog-entry-title premium-blog-entry-title premium-blog-entry-title premium-blog-entry-title premium-blog-entry-title premium-blog-entry-title\">\r\n\t\t\t<a href=\"https:\/\/fai.org.co\/serintegral\/sin-categoria\/todo-lo-que-debes-sabes-sobre-la-nueva-variante-de-covid-19\/\" target=\"_self\">\r\n\t\t\t\tTodo lo que debes sabes sobre la nueva variante de COVID-19\t\t\t<\/a>\r\n\t\t<\/h3>\r\n\t\t\r\n\t\t\t\t\t\t\t<\/div>\r\n\t\t\t\t\t\t<\/div>\r\n\r\n\t\t\t\t\t\t<p class=\"premium-blog-post-content\">Desde la pandemia, el COVID-19 ha estado presente en nuestras vidas. Esta fue una \u00e9poca complicada por las medidas de bioseguridad, cuarentena \u2026<\/p>\t\t<div class=\"premium-blog-entry-meta\">\r\n\t\t\t\r\n\t\t\t\r\n\t\t\t\r\n\t\t\t\t\t<\/div>\r\n\t\t\t\t\t\t\t\t\t\t\t\t\t<\/div>\r\n\t\t\t\t<\/div>\r\n\t\t\t<\/div>\r\n\t\t<\/div>\r\n\r\n\t\t\t\t<div class=\"premium-blog-post-outer-container sin-categoria\" data-total=\"4\">\r\n\t\t\t<div class=\"premium-blog-post-container premium-blog-skin-cards\">\r\n\t\t\t\t\t\t\t\t\t<div class=\"premium-blog-thumb-effect-wrapper\">\r\n\t\t\t\t\t\t<div class=\"premium-blog-thumbnail-container premium-blog-zoomin-effect\">\r\n\t\t\t\t\t\t\t\t\t\t<a href=\"https:\/\/fai.org.co\/serintegral\/sin-categoria\/resistencia-antimicrobiana-una-amenaza-para-la-salud-publica\/\" target=\"_self\">\r\n\t\t\t<img loading=\"lazy\" decoding=\"async\" width=\"710\" height=\"462\" src=\"https:\/\/fai.org.co\/serintegral\/wp-content\/uploads\/2023\/09\/Captura.jpg\" class=\"attachment-full size-full\" alt=\"\" \/>\t\t\t<\/a>\r\n\t\t\t\t\t\t\t\t\t<\/div>\r\n\t\t\t\t\t\t\t\t\t\t\t\t\t<div class=\"premium-blog-effect-container premium-blog-framed-effect\">\r\n\t\t\t\t\t\t\t\t<a class=\"premium-blog-post-link\" href=\"https:\/\/fai.org.co\/serintegral\/sin-categoria\/resistencia-antimicrobiana-una-amenaza-para-la-salud-publica\/\" target=\"_self\"><\/a>\r\n\t\t\t\t\t\t\t\t\t\t\t\t\t\t\t<\/div>\r\n\t\t\t\t\t\t\t\t\t\t\t<\/div>\r\n\t\t\t\t\t\t\t\t\t\t\t\t\t\t\t\t\t\t\t\t\t<div class=\"premium-blog-content-wrapper \">\r\n\t\t\t\t\t<div class=\"premium-blog-content-wrapper-inner\">\r\n\t\t\t\t\t\t<div class=\"premium-blog-inner-container\">\r\n\t\t\t\t\t\t\t<div class=\"premium-blog-entry-container\">\r\n\t\t\t\t\t\t\t\t\t\t\t\t\t\t\t\t\t\t<h3 class=\"premium-blog-entry-title premium-blog-entry-title premium-blog-entry-title premium-blog-entry-title premium-blog-entry-title premium-blog-entry-title premium-blog-entry-title premium-blog-entry-title premium-blog-entry-title premium-blog-entry-title premium-blog-entry-title premium-blog-entry-title premium-blog-entry-title premium-blog-entry-title premium-blog-entry-title premium-blog-entry-title\">\r\n\t\t\t<a href=\"https:\/\/fai.org.co\/serintegral\/sin-categoria\/resistencia-antimicrobiana-una-amenaza-para-la-salud-publica\/\" target=\"_self\">\r\n\t\t\t\tResistencia antimicrobiana \u00bfUna amenaza para la salud p\u00fablica?\t\t\t<\/a>\r\n\t\t<\/h3>\r\n\t\t\r\n\t\t\t\t\t\t\t<\/div>\r\n\t\t\t\t\t\t<\/div>\r\n\r\n\t\t\t\t\t\t<p class=\"premium-blog-post-content\">La resistencia antimicrobiana se produce cuando bacterias, virus, hongos y par\u00e1sitos cambian al verse expuestos a los antibi\u00f3ticos, antivirales, antif\u00fangicos, y antiparasitarios, \u2026<\/p>\t\t<div class=\"premium-blog-entry-meta\">\r\n\t\t\t\r\n\t\t\t\r\n\t\t\t\r\n\t\t\t\t\t<\/div>\r\n\t\t\t\t\t\t\t\t\t\t\t\t\t<\/div>\r\n\t\t\t\t<\/div>\r\n\t\t\t<\/div>\r\n\t\t<\/div>\r\n\r\n\t\t\t\t<\/div>\r\n\t<\/div>\r\n\t\t\t\t<div class=\"premium-blog-footer\">\r\n\t\t\t\t\t<nav class=\"premium-blog-pagination-container\" role=\"navigation\" aria-label=\"Pagination\">\r\n\t\t\t<span aria-current=\"page\" class=\"page-numbers current\">1<\/span>\n<a class=\"page-numbers\" href=\"https:\/\/fai.org.co\/serintegral\/wp-json\/wp\/v2\/pages\/102\/page\/2\/\">2<\/a>\n<a class=\"page-numbers\" href=\"https:\/\/fai.org.co\/serintegral\/wp-json\/wp\/v2\/pages\/102\/page\/3\/\">3<\/a>\n<a class=\"page-numbers\" href=\"https:\/\/fai.org.co\/serintegral\/wp-json\/wp\/v2\/pages\/102\/page\/4\/\">4<\/a>\n<a class=\"next page-numbers\" href=\"https:\/\/fai.org.co\/serintegral\/wp-json\/wp\/v2\/pages\/102\/page\/2\/\">Anterior \u00bb<\/a>\t\t<\/nav>\r\n\t\t\t\t<\/div>\r\n\t\t\t\t\t<\/div>\n\t\t\t\t<\/div>\n\t\t\t\t\t\t<\/div>\n\t\t\t\t\t<\/div>\n\t\t<\/div>\n\t\t\t\t\t\t\t\t<\/div>\n\t\t\t\t\t<\/div>\n\t\t<\/section>\n\t\t\t\t\t\t<\/div>\n\t\t\t\t\t\t<\/div>\n\t\t\t\t\t<\/div>\n\t\t","protected":false},"excerpt":{"rendered":"<p>Blog All Covid-19 Hepatitis C Influenza Meningitis Neumon\u00eda VIH-SIDA \u00bfPor qu\u00e9 la actividad f\u00edsica funciona como un \u201cescudo protector\u201d contra el COVID? \u00bfPor qu\u00e9 la actividad f\u00edsica funciona como un \u201cescudo protector\u201d contra el COVID? Dos horas y media de ejercicio en la semana \u2026 La neumon\u00eda y covid-19 Un elevado porcentaje de los pacientes [&hellip;]<\/p>\n","protected":false},"author":1,"featured_media":0,"parent":0,"menu_order":0,"comment_status":"closed","ping_status":"closed","template":"elementor_header_footer","meta":{"_monsterinsights_skip_tracking":false,"_monsterinsights_sitenote_active":false,"_monsterinsights_sitenote_note":"","_monsterinsights_sitenote_category":0,"spay_email":"","footnotes":""},"class_list":["post-102","page","type-page","status-publish","hentry"],"aioseo_notices":[],"yoast_head":"<!-- This site is optimized with the Yoast SEO plugin v17.5 - https:\/\/yoast.com\/wordpress\/plugins\/seo\/ -->\n<title>Blog - Ser integral<\/title>\n<meta name=\"robots\" content=\"index, follow, max-snippet:-1, max-image-preview:large, max-video-preview:-1\" \/>\n<link rel=\"canonical\" href=\"https:\/\/fai.org.co\/serintegral\/blog\/\" \/>\n<meta property=\"og:locale\" content=\"es_ES\" \/>\n<meta property=\"og:type\" content=\"article\" \/>\n<meta property=\"og:title\" content=\"Blog - Ser integral\" \/>\n<meta property=\"og:description\" content=\"Blog All Covid-19 Hepatitis C Influenza Meningitis Neumon\u00eda VIH-SIDA \u00bfPor qu\u00e9 la actividad f\u00edsica funciona como un \u201cescudo protector\u201d contra el COVID? \u00bfPor qu\u00e9 la actividad f\u00edsica funciona como un \u201cescudo protector\u201d contra el COVID? Dos horas y media de ejercicio en la semana \u2026 La neumon\u00eda y covid-19 Un elevado porcentaje de los pacientes [&hellip;]\" \/>\n<meta property=\"og:url\" content=\"https:\/\/fai.org.co\/serintegral\/blog\/\" \/>\n<meta property=\"og:site_name\" content=\"Ser integral\" \/>\n<meta property=\"article:modified_time\" content=\"2022-08-24T14:49:54+00:00\" \/>\n<meta property=\"og:image\" content=\"https:\/\/fai.org.co\/serintegral\/wp-content\/uploads\/2022\/08\/doctor-analyzing-blood-samples-with-microscope.jpg\" \/>\n<meta name=\"twitter:card\" content=\"summary_large_image\" \/>\n<meta name=\"twitter:label1\" content=\"Tiempo estimado de lectura\" \/>\n\t<meta name=\"twitter:data1\" content=\"6 minutos\" \/>\n<script type=\"application\/ld+json\" class=\"yoast-schema-graph\">{\"@context\":\"https:\/\/schema.org\",\"@graph\":[{\"@type\":\"WebSite\",\"@id\":\"https:\/\/fai.org.co\/serintegral\/#website\",\"url\":\"https:\/\/fai.org.co\/serintegral\/\",\"name\":\"Ser integral\",\"description\":\"\",\"potentialAction\":[{\"@type\":\"SearchAction\",\"target\":{\"@type\":\"EntryPoint\",\"urlTemplate\":\"https:\/\/fai.org.co\/serintegral\/?s={search_term_string}\"},\"query-input\":\"required name=search_term_string\"}],\"inLanguage\":\"es-CO\"},{\"@type\":\"ImageObject\",\"@id\":\"https:\/\/fai.org.co\/serintegral\/blog\/#primaryimage\",\"inLanguage\":\"es-CO\",\"url\":\"https:\/\/fai.org.co\/serintegral\/wp-content\/uploads\/2022\/08\/doctor-analyzing-blood-samples-with-microscope.jpg\",\"contentUrl\":\"https:\/\/fai.org.co\/serintegral\/wp-content\/uploads\/2022\/08\/doctor-analyzing-blood-samples-with-microscope.jpg\",\"width\":1000,\"height\":706},{\"@type\":\"WebPage\",\"@id\":\"https:\/\/fai.org.co\/serintegral\/blog\/#webpage\",\"url\":\"https:\/\/fai.org.co\/serintegral\/blog\/\",\"name\":\"Blog - Ser integral\",\"isPartOf\":{\"@id\":\"https:\/\/fai.org.co\/serintegral\/#website\"},\"primaryImageOfPage\":{\"@id\":\"https:\/\/fai.org.co\/serintegral\/blog\/#primaryimage\"},\"datePublished\":\"2021-07-08T03:14:41+00:00\",\"dateModified\":\"2022-08-24T14:49:54+00:00\",\"breadcrumb\":{\"@id\":\"https:\/\/fai.org.co\/serintegral\/blog\/#breadcrumb\"},\"inLanguage\":\"es-CO\",\"potentialAction\":[{\"@type\":\"ReadAction\",\"target\":[\"https:\/\/fai.org.co\/serintegral\/blog\/\"]}]},{\"@type\":\"BreadcrumbList\",\"@id\":\"https:\/\/fai.org.co\/serintegral\/blog\/#breadcrumb\",\"itemListElement\":[{\"@type\":\"ListItem\",\"position\":1,\"name\":\"Inicio\",\"item\":\"https:\/\/fai.org.co\/serintegral\/\"},{\"@type\":\"ListItem\",\"position\":2,\"name\":\"Blog\"}]}]}<\/script>\n<!-- \/ Yoast SEO plugin. -->","yoast_head_json":{"title":"Blog - Ser integral","robots":{"index":"index","follow":"follow","max-snippet":"max-snippet:-1","max-image-preview":"max-image-preview:large","max-video-preview":"max-video-preview:-1"},"canonical":"https:\/\/fai.org.co\/serintegral\/blog\/","og_locale":"es_ES","og_type":"article","og_title":"Blog - Ser integral","og_description":"Blog All Covid-19 Hepatitis C Influenza Meningitis Neumon\u00eda VIH-SIDA \u00bfPor qu\u00e9 la actividad f\u00edsica funciona como un \u201cescudo protector\u201d contra el COVID? \u00bfPor qu\u00e9 la actividad f\u00edsica funciona como un \u201cescudo protector\u201d contra el COVID? Dos horas y media de ejercicio en la semana \u2026 La neumon\u00eda y covid-19 Un elevado porcentaje de los pacientes [&hellip;]","og_url":"https:\/\/fai.org.co\/serintegral\/blog\/","og_site_name":"Ser integral","article_modified_time":"2022-08-24T14:49:54+00:00","og_image":[{"url":"https:\/\/fai.org.co\/serintegral\/wp-content\/uploads\/2022\/08\/doctor-analyzing-blood-samples-with-microscope.jpg"}],"twitter_card":"summary_large_image","twitter_misc":{"Tiempo estimado de lectura":"6 minutos"},"schema":{"@context":"https:\/\/schema.org","@graph":[{"@type":"WebSite","@id":"https:\/\/fai.org.co\/serintegral\/#website","url":"https:\/\/fai.org.co\/serintegral\/","name":"Ser integral","description":"","potentialAction":[{"@type":"SearchAction","target":{"@type":"EntryPoint","urlTemplate":"https:\/\/fai.org.co\/serintegral\/?s={search_term_string}"},"query-input":"required name=search_term_string"}],"inLanguage":"es-CO"},{"@type":"ImageObject","@id":"https:\/\/fai.org.co\/serintegral\/blog\/#primaryimage","inLanguage":"es-CO","url":"https:\/\/fai.org.co\/serintegral\/wp-content\/uploads\/2022\/08\/doctor-analyzing-blood-samples-with-microscope.jpg","contentUrl":"https:\/\/fai.org.co\/serintegral\/wp-content\/uploads\/2022\/08\/doctor-analyzing-blood-samples-with-microscope.jpg","width":1000,"height":706},{"@type":"WebPage","@id":"https:\/\/fai.org.co\/serintegral\/blog\/#webpage","url":"https:\/\/fai.org.co\/serintegral\/blog\/","name":"Blog - Ser integral","isPartOf":{"@id":"https:\/\/fai.org.co\/serintegral\/#website"},"primaryImageOfPage":{"@id":"https:\/\/fai.org.co\/serintegral\/blog\/#primaryimage"},"datePublished":"2021-07-08T03:14:41+00:00","dateModified":"2022-08-24T14:49:54+00:00","breadcrumb":{"@id":"https:\/\/fai.org.co\/serintegral\/blog\/#breadcrumb"},"inLanguage":"es-CO","potentialAction":[{"@type":"ReadAction","target":["https:\/\/fai.org.co\/serintegral\/blog\/"]}]},{"@type":"BreadcrumbList","@id":"https:\/\/fai.org.co\/serintegral\/blog\/#breadcrumb","itemListElement":[{"@type":"ListItem","position":1,"name":"Inicio","item":"https:\/\/fai.org.co\/serintegral\/"},{"@type":"ListItem","position":2,"name":"Blog"}]}]}},"_links":{"self":[{"href":"https:\/\/fai.org.co\/serintegral\/wp-json\/wp\/v2\/pages\/102","targetHints":{"allow":["GET"]}}],"collection":[{"href":"https:\/\/fai.org.co\/serintegral\/wp-json\/wp\/v2\/pages"}],"about":[{"href":"https:\/\/fai.org.co\/serintegral\/wp-json\/wp\/v2\/types\/page"}],"author":[{"embeddable":true,"href":"https:\/\/fai.org.co\/serintegral\/wp-json\/wp\/v2\/users\/1"}],"replies":[{"embeddable":true,"href":"https:\/\/fai.org.co\/serintegral\/wp-json\/wp\/v2\/comments?post=102"}],"version-history":[{"count":31,"href":"https:\/\/fai.org.co\/serintegral\/wp-json\/wp\/v2\/pages\/102\/revisions"}],"predecessor-version":[{"id":2349,"href":"https:\/\/fai.org.co\/serintegral\/wp-json\/wp\/v2\/pages\/102\/revisions\/2349"}],"wp:attachment":[{"href":"https:\/\/fai.org.co\/serintegral\/wp-json\/wp\/v2\/media?parent=102"}],"curies":[{"name":"wp","href":"https:\/\/api.w.org\/{rel}","templated":true}]}}