{"id":104,"date":"2021-07-07T22:15:18","date_gmt":"2021-07-08T03:15:18","guid":{"rendered":"https:\/\/fai.org.co\/serintegral\/?page_id=104"},"modified":"2021-10-26T22:42:53","modified_gmt":"2021-10-27T03:42:53","slug":"videos","status":"publish","type":"page","link":"https:\/\/fai.org.co\/serintegral\/videos\/","title":{"rendered":"Videos"},"content":{"rendered":"\t\t<div data-elementor-type=\"wp-page\" data-elementor-id=\"104\" class=\"elementor elementor-104\" data-elementor-settings=\"[]\">\n\t\t\t\t\t\t<div class=\"elementor-inner\">\n\t\t\t\t\t\t\t<div class=\"elementor-section-wrap\">\n\t\t\t\t\t\t\t<section class=\"elementor-section elementor-top-section elementor-element elementor-element-142aafc elementor-section-height-min-height elementor-section-boxed elementor-section-height-default elementor-section-items-middle\" data-id=\"142aafc\" data-element_type=\"section\" data-settings=\"{&quot;background_background&quot;:&quot;classic&quot;}\">\n\t\t\t\t\t\t\t<div class=\"elementor-background-overlay\"><\/div>\n\t\t\t\t\t\t\t<div class=\"elementor-container elementor-column-gap-default\">\n\t\t\t\t\t\t\t<div class=\"elementor-row\">\n\t\t\t\t\t<div class=\"elementor-column elementor-col-100 elementor-top-column elementor-element elementor-element-099f16a\" data-id=\"099f16a\" data-element_type=\"column\">\n\t\t\t<div class=\"elementor-column-wrap elementor-element-populated\">\n\t\t\t\t\t\t\t<div class=\"elementor-widget-wrap\">\n\t\t\t\t\t\t<div class=\"elementor-element elementor-element-2dab166 elementor-widget elementor-widget-heading\" data-id=\"2dab166\" data-element_type=\"widget\" data-widget_type=\"heading.default\">\n\t\t\t\t<div class=\"elementor-widget-container\">\n\t\t\t<h1 class=\"elementor-heading-title elementor-size-default\">Videos<\/h1>\t\t<\/div>\n\t\t\t\t<\/div>\n\t\t\t\t\t\t<\/div>\n\t\t\t\t\t<\/div>\n\t\t<\/div>\n\t\t\t\t\t\t\t\t<\/div>\n\t\t\t\t\t<\/div>\n\t\t<\/section>\n\t\t\t\t<section class=\"elementor-section elementor-top-section elementor-element elementor-element-4e793f1 elementor-section-boxed elementor-section-height-default elementor-section-height-default\" data-id=\"4e793f1\" data-element_type=\"section\">\n\t\t\t\t\t\t<div class=\"elementor-container elementor-column-gap-default\">\n\t\t\t\t\t\t\t<div class=\"elementor-row\">\n\t\t\t\t\t<div class=\"elementor-column elementor-col-100 elementor-top-column elementor-element elementor-element-8070828\" data-id=\"8070828\" data-element_type=\"column\">\n\t\t\t<div class=\"elementor-column-wrap elementor-element-populated\">\n\t\t\t\t\t\t\t<div class=\"elementor-widget-wrap\">\n\t\t\t\t\t\t<div class=\"elementor-element elementor-element-f2f0387 premium-blog-align-left elementor-widget elementor-widget-premium-addon-blog\" data-id=\"f2f0387\" data-element_type=\"widget\" data-settings=\"{&quot;premium_blog_columns_number&quot;:&quot;33.33%&quot;,&quot;premium_blog_grid&quot;:&quot;yes&quot;,&quot;premium_blog_layout&quot;:&quot;even&quot;,&quot;premium_blog_columns_number_tablet&quot;:&quot;50%&quot;,&quot;premium_blog_columns_number_mobile&quot;:&quot;100%&quot;,&quot;scroll_to_offset&quot;:&quot;yes&quot;}\" data-widget_type=\"premium-addon-blog.default\">\n\t\t\t\t<div class=\"elementor-widget-container\">\n\t\t\t\t<div class=\"premium-blog\">\r\n\t\t\t\t\t\t\t<div class=\"premium-blog-filter\">\r\n\t\t\t<ul class=\"premium-blog-filters-container\">\r\n\t\t\t\t\t\t\t\t\t<li>\r\n\t\t\t\t\t\t<a href=\"javascript:;\" class=\"category active\" data-filter=\"*\">\r\n\t\t\t\t\t\t\t<span>All<\/span>\r\n\t\t\t\t\t\t<\/a>\r\n\t\t\t\t\t<\/li>\r\n\t\t\t\t\t\t\t\t\t\t\t\t\t\t<li>\r\n\t\t\t\t\t\t\t<a href=\"javascript:;\" class=\"category\" data-filter=\"covid-19-videos\">\r\n\t\t\t\t\t\t\t\t<span>Covid-19<\/span>\r\n\t\t\t\t\t\t\t<\/a>\r\n\t\t\t\t\t\t<\/li>\r\n\t\t\t\t\t\t\t\t\t\t<li>\r\n\t\t\t\t\t\t\t<a href=\"javascript:;\" class=\"category\" data-filter=\"hepatitis-c-videos\">\r\n\t\t\t\t\t\t\t\t<span>Hepatitis C<\/span>\r\n\t\t\t\t\t\t\t<\/a>\r\n\t\t\t\t\t\t<\/li>\r\n\t\t\t\t\t\t\t\t\t\t<li>\r\n\t\t\t\t\t\t\t<a href=\"javascript:;\" class=\"category\" data-filter=\"influenza-videos\">\r\n\t\t\t\t\t\t\t\t<span>Influenza<\/span>\r\n\t\t\t\t\t\t\t<\/a>\r\n\t\t\t\t\t\t<\/li>\r\n\t\t\t\t\t\t\t\t\t\t<li>\r\n\t\t\t\t\t\t\t<a href=\"javascript:;\" class=\"category\" data-filter=\"meningitis-videos\">\r\n\t\t\t\t\t\t\t\t<span>Meningitis<\/span>\r\n\t\t\t\t\t\t\t<\/a>\r\n\t\t\t\t\t\t<\/li>\r\n\t\t\t\t\t\t\t\t\t\t<li>\r\n\t\t\t\t\t\t\t<a href=\"javascript:;\" class=\"category\" data-filter=\"neumonia-videos\">\r\n\t\t\t\t\t\t\t\t<span>Neumon\u00eda<\/span>\r\n\t\t\t\t\t\t\t<\/a>\r\n\t\t\t\t\t\t<\/li>\r\n\t\t\t\t\t\t\t\t\t\t<li>\r\n\t\t\t\t\t\t\t<a href=\"javascript:;\" class=\"category\" data-filter=\"vih-sida-videos\">\r\n\t\t\t\t\t\t\t\t<span>VIH-SIDA<\/span>\r\n\t\t\t\t\t\t\t<\/a>\r\n\t\t\t\t\t\t<\/li>\r\n\t\t\t\t\t\t\t<\/ul>\r\n\t\t<\/div>\r\n\t\t\t\t\t\t<div class=\"premium-blog-wrap  premium-blog-even\" data-page=\"104\" data-pagination=\"true\">\r\n\t\t\t\t\t<div class=\"premium-blog-post-outer-container videos vih-sida vih-sida-videos\" data-total=\"4\">\r\n\t\t\t<div class=\"premium-blog-post-container premium-blog-skin-cards\">\r\n\t\t\t\t\t\t\t\t\t<div class=\"premium-blog-thumb-effect-wrapper\">\r\n\t\t\t\t\t\t<div class=\"premium-blog-thumbnail-container premium-blog-zoomin-effect\">\r\n\t\t\t\t\t\t\t\t\t\t<a href=\"https:\/\/fai.org.co\/serintegral\/videos\/4to-encuentro-regional-de-estudiantes-de-medicina-segundo-encuentro\/\" target=\"_self\">\r\n\t\t\t<img loading=\"lazy\" decoding=\"async\" width=\"1920\" height=\"1080\" src=\"https:\/\/fai.org.co\/serintegral\/wp-content\/uploads\/2022\/12\/VIDEO-2-FAI-frame-at-0m7s.jpg\" class=\"attachment-full size-full\" alt=\"\" \/>\t\t\t<\/a>\r\n\t\t\t\t\t\t\t\t\t<\/div>\r\n\t\t\t\t\t\t\t\t\t\t\t\t\t<div class=\"premium-blog-effect-container premium-blog-framed-effect\">\r\n\t\t\t\t\t\t\t\t<a class=\"premium-blog-post-link\" href=\"https:\/\/fai.org.co\/serintegral\/videos\/4to-encuentro-regional-de-estudiantes-de-medicina-segundo-encuentro\/\" target=\"_self\"><\/a>\r\n\t\t\t\t\t\t\t\t\t\t\t\t\t\t\t<\/div>\r\n\t\t\t\t\t\t\t\t\t\t\t<\/div>\r\n\t\t\t\t\t\t\t\t\t\t\t\t\t\t\t\t\t\t\t\t\t<div class=\"premium-blog-content-wrapper \">\r\n\t\t\t\t\t<div class=\"premium-blog-content-wrapper-inner\">\r\n\t\t\t\t\t\t<div class=\"premium-blog-inner-container\">\r\n\t\t\t\t\t\t\t<div class=\"premium-blog-entry-container\">\r\n\t\t\t\t\t\t\t\t\t\t\t\t\t\t\t\t\t\t<h3 class=\"premium-blog-entry-title\">\r\n\t\t\t<a href=\"https:\/\/fai.org.co\/serintegral\/videos\/4to-encuentro-regional-de-estudiantes-de-medicina-segundo-encuentro\/\" target=\"_self\">\r\n\t\t\t\t4to encuentro regional de estudiantes de medicina, segundo encuentro\t\t\t<\/a>\r\n\t\t<\/h3>\r\n\t\t\r\n\t\t\t\t\t\t\t<\/div>\r\n\t\t\t\t\t\t<\/div>\r\n\r\n\t\t\t\t\t\t<p class=\"premium-blog-post-content\">Hoy continuamos con nuestros v\u00eddeos del 4to encuentro regional. 4to encuentro regional de estudiantes de medicina Conscientes de la importancia de la \u2026<\/p>\t\t<div class=\"premium-blog-entry-meta\">\r\n\t\t\t\r\n\t\t\t\r\n\t\t\t\r\n\t\t\t\t\t<\/div>\r\n\t\t\t\t\t\t\t\t\t\t\t\t\t<\/div>\r\n\t\t\t\t<\/div>\r\n\t\t\t<\/div>\r\n\t\t<\/div>\r\n\r\n\t\t\t\t<div class=\"premium-blog-post-outer-container videos vih-sida vih-sida-videos\" data-total=\"4\">\r\n\t\t\t<div class=\"premium-blog-post-container premium-blog-skin-cards\">\r\n\t\t\t\t\t\t\t\t\t<div class=\"premium-blog-thumb-effect-wrapper\">\r\n\t\t\t\t\t\t<div class=\"premium-blog-thumbnail-container premium-blog-zoomin-effect\">\r\n\t\t\t\t\t\t\t\t\t\t<a href=\"https:\/\/fai.org.co\/serintegral\/videos\/4to-encuentro-regional-de-estudiantes-de-medicina\/\" target=\"_self\">\r\n\t\t\t<img loading=\"lazy\" decoding=\"async\" width=\"1920\" height=\"1080\" src=\"https:\/\/fai.org.co\/serintegral\/wp-content\/uploads\/2022\/12\/VIDEO-1-4-ENCUENTRO-frame-at-0m6s.jpg\" class=\"attachment-full size-full\" alt=\"\" \/>\t\t\t<\/a>\r\n\t\t\t\t\t\t\t\t\t<\/div>\r\n\t\t\t\t\t\t\t\t\t\t\t\t\t<div class=\"premium-blog-effect-container premium-blog-framed-effect\">\r\n\t\t\t\t\t\t\t\t<a class=\"premium-blog-post-link\" href=\"https:\/\/fai.org.co\/serintegral\/videos\/4to-encuentro-regional-de-estudiantes-de-medicina\/\" target=\"_self\"><\/a>\r\n\t\t\t\t\t\t\t\t\t\t\t\t\t\t\t<\/div>\r\n\t\t\t\t\t\t\t\t\t\t\t<\/div>\r\n\t\t\t\t\t\t\t\t\t\t\t\t\t\t\t\t\t\t\t\t\t<div class=\"premium-blog-content-wrapper \">\r\n\t\t\t\t\t<div class=\"premium-blog-content-wrapper-inner\">\r\n\t\t\t\t\t\t<div class=\"premium-blog-inner-container\">\r\n\t\t\t\t\t\t\t<div class=\"premium-blog-entry-container\">\r\n\t\t\t\t\t\t\t\t\t\t\t\t\t\t\t\t\t\t<h3 class=\"premium-blog-entry-title premium-blog-entry-title\">\r\n\t\t\t<a href=\"https:\/\/fai.org.co\/serintegral\/videos\/4to-encuentro-regional-de-estudiantes-de-medicina\/\" target=\"_self\">\r\n\t\t\t\t4to encuentro regional de estudiantes de medicina.\t\t\t<\/a>\r\n\t\t<\/h3>\r\n\t\t\r\n\t\t\t\t\t\t\t<\/div>\r\n\t\t\t\t\t\t<\/div>\r\n\r\n\t\t\t\t\t\t<p class=\"premium-blog-post-content\">Hoy continuamos con nuestros v\u00eddeos del 4to encuentro regional. 4to encuentro regional de estudiantes de medicina Conscientes de la importancia de la \u2026<\/p>\t\t<div class=\"premium-blog-entry-meta\">\r\n\t\t\t\r\n\t\t\t\r\n\t\t\t\r\n\t\t\t\t\t<\/div>\r\n\t\t\t\t\t\t\t\t\t\t\t\t\t<\/div>\r\n\t\t\t\t<\/div>\r\n\t\t\t<\/div>\r\n\t\t<\/div>\r\n\r\n\t\t\t\t<div class=\"premium-blog-post-outer-container videos vih-sida-videos vih-sida\" data-total=\"4\">\r\n\t\t\t<div class=\"premium-blog-post-container premium-blog-skin-cards\">\r\n\t\t\t\t\t\t\t\t\t<div class=\"premium-blog-thumb-effect-wrapper\">\r\n\t\t\t\t\t\t<div class=\"premium-blog-thumbnail-container premium-blog-zoomin-effect\">\r\n\t\t\t\t\t\t\t\t\t\t<a href=\"https:\/\/fai.org.co\/serintegral\/videos\/4to-encuentro-reional-de-estudiantes-de-medicina\/\" target=\"_self\">\r\n\t\t\t<img loading=\"lazy\" decoding=\"async\" width=\"1920\" height=\"1080\" src=\"https:\/\/fai.org.co\/serintegral\/wp-content\/uploads\/2022\/12\/SOFIA-TOBON-2-frame-at-0m6s.jpg\" class=\"attachment-full size-full\" alt=\"4to encuentro regional de estudiantes de medicina\" \/>\t\t\t<\/a>\r\n\t\t\t\t\t\t\t\t\t<\/div>\r\n\t\t\t\t\t\t\t\t\t\t\t\t\t<div class=\"premium-blog-effect-container premium-blog-framed-effect\">\r\n\t\t\t\t\t\t\t\t<a class=\"premium-blog-post-link\" href=\"https:\/\/fai.org.co\/serintegral\/videos\/4to-encuentro-reional-de-estudiantes-de-medicina\/\" target=\"_self\"><\/a>\r\n\t\t\t\t\t\t\t\t\t\t\t\t\t\t\t<\/div>\r\n\t\t\t\t\t\t\t\t\t\t\t<\/div>\r\n\t\t\t\t\t\t\t\t\t\t\t\t\t\t\t\t\t\t\t\t\t<div class=\"premium-blog-content-wrapper \">\r\n\t\t\t\t\t<div class=\"premium-blog-content-wrapper-inner\">\r\n\t\t\t\t\t\t<div class=\"premium-blog-inner-container\">\r\n\t\t\t\t\t\t\t<div class=\"premium-blog-entry-container\">\r\n\t\t\t\t\t\t\t\t\t\t\t\t\t\t\t\t\t\t<h3 class=\"premium-blog-entry-title premium-blog-entry-title premium-blog-entry-title\">\r\n\t\t\t<a href=\"https:\/\/fai.org.co\/serintegral\/videos\/4to-encuentro-reional-de-estudiantes-de-medicina\/\" target=\"_self\">\r\n\t\t\t\tParticipantes del 4to encuentro regional de estudiantes de medicina\t\t\t<\/a>\r\n\t\t<\/h3>\r\n\t\t\r\n\t\t\t\t\t\t\t<\/div>\r\n\t\t\t\t\t\t<\/div>\r\n\r\n\t\t\t\t\t\t<p class=\"premium-blog-post-content\">4to encuentro regional de estudiantes de medicina 4to encuentro regional. Conscientes de la importancia de la capacitaci\u00f3n en temas de ITS (#VIH\/Sida) \u2026<\/p>\t\t<div class=\"premium-blog-entry-meta\">\r\n\t\t\t\r\n\t\t\t\r\n\t\t\t\r\n\t\t\t\t\t<\/div>\r\n\t\t\t\t\t\t\t\t\t\t\t\t\t<\/div>\r\n\t\t\t\t<\/div>\r\n\t\t\t<\/div>\r\n\t\t<\/div>\r\n\r\n\t\t\t\t<div class=\"premium-blog-post-outer-container covid-19 covid-19-videos hepatitis-c-videos hepatitis-c influenza-videos influenza meningitis-videos meningitis neumonia neumonia-videos videos vih-sida-videos vih-sida\" data-total=\"4\">\r\n\t\t\t<div class=\"premium-blog-post-container premium-blog-skin-cards\">\r\n\t\t\t\t\t\t\t\t\t<div class=\"premium-blog-thumb-effect-wrapper\">\r\n\t\t\t\t\t\t<div class=\"premium-blog-thumbnail-container premium-blog-zoomin-effect\">\r\n\t\t\t\t\t\t\t\t\t\t<a href=\"https:\/\/fai.org.co\/serintegral\/videos\/5-tips-en-antibioticoterapia-doctor-gustavo-roncancio\/\" target=\"_self\">\r\n\t\t\t<img loading=\"lazy\" decoding=\"async\" width=\"1920\" height=\"1080\" src=\"https:\/\/fai.org.co\/serintegral\/wp-content\/uploads\/2022\/11\/DOCTOR-GUSTAVO-RONCANCIO-.jpg\" class=\"attachment-full size-full\" alt=\"\" \/>\t\t\t<\/a>\r\n\t\t\t\t\t\t\t\t\t<\/div>\r\n\t\t\t\t\t\t\t\t\t\t\t\t\t<div class=\"premium-blog-effect-container premium-blog-framed-effect\">\r\n\t\t\t\t\t\t\t\t<a class=\"premium-blog-post-link\" href=\"https:\/\/fai.org.co\/serintegral\/videos\/5-tips-en-antibioticoterapia-doctor-gustavo-roncancio\/\" target=\"_self\"><\/a>\r\n\t\t\t\t\t\t\t\t\t\t\t\t\t\t\t<\/div>\r\n\t\t\t\t\t\t\t\t\t\t\t<\/div>\r\n\t\t\t\t\t\t\t\t\t\t\t\t\t\t\t\t\t\t\t\t\t<div class=\"premium-blog-content-wrapper \">\r\n\t\t\t\t\t<div class=\"premium-blog-content-wrapper-inner\">\r\n\t\t\t\t\t\t<div class=\"premium-blog-inner-container\">\r\n\t\t\t\t\t\t\t<div class=\"premium-blog-entry-container\">\r\n\t\t\t\t\t\t\t\t\t\t\t\t\t\t\t\t\t\t<h3 class=\"premium-blog-entry-title premium-blog-entry-title premium-blog-entry-title premium-blog-entry-title\">\r\n\t\t\t<a href=\"https:\/\/fai.org.co\/serintegral\/videos\/5-tips-en-antibioticoterapia-doctor-gustavo-roncancio\/\" target=\"_self\">\r\n\t\t\t\t5 tips en Antibioticoterapia &#8211; Doctor Gustavo Roncancio.\t\t\t<\/a>\r\n\t\t<\/h3>\r\n\t\t\r\n\t\t\t\t\t\t\t<\/div>\r\n\t\t\t\t\t\t<\/div>\r\n\r\n\t\t\t\t\t\t<p class=\"premium-blog-post-content\">5 tips en Antibioticoterapia &#8211; Doctor Gustavo Roncancio. Hoy en nuestra c\u00e1psula informativa, hablaremos sobre los 5 tips en antibioticoterapia &nbsp; 5 \u2026<\/p>\t\t<div class=\"premium-blog-entry-meta\">\r\n\t\t\t\r\n\t\t\t\r\n\t\t\t\r\n\t\t\t\t\t<\/div>\r\n\t\t\t\t\t\t\t\t\t\t\t\t\t<\/div>\r\n\t\t\t\t<\/div>\r\n\t\t\t<\/div>\r\n\t\t<\/div>\r\n\r\n\t\t\t\t<div class=\"premium-blog-post-outer-container covid-19 covid-19-videos videos\" data-total=\"4\">\r\n\t\t\t<div class=\"premium-blog-post-container premium-blog-skin-cards\">\r\n\t\t\t\t\t\t\t\t\t<div class=\"premium-blog-thumb-effect-wrapper\">\r\n\t\t\t\t\t\t<div class=\"premium-blog-thumbnail-container premium-blog-zoomin-effect\">\r\n\t\t\t\t\t\t\t\t\t\t<a href=\"https:\/\/fai.org.co\/serintegral\/videos\/sindrome-post-covid-19-doctora-maria-angelica-maya\/\" target=\"_self\">\r\n\t\t\t<img loading=\"lazy\" decoding=\"async\" width=\"1920\" height=\"1080\" src=\"https:\/\/fai.org.co\/serintegral\/wp-content\/uploads\/2022\/11\/MARIA-ANGELICA-MAYA-.jpg\" class=\"attachment-full size-full\" alt=\"\" \/>\t\t\t<\/a>\r\n\t\t\t\t\t\t\t\t\t<\/div>\r\n\t\t\t\t\t\t\t\t\t\t\t\t\t<div class=\"premium-blog-effect-container premium-blog-framed-effect\">\r\n\t\t\t\t\t\t\t\t<a class=\"premium-blog-post-link\" href=\"https:\/\/fai.org.co\/serintegral\/videos\/sindrome-post-covid-19-doctora-maria-angelica-maya\/\" target=\"_self\"><\/a>\r\n\t\t\t\t\t\t\t\t\t\t\t\t\t\t\t<\/div>\r\n\t\t\t\t\t\t\t\t\t\t\t<\/div>\r\n\t\t\t\t\t\t\t\t\t\t\t\t\t\t\t\t\t\t\t\t\t<div class=\"premium-blog-content-wrapper \">\r\n\t\t\t\t\t<div class=\"premium-blog-content-wrapper-inner\">\r\n\t\t\t\t\t\t<div class=\"premium-blog-inner-container\">\r\n\t\t\t\t\t\t\t<div class=\"premium-blog-entry-container\">\r\n\t\t\t\t\t\t\t\t\t\t\t\t\t\t\t\t\t\t<h3 class=\"premium-blog-entry-title premium-blog-entry-title premium-blog-entry-title premium-blog-entry-title premium-blog-entry-title\">\r\n\t\t\t<a href=\"https:\/\/fai.org.co\/serintegral\/videos\/sindrome-post-covid-19-doctora-maria-angelica-maya\/\" target=\"_self\">\r\n\t\t\t\tS\u00edndrome Post Covid 19 &#8211; Doctora Mar\u00eda Ang\u00e9lica Maya\t\t\t<\/a>\r\n\t\t<\/h3>\r\n\t\t\r\n\t\t\t\t\t\t\t<\/div>\r\n\t\t\t\t\t\t<\/div>\r\n\r\n\t\t\t\t\t\t<p class=\"premium-blog-post-content\">\u00bfQu\u00e9 es el s\u00edndrome pos-COVID-19 y qu\u00e9 frecuencia tiene? El s\u00edndrome pos-COVID-19\u00a0implica una variedad de s\u00edntomas nuevos, recurrentes o continuos que las \u2026<\/p>\t\t<div class=\"premium-blog-entry-meta\">\r\n\t\t\t\r\n\t\t\t\r\n\t\t\t\r\n\t\t\t\t\t<\/div>\r\n\t\t\t\t\t\t\t\t\t\t\t\t\t<\/div>\r\n\t\t\t\t<\/div>\r\n\t\t\t<\/div>\r\n\t\t<\/div>\r\n\r\n\t\t\t\t<div class=\"premium-blog-post-outer-container covid-19-videos covid-19 videos\" data-total=\"4\">\r\n\t\t\t<div class=\"premium-blog-post-container premium-blog-skin-cards\">\r\n\t\t\t\t\t\t\t\t\t<div class=\"premium-blog-thumb-effect-wrapper\">\r\n\t\t\t\t\t\t<div class=\"premium-blog-thumbnail-container premium-blog-zoomin-effect\">\r\n\t\t\t\t\t\t\t\t\t\t<a href=\"https:\/\/fai.org.co\/serintegral\/videos\/recomendaciones-finales-en-pacientes-con-covid-19\/\" target=\"_self\">\r\n\t\t\t<img loading=\"lazy\" decoding=\"async\" width=\"1920\" height=\"1080\" src=\"https:\/\/fai.org.co\/serintegral\/wp-content\/uploads\/2022\/10\/video-FAI-catano03.jpg\" class=\"attachment-full size-full\" alt=\"\" \/>\t\t\t<\/a>\r\n\t\t\t\t\t\t\t\t\t<\/div>\r\n\t\t\t\t\t\t\t\t\t\t\t\t\t<div class=\"premium-blog-effect-container premium-blog-framed-effect\">\r\n\t\t\t\t\t\t\t\t<a class=\"premium-blog-post-link\" href=\"https:\/\/fai.org.co\/serintegral\/videos\/recomendaciones-finales-en-pacientes-con-covid-19\/\" target=\"_self\"><\/a>\r\n\t\t\t\t\t\t\t\t\t\t\t\t\t\t\t<\/div>\r\n\t\t\t\t\t\t\t\t\t\t\t<\/div>\r\n\t\t\t\t\t\t\t\t\t\t\t\t\t\t\t\t\t\t\t\t\t<div class=\"premium-blog-content-wrapper \">\r\n\t\t\t\t\t<div class=\"premium-blog-content-wrapper-inner\">\r\n\t\t\t\t\t\t<div class=\"premium-blog-inner-container\">\r\n\t\t\t\t\t\t\t<div class=\"premium-blog-entry-container\">\r\n\t\t\t\t\t\t\t\t\t\t\t\t\t\t\t\t\t\t<h3 class=\"premium-blog-entry-title premium-blog-entry-title premium-blog-entry-title premium-blog-entry-title premium-blog-entry-title premium-blog-entry-title\">\r\n\t\t\t<a href=\"https:\/\/fai.org.co\/serintegral\/videos\/recomendaciones-finales-en-pacientes-con-covid-19\/\" target=\"_self\">\r\n\t\t\t\tRecomendaciones finales en pacientes con Covid 19.\t\t\t<\/a>\r\n\t\t<\/h3>\r\n\t\t\r\n\t\t\t\t\t\t\t<\/div>\r\n\t\t\t\t\t\t<\/div>\r\n\r\n\t\t\t\t\t\t<p class=\"premium-blog-post-content\">C\u00e1psula Informativa con el Doctor Juan Carlos Cata\u00f1o en Ser Integral FAI. Recomendaciones finales en pacientes con Covid 19. Recuerda nunca automedicarte, \u2026<\/p>\t\t<div class=\"premium-blog-entry-meta\">\r\n\t\t\t\r\n\t\t\t\r\n\t\t\t\r\n\t\t\t\t\t<\/div>\r\n\t\t\t\t\t\t\t\t\t\t\t\t\t<\/div>\r\n\t\t\t\t<\/div>\r\n\t\t\t<\/div>\r\n\t\t<\/div>\r\n\r\n\t\t\t\t<div class=\"premium-blog-post-outer-container covid-19-videos covid-19 videos\" data-total=\"4\">\r\n\t\t\t<div class=\"premium-blog-post-container premium-blog-skin-cards\">\r\n\t\t\t\t\t\t\t\t\t<div class=\"premium-blog-thumb-effect-wrapper\">\r\n\t\t\t\t\t\t<div class=\"premium-blog-thumbnail-container premium-blog-zoomin-effect\">\r\n\t\t\t\t\t\t\t\t\t\t<a href=\"https:\/\/fai.org.co\/serintegral\/videos\/signos-de-alerta-en-pacientes-con-covid-19\/\" target=\"_self\">\r\n\t\t\t<img loading=\"lazy\" decoding=\"async\" width=\"1920\" height=\"1080\" src=\"https:\/\/fai.org.co\/serintegral\/wp-content\/uploads\/2022\/10\/video-FAI-catano02.jpg\" class=\"attachment-full size-full\" alt=\"\" \/>\t\t\t<\/a>\r\n\t\t\t\t\t\t\t\t\t<\/div>\r\n\t\t\t\t\t\t\t\t\t\t\t\t\t<div class=\"premium-blog-effect-container premium-blog-framed-effect\">\r\n\t\t\t\t\t\t\t\t<a class=\"premium-blog-post-link\" href=\"https:\/\/fai.org.co\/serintegral\/videos\/signos-de-alerta-en-pacientes-con-covid-19\/\" target=\"_self\"><\/a>\r\n\t\t\t\t\t\t\t\t\t\t\t\t\t\t\t<\/div>\r\n\t\t\t\t\t\t\t\t\t\t\t<\/div>\r\n\t\t\t\t\t\t\t\t\t\t\t\t\t\t\t\t\t\t\t\t\t<div class=\"premium-blog-content-wrapper \">\r\n\t\t\t\t\t<div class=\"premium-blog-content-wrapper-inner\">\r\n\t\t\t\t\t\t<div class=\"premium-blog-inner-container\">\r\n\t\t\t\t\t\t\t<div class=\"premium-blog-entry-container\">\r\n\t\t\t\t\t\t\t\t\t\t\t\t\t\t\t\t\t\t<h3 class=\"premium-blog-entry-title premium-blog-entry-title premium-blog-entry-title premium-blog-entry-title premium-blog-entry-title premium-blog-entry-title premium-blog-entry-title\">\r\n\t\t\t<a href=\"https:\/\/fai.org.co\/serintegral\/videos\/signos-de-alerta-en-pacientes-con-covid-19\/\" target=\"_self\">\r\n\t\t\t\tSignos de alerta en pacientes con Covid 19.\t\t\t<\/a>\r\n\t\t<\/h3>\r\n\t\t\r\n\t\t\t\t\t\t\t<\/div>\r\n\t\t\t\t\t\t<\/div>\r\n\r\n\t\t\t\t\t\t<p class=\"premium-blog-post-content\">C\u00e1psula Informativa con el Doctor Juan Carlos Cata\u00f1o en Ser Integral FAI. Signos de alerta en pacientes con Covid 19. Recuerda nunca \u2026<\/p>\t\t<div class=\"premium-blog-entry-meta\">\r\n\t\t\t\r\n\t\t\t\r\n\t\t\t\r\n\t\t\t\t\t<\/div>\r\n\t\t\t\t\t\t\t\t\t\t\t\t\t<\/div>\r\n\t\t\t\t<\/div>\r\n\t\t\t<\/div>\r\n\t\t<\/div>\r\n\r\n\t\t\t\t<div class=\"premium-blog-post-outer-container covid-19-videos covid-19 videos\" data-total=\"4\">\r\n\t\t\t<div class=\"premium-blog-post-container premium-blog-skin-cards\">\r\n\t\t\t\t\t\t\t\t\t<div class=\"premium-blog-thumb-effect-wrapper\">\r\n\t\t\t\t\t\t<div class=\"premium-blog-thumbnail-container premium-blog-zoomin-effect\">\r\n\t\t\t\t\t\t\t\t\t\t<a href=\"https:\/\/fai.org.co\/serintegral\/videos\/recomendaciones-en-pacientes-con-covid-19\/\" target=\"_self\">\r\n\t\t\t<img loading=\"lazy\" decoding=\"async\" width=\"1920\" height=\"1080\" src=\"https:\/\/fai.org.co\/serintegral\/wp-content\/uploads\/2022\/10\/video-FAI-catano01-1-1.jpg\" class=\"attachment-full size-full\" alt=\"\" \/>\t\t\t<\/a>\r\n\t\t\t\t\t\t\t\t\t<\/div>\r\n\t\t\t\t\t\t\t\t\t\t\t\t\t<div class=\"premium-blog-effect-container premium-blog-framed-effect\">\r\n\t\t\t\t\t\t\t\t<a class=\"premium-blog-post-link\" href=\"https:\/\/fai.org.co\/serintegral\/videos\/recomendaciones-en-pacientes-con-covid-19\/\" target=\"_self\"><\/a>\r\n\t\t\t\t\t\t\t\t\t\t\t\t\t\t\t<\/div>\r\n\t\t\t\t\t\t\t\t\t\t\t<\/div>\r\n\t\t\t\t\t\t\t\t\t\t\t\t\t\t\t\t\t\t\t\t\t<div class=\"premium-blog-content-wrapper \">\r\n\t\t\t\t\t<div class=\"premium-blog-content-wrapper-inner\">\r\n\t\t\t\t\t\t<div class=\"premium-blog-inner-container\">\r\n\t\t\t\t\t\t\t<div class=\"premium-blog-entry-container\">\r\n\t\t\t\t\t\t\t\t\t\t\t\t\t\t\t\t\t\t<h3 class=\"premium-blog-entry-title premium-blog-entry-title premium-blog-entry-title premium-blog-entry-title premium-blog-entry-title premium-blog-entry-title premium-blog-entry-title premium-blog-entry-title\">\r\n\t\t\t<a href=\"https:\/\/fai.org.co\/serintegral\/videos\/recomendaciones-en-pacientes-con-covid-19\/\" target=\"_self\">\r\n\t\t\t\tRecomendaciones en pacientes con Covid 19\t\t\t<\/a>\r\n\t\t<\/h3>\r\n\t\t\r\n\t\t\t\t\t\t\t<\/div>\r\n\t\t\t\t\t\t<\/div>\r\n\r\n\t\t\t\t\t\t<p class=\"premium-blog-post-content\">Recomendaciones en pacientes con Covid 19. C\u00e1psula Informativa con el Doctor Juan Carlos Cata\u00f1o en Ser Integral FAI. Recuerda nunca automedicarte, siempre \u2026<\/p>\t\t<div class=\"premium-blog-entry-meta\">\r\n\t\t\t\r\n\t\t\t\r\n\t\t\t\r\n\t\t\t\t\t<\/div>\r\n\t\t\t\t\t\t\t\t\t\t\t\t\t<\/div>\r\n\t\t\t\t<\/div>\r\n\t\t\t<\/div>\r\n\t\t<\/div>\r\n\r\n\t\t\t\t<div class=\"premium-blog-post-outer-container neumonia-videos neumonia videos\" data-total=\"4\">\r\n\t\t\t<div class=\"premium-blog-post-container premium-blog-skin-cards\">\r\n\t\t\t\t\t\t\t\t\t<div class=\"premium-blog-thumb-effect-wrapper\">\r\n\t\t\t\t\t\t<div class=\"premium-blog-thumbnail-container premium-blog-zoomin-effect\">\r\n\t\t\t\t\t\t\t\t\t\t<a href=\"https:\/\/fai.org.co\/serintegral\/videos\/neumonia-y-sus-causas\/\" target=\"_self\">\r\n\t\t\t<img loading=\"lazy\" decoding=\"async\" width=\"1280\" height=\"712\" src=\"https:\/\/fai.org.co\/serintegral\/wp-content\/uploads\/2022\/10\/Ser-integral-fai.jpg\" class=\"attachment-full size-full\" alt=\"\" \/>\t\t\t<\/a>\r\n\t\t\t\t\t\t\t\t\t<\/div>\r\n\t\t\t\t\t\t\t\t\t\t\t\t\t<div class=\"premium-blog-effect-container premium-blog-framed-effect\">\r\n\t\t\t\t\t\t\t\t<a class=\"premium-blog-post-link\" href=\"https:\/\/fai.org.co\/serintegral\/videos\/neumonia-y-sus-causas\/\" target=\"_self\"><\/a>\r\n\t\t\t\t\t\t\t\t\t\t\t\t\t\t\t<\/div>\r\n\t\t\t\t\t\t\t\t\t\t\t<\/div>\r\n\t\t\t\t\t\t\t\t\t\t\t\t\t\t\t\t\t\t\t\t\t<div class=\"premium-blog-content-wrapper \">\r\n\t\t\t\t\t<div class=\"premium-blog-content-wrapper-inner\">\r\n\t\t\t\t\t\t<div class=\"premium-blog-inner-container\">\r\n\t\t\t\t\t\t\t<div class=\"premium-blog-entry-container\">\r\n\t\t\t\t\t\t\t\t\t\t\t\t\t\t\t\t\t\t<h3 class=\"premium-blog-entry-title premium-blog-entry-title premium-blog-entry-title premium-blog-entry-title premium-blog-entry-title premium-blog-entry-title premium-blog-entry-title premium-blog-entry-title premium-blog-entry-title\">\r\n\t\t\t<a href=\"https:\/\/fai.org.co\/serintegral\/videos\/neumonia-y-sus-causas\/\" target=\"_self\">\r\n\t\t\t\tC\u00e1psula Informativa &#8211; Neumon\u00eda y sus causas.\t\t\t<\/a>\r\n\t\t<\/h3>\r\n\t\t\r\n\t\t\t\t\t\t\t<\/div>\r\n\t\t\t\t\t\t<\/div>\r\n\r\n\t\t\t\t\t\t<p class=\"premium-blog-post-content\">Neumon\u00eda y sus causas. C\u00e1psula Informativa Ser Integral FAI. Recuerda nunca automedicarte, siempre visita al m\u00e9dico de familia No olvides compartir nuestro \u2026<\/p>\t\t<div class=\"premium-blog-entry-meta\">\r\n\t\t\t\r\n\t\t\t\r\n\t\t\t\r\n\t\t\t\t\t<\/div>\r\n\t\t\t\t\t\t\t\t\t\t\t\t\t<\/div>\r\n\t\t\t\t<\/div>\r\n\t\t\t<\/div>\r\n\t\t<\/div>\r\n\r\n\t\t\t\t<div class=\"premium-blog-post-outer-container meningitis meningitis-videos videos\" data-total=\"4\">\r\n\t\t\t<div class=\"premium-blog-post-container premium-blog-skin-cards\">\r\n\t\t\t\t\t\t\t\t\t<div class=\"premium-blog-thumb-effect-wrapper\">\r\n\t\t\t\t\t\t<div class=\"premium-blog-thumbnail-container premium-blog-zoomin-effect\">\r\n\t\t\t\t\t\t\t\t\t\t<a href=\"https:\/\/fai.org.co\/serintegral\/videos\/causas-de-la-meningitis\/\" target=\"_self\">\r\n\t\t\t<img loading=\"lazy\" decoding=\"async\" width=\"1280\" height=\"712\" src=\"https:\/\/fai.org.co\/serintegral\/wp-content\/uploads\/2022\/10\/Ser-integral-fai.jpg\" class=\"attachment-full size-full\" alt=\"\" \/>\t\t\t<\/a>\r\n\t\t\t\t\t\t\t\t\t<\/div>\r\n\t\t\t\t\t\t\t\t\t\t\t\t\t<div class=\"premium-blog-effect-container premium-blog-framed-effect\">\r\n\t\t\t\t\t\t\t\t<a class=\"premium-blog-post-link\" href=\"https:\/\/fai.org.co\/serintegral\/videos\/causas-de-la-meningitis\/\" target=\"_self\"><\/a>\r\n\t\t\t\t\t\t\t\t\t\t\t\t\t\t\t<\/div>\r\n\t\t\t\t\t\t\t\t\t\t\t<\/div>\r\n\t\t\t\t\t\t\t\t\t\t\t\t\t\t\t\t\t\t\t\t\t<div class=\"premium-blog-content-wrapper \">\r\n\t\t\t\t\t<div class=\"premium-blog-content-wrapper-inner\">\r\n\t\t\t\t\t\t<div class=\"premium-blog-inner-container\">\r\n\t\t\t\t\t\t\t<div class=\"premium-blog-entry-container\">\r\n\t\t\t\t\t\t\t\t\t\t\t\t\t\t\t\t\t\t<h3 class=\"premium-blog-entry-title premium-blog-entry-title premium-blog-entry-title premium-blog-entry-title premium-blog-entry-title premium-blog-entry-title premium-blog-entry-title premium-blog-entry-title premium-blog-entry-title premium-blog-entry-title\">\r\n\t\t\t<a href=\"https:\/\/fai.org.co\/serintegral\/videos\/causas-de-la-meningitis\/\" target=\"_self\">\r\n\t\t\t\tC\u00e1psula Informativa &#8211; Causas de la Meningitis\t\t\t<\/a>\r\n\t\t<\/h3>\r\n\t\t\r\n\t\t\t\t\t\t\t<\/div>\r\n\t\t\t\t\t\t<\/div>\r\n\r\n\t\t\t\t\t\t<p class=\"premium-blog-post-content\">Causas de la Meningitis. C\u00e1psula Informativa Ser Integral FAI. Recuerda nunca automedicarte, siempre visita al m\u00e9dico de familia No olvides compartir nuestro \u2026<\/p>\t\t<div class=\"premium-blog-entry-meta\">\r\n\t\t\t\r\n\t\t\t\r\n\t\t\t\r\n\t\t\t\t\t<\/div>\r\n\t\t\t\t\t\t\t\t\t\t\t\t\t<\/div>\r\n\t\t\t\t<\/div>\r\n\t\t\t<\/div>\r\n\t\t<\/div>\r\n\r\n\t\t\t\t<div class=\"premium-blog-post-outer-container influenza-videos influenza videos\" data-total=\"4\">\r\n\t\t\t<div class=\"premium-blog-post-container premium-blog-skin-cards\">\r\n\t\t\t\t\t\t\t\t\t<div class=\"premium-blog-thumb-effect-wrapper\">\r\n\t\t\t\t\t\t<div class=\"premium-blog-thumbnail-container premium-blog-zoomin-effect\">\r\n\t\t\t\t\t\t\t\t\t\t<a href=\"https:\/\/fai.org.co\/serintegral\/videos\/la-vacuna-para-prevenir-la-influenza\/\" target=\"_self\">\r\n\t\t\t<img loading=\"lazy\" decoding=\"async\" width=\"1280\" height=\"712\" src=\"https:\/\/fai.org.co\/serintegral\/wp-content\/uploads\/2022\/10\/Ser-integral-fai.jpg\" class=\"attachment-full size-full\" alt=\"\" \/>\t\t\t<\/a>\r\n\t\t\t\t\t\t\t\t\t<\/div>\r\n\t\t\t\t\t\t\t\t\t\t\t\t\t<div class=\"premium-blog-effect-container premium-blog-framed-effect\">\r\n\t\t\t\t\t\t\t\t<a class=\"premium-blog-post-link\" href=\"https:\/\/fai.org.co\/serintegral\/videos\/la-vacuna-para-prevenir-la-influenza\/\" target=\"_self\"><\/a>\r\n\t\t\t\t\t\t\t\t\t\t\t\t\t\t\t<\/div>\r\n\t\t\t\t\t\t\t\t\t\t\t<\/div>\r\n\t\t\t\t\t\t\t\t\t\t\t\t\t\t\t\t\t\t\t\t\t<div class=\"premium-blog-content-wrapper \">\r\n\t\t\t\t\t<div class=\"premium-blog-content-wrapper-inner\">\r\n\t\t\t\t\t\t<div class=\"premium-blog-inner-container\">\r\n\t\t\t\t\t\t\t<div class=\"premium-blog-entry-container\">\r\n\t\t\t\t\t\t\t\t\t\t\t\t\t\t\t\t\t\t<h3 class=\"premium-blog-entry-title premium-blog-entry-title premium-blog-entry-title premium-blog-entry-title premium-blog-entry-title premium-blog-entry-title premium-blog-entry-title premium-blog-entry-title premium-blog-entry-title premium-blog-entry-title premium-blog-entry-title\">\r\n\t\t\t<a href=\"https:\/\/fai.org.co\/serintegral\/videos\/la-vacuna-para-prevenir-la-influenza\/\" target=\"_self\">\r\n\t\t\t\tC\u00e1psula Informativa &#8211; La vacuna para prevenir la influenza\t\t\t<\/a>\r\n\t\t<\/h3>\r\n\t\t\r\n\t\t\t\t\t\t\t<\/div>\r\n\t\t\t\t\t\t<\/div>\r\n\r\n\t\t\t\t\t\t<p class=\"premium-blog-post-content\">La vacuna para prevenir la influenza. C\u00e1psula Informativa Ser Integral FAI Recuerda nunca automedicarte, siempre visita al m\u00e9dico de familia No olvides \u2026<\/p>\t\t<div class=\"premium-blog-entry-meta\">\r\n\t\t\t\r\n\t\t\t\r\n\t\t\t\r\n\t\t\t\t\t<\/div>\r\n\t\t\t\t\t\t\t\t\t\t\t\t\t<\/div>\r\n\t\t\t\t<\/div>\r\n\t\t\t<\/div>\r\n\t\t<\/div>\r\n\r\n\t\t\t\t<div class=\"premium-blog-post-outer-container neumonia-videos neumonia videos\" data-total=\"4\">\r\n\t\t\t<div class=\"premium-blog-post-container premium-blog-skin-cards\">\r\n\t\t\t\t\t\t\t\t\t<div class=\"premium-blog-thumb-effect-wrapper\">\r\n\t\t\t\t\t\t<div class=\"premium-blog-thumbnail-container premium-blog-zoomin-effect\">\r\n\t\t\t\t\t\t\t\t\t\t<a href=\"https:\/\/fai.org.co\/serintegral\/videos\/neumonia-y-las-personas-mas-propensas\/\" target=\"_self\">\r\n\t\t\t<img loading=\"lazy\" decoding=\"async\" width=\"1280\" height=\"712\" src=\"https:\/\/fai.org.co\/serintegral\/wp-content\/uploads\/2022\/10\/Ser-integral-fai.jpg\" class=\"attachment-full size-full\" alt=\"\" \/>\t\t\t<\/a>\r\n\t\t\t\t\t\t\t\t\t<\/div>\r\n\t\t\t\t\t\t\t\t\t\t\t\t\t<div class=\"premium-blog-effect-container premium-blog-framed-effect\">\r\n\t\t\t\t\t\t\t\t<a class=\"premium-blog-post-link\" href=\"https:\/\/fai.org.co\/serintegral\/videos\/neumonia-y-las-personas-mas-propensas\/\" target=\"_self\"><\/a>\r\n\t\t\t\t\t\t\t\t\t\t\t\t\t\t\t<\/div>\r\n\t\t\t\t\t\t\t\t\t\t\t<\/div>\r\n\t\t\t\t\t\t\t\t\t\t\t\t\t\t\t\t\t\t\t\t\t<div class=\"premium-blog-content-wrapper \">\r\n\t\t\t\t\t<div class=\"premium-blog-content-wrapper-inner\">\r\n\t\t\t\t\t\t<div class=\"premium-blog-inner-container\">\r\n\t\t\t\t\t\t\t<div class=\"premium-blog-entry-container\">\r\n\t\t\t\t\t\t\t\t\t\t\t\t\t\t\t\t\t\t<h3 class=\"premium-blog-entry-title premium-blog-entry-title premium-blog-entry-title premium-blog-entry-title premium-blog-entry-title premium-blog-entry-title premium-blog-entry-title premium-blog-entry-title premium-blog-entry-title premium-blog-entry-title premium-blog-entry-title premium-blog-entry-title\">\r\n\t\t\t<a href=\"https:\/\/fai.org.co\/serintegral\/videos\/neumonia-y-las-personas-mas-propensas\/\" target=\"_self\">\r\n\t\t\t\tC\u00e1psula Informativa &#8211; Neumon\u00eda y las personas m\u00e1s propensas\t\t\t<\/a>\r\n\t\t<\/h3>\r\n\t\t\r\n\t\t\t\t\t\t\t<\/div>\r\n\t\t\t\t\t\t<\/div>\r\n\r\n\t\t\t\t\t\t<p class=\"premium-blog-post-content\">C\u00e1psula Informativa &#8211; Hablaremos de Neumon\u00eda y las personas m\u00e1s propensas. Recuerda nunca automedicarte, siempre visita al m\u00e9dico de familia No olvides \u2026<\/p>\t\t<div class=\"premium-blog-entry-meta\">\r\n\t\t\t\r\n\t\t\t\r\n\t\t\t\r\n\t\t\t\t\t<\/div>\r\n\t\t\t\t\t\t\t\t\t\t\t\t\t<\/div>\r\n\t\t\t\t<\/div>\r\n\t\t\t<\/div>\r\n\t\t<\/div>\r\n\r\n\t\t\t\t<\/div>\r\n\t<\/div>\r\n\t\t\t\t<div class=\"premium-blog-footer\">\r\n\t\t\t\t\t<nav class=\"premium-blog-pagination-container\" role=\"navigation\" aria-label=\"Pagination\">\r\n\t\t\t<span aria-current=\"page\" class=\"page-numbers current\">1<\/span>\n<a class=\"page-numbers\" href=\"https:\/\/fai.org.co\/serintegral\/wp-json\/wp\/v2\/pages\/104\/page\/2\/\">2<\/a>\n<a class=\"page-numbers\" href=\"https:\/\/fai.org.co\/serintegral\/wp-json\/wp\/v2\/pages\/104\/page\/3\/\">3<\/a>\n<a class=\"page-numbers\" href=\"https:\/\/fai.org.co\/serintegral\/wp-json\/wp\/v2\/pages\/104\/page\/4\/\">4<\/a>\n<a class=\"next page-numbers\" href=\"https:\/\/fai.org.co\/serintegral\/wp-json\/wp\/v2\/pages\/104\/page\/2\/\">Anterior \u00bb<\/a>\t\t<\/nav>\r\n\t\t\t\t<\/div>\r\n\t\t\t\t\t<\/div>\n\t\t\t\t<\/div>\n\t\t\t\t\t\t<\/div>\n\t\t\t\t\t<\/div>\n\t\t<\/div>\n\t\t\t\t\t\t\t\t<\/div>\n\t\t\t\t\t<\/div>\n\t\t<\/section>\n\t\t\t\t\t\t<\/div>\n\t\t\t\t\t\t<\/div>\n\t\t\t\t\t<\/div>\n\t\t","protected":false},"excerpt":{"rendered":"<p>Videos All Covid-19 Hepatitis C Influenza Meningitis Neumon\u00eda La neumon\u00eda en cifras #SerIntegral Conoce bien qu\u00e9 es la neumon\u00eda, una enfermedad respiratoria inmunoprevenible que puede llegar incluso a generar la muerte en poblaciones de riesgo, \u2026 \u00bfQu\u00e9 es el covid-19 y c\u00f3mo prevenirlo? #SerIntegral Conversemos sobre covid-19. Una enfermedad que, ahora, puede catalogarse como inmunoprevenible [&hellip;]<\/p>\n","protected":false},"author":1,"featured_media":0,"parent":0,"menu_order":0,"comment_status":"closed","ping_status":"closed","template":"elementor_header_footer","meta":{"_monsterinsights_skip_tracking":false,"_monsterinsights_sitenote_active":false,"_monsterinsights_sitenote_note":"","_monsterinsights_sitenote_category":0,"spay_email":"","footnotes":""},"class_list":["post-104","page","type-page","status-publish","hentry"],"aioseo_notices":[],"yoast_head":"<!-- This site is optimized with the Yoast SEO plugin v17.5 - https:\/\/yoast.com\/wordpress\/plugins\/seo\/ -->\n<title>Videos - Ser integral<\/title>\n<meta name=\"robots\" content=\"index, follow, max-snippet:-1, max-image-preview:large, max-video-preview:-1\" \/>\n<link rel=\"canonical\" href=\"https:\/\/fai.org.co\/serintegral\/videos\/\" \/>\n<meta property=\"og:locale\" content=\"es_ES\" \/>\n<meta property=\"og:type\" content=\"article\" \/>\n<meta property=\"og:title\" content=\"Videos - Ser integral\" \/>\n<meta property=\"og:description\" content=\"Videos All Covid-19 Hepatitis C Influenza Meningitis Neumon\u00eda La neumon\u00eda en cifras #SerIntegral Conoce bien qu\u00e9 es la neumon\u00eda, una enfermedad respiratoria inmunoprevenible que puede llegar incluso a generar la muerte en poblaciones de riesgo, \u2026 \u00bfQu\u00e9 es el covid-19 y c\u00f3mo prevenirlo? #SerIntegral Conversemos sobre covid-19. Una enfermedad que, ahora, puede catalogarse como inmunoprevenible [&hellip;]\" \/>\n<meta property=\"og:url\" content=\"https:\/\/fai.org.co\/serintegral\/videos\/\" \/>\n<meta property=\"og:site_name\" content=\"Ser integral\" \/>\n<meta property=\"article:modified_time\" content=\"2021-10-27T03:42:53+00:00\" \/>\n<meta property=\"og:image\" content=\"https:\/\/fai.org.co\/serintegral\/wp-content\/uploads\/2021\/10\/la-neumonia-en-cifras-serintegral.jpg\" \/>\n<meta name=\"twitter:card\" content=\"summary_large_image\" \/>\n<meta name=\"twitter:label1\" content=\"Tiempo estimado de lectura\" \/>\n\t<meta name=\"twitter:data1\" content=\"4 minutos\" \/>\n<script type=\"application\/ld+json\" class=\"yoast-schema-graph\">{\"@context\":\"https:\/\/schema.org\",\"@graph\":[{\"@type\":\"WebSite\",\"@id\":\"https:\/\/fai.org.co\/serintegral\/#website\",\"url\":\"https:\/\/fai.org.co\/serintegral\/\",\"name\":\"Ser integral\",\"description\":\"\",\"potentialAction\":[{\"@type\":\"SearchAction\",\"target\":{\"@type\":\"EntryPoint\",\"urlTemplate\":\"https:\/\/fai.org.co\/serintegral\/?s={search_term_string}\"},\"query-input\":\"required name=search_term_string\"}],\"inLanguage\":\"es-CO\"},{\"@type\":\"ImageObject\",\"@id\":\"https:\/\/fai.org.co\/serintegral\/videos\/#primaryimage\",\"inLanguage\":\"es-CO\",\"url\":\"https:\/\/fai.org.co\/serintegral\/wp-content\/uploads\/2021\/10\/la-neumonia-en-cifras-serintegral.jpg\",\"contentUrl\":\"https:\/\/fai.org.co\/serintegral\/wp-content\/uploads\/2021\/10\/la-neumonia-en-cifras-serintegral.jpg\",\"width\":1280,\"height\":720,\"caption\":\"neumon\\u00eda\"},{\"@type\":\"WebPage\",\"@id\":\"https:\/\/fai.org.co\/serintegral\/videos\/#webpage\",\"url\":\"https:\/\/fai.org.co\/serintegral\/videos\/\",\"name\":\"Videos - Ser integral\",\"isPartOf\":{\"@id\":\"https:\/\/fai.org.co\/serintegral\/#website\"},\"primaryImageOfPage\":{\"@id\":\"https:\/\/fai.org.co\/serintegral\/videos\/#primaryimage\"},\"datePublished\":\"2021-07-08T03:15:18+00:00\",\"dateModified\":\"2021-10-27T03:42:53+00:00\",\"breadcrumb\":{\"@id\":\"https:\/\/fai.org.co\/serintegral\/videos\/#breadcrumb\"},\"inLanguage\":\"es-CO\",\"potentialAction\":[{\"@type\":\"ReadAction\",\"target\":[\"https:\/\/fai.org.co\/serintegral\/videos\/\"]}]},{\"@type\":\"BreadcrumbList\",\"@id\":\"https:\/\/fai.org.co\/serintegral\/videos\/#breadcrumb\",\"itemListElement\":[{\"@type\":\"ListItem\",\"position\":1,\"name\":\"Inicio\",\"item\":\"https:\/\/fai.org.co\/serintegral\/\"},{\"@type\":\"ListItem\",\"position\":2,\"name\":\"Videos\"}]}]}<\/script>\n<!-- \/ Yoast SEO plugin. -->","yoast_head_json":{"title":"Videos - Ser integral","robots":{"index":"index","follow":"follow","max-snippet":"max-snippet:-1","max-image-preview":"max-image-preview:large","max-video-preview":"max-video-preview:-1"},"canonical":"https:\/\/fai.org.co\/serintegral\/videos\/","og_locale":"es_ES","og_type":"article","og_title":"Videos - Ser integral","og_description":"Videos All Covid-19 Hepatitis C Influenza Meningitis Neumon\u00eda La neumon\u00eda en cifras #SerIntegral Conoce bien qu\u00e9 es la neumon\u00eda, una enfermedad respiratoria inmunoprevenible que puede llegar incluso a generar la muerte en poblaciones de riesgo, \u2026 \u00bfQu\u00e9 es el covid-19 y c\u00f3mo prevenirlo? #SerIntegral Conversemos sobre covid-19. Una enfermedad que, ahora, puede catalogarse como inmunoprevenible [&hellip;]","og_url":"https:\/\/fai.org.co\/serintegral\/videos\/","og_site_name":"Ser integral","article_modified_time":"2021-10-27T03:42:53+00:00","og_image":[{"url":"https:\/\/fai.org.co\/serintegral\/wp-content\/uploads\/2021\/10\/la-neumonia-en-cifras-serintegral.jpg"}],"twitter_card":"summary_large_image","twitter_misc":{"Tiempo estimado de lectura":"4 minutos"},"schema":{"@context":"https:\/\/schema.org","@graph":[{"@type":"WebSite","@id":"https:\/\/fai.org.co\/serintegral\/#website","url":"https:\/\/fai.org.co\/serintegral\/","name":"Ser integral","description":"","potentialAction":[{"@type":"SearchAction","target":{"@type":"EntryPoint","urlTemplate":"https:\/\/fai.org.co\/serintegral\/?s={search_term_string}"},"query-input":"required name=search_term_string"}],"inLanguage":"es-CO"},{"@type":"ImageObject","@id":"https:\/\/fai.org.co\/serintegral\/videos\/#primaryimage","inLanguage":"es-CO","url":"https:\/\/fai.org.co\/serintegral\/wp-content\/uploads\/2021\/10\/la-neumonia-en-cifras-serintegral.jpg","contentUrl":"https:\/\/fai.org.co\/serintegral\/wp-content\/uploads\/2021\/10\/la-neumonia-en-cifras-serintegral.jpg","width":1280,"height":720,"caption":"neumon\u00eda"},{"@type":"WebPage","@id":"https:\/\/fai.org.co\/serintegral\/videos\/#webpage","url":"https:\/\/fai.org.co\/serintegral\/videos\/","name":"Videos - Ser integral","isPartOf":{"@id":"https:\/\/fai.org.co\/serintegral\/#website"},"primaryImageOfPage":{"@id":"https:\/\/fai.org.co\/serintegral\/videos\/#primaryimage"},"datePublished":"2021-07-08T03:15:18+00:00","dateModified":"2021-10-27T03:42:53+00:00","breadcrumb":{"@id":"https:\/\/fai.org.co\/serintegral\/videos\/#breadcrumb"},"inLanguage":"es-CO","potentialAction":[{"@type":"ReadAction","target":["https:\/\/fai.org.co\/serintegral\/videos\/"]}]},{"@type":"BreadcrumbList","@id":"https:\/\/fai.org.co\/serintegral\/videos\/#breadcrumb","itemListElement":[{"@type":"ListItem","position":1,"name":"Inicio","item":"https:\/\/fai.org.co\/serintegral\/"},{"@type":"ListItem","position":2,"name":"Videos"}]}]}},"_links":{"self":[{"href":"https:\/\/fai.org.co\/serintegral\/wp-json\/wp\/v2\/pages\/104","targetHints":{"allow":["GET"]}}],"collection":[{"href":"https:\/\/fai.org.co\/serintegral\/wp-json\/wp\/v2\/pages"}],"about":[{"href":"https:\/\/fai.org.co\/serintegral\/wp-json\/wp\/v2\/types\/page"}],"author":[{"embeddable":true,"href":"https:\/\/fai.org.co\/serintegral\/wp-json\/wp\/v2\/users\/1"}],"replies":[{"embeddable":true,"href":"https:\/\/fai.org.co\/serintegral\/wp-json\/wp\/v2\/comments?post=104"}],"version-history":[{"count":23,"href":"https:\/\/fai.org.co\/serintegral\/wp-json\/wp\/v2\/pages\/104\/revisions"}],"predecessor-version":[{"id":2372,"href":"https:\/\/fai.org.co\/serintegral\/wp-json\/wp\/v2\/pages\/104\/revisions\/2372"}],"wp:attachment":[{"href":"https:\/\/fai.org.co\/serintegral\/wp-json\/wp\/v2\/media?parent=104"}],"curies":[{"name":"wp","href":"https:\/\/api.w.org\/{rel}","templated":true}]}}