{"id":2069,"date":"2021-12-30T19:37:43","date_gmt":"2021-12-31T00:37:43","guid":{"rendered":"https:\/\/fai.org.co\/serintegral\/?page_id=2069"},"modified":"2022-07-30T11:46:27","modified_gmt":"2022-07-30T16:46:27","slug":"covid19","status":"publish","type":"page","link":"https:\/\/fai.org.co\/serintegral\/patologias\/covid19\/","title":{"rendered":"COVID-19"},"content":{"rendered":"\t\t<div data-elementor-type=\"wp-page\" data-elementor-id=\"2069\" class=\"elementor elementor-2069\" data-elementor-settings=\"[]\">\n\t\t\t\t\t\t<div class=\"elementor-inner\">\n\t\t\t\t\t\t\t<div class=\"elementor-section-wrap\">\n\t\t\t\t\t\t\t<section class=\"elementor-section elementor-top-section elementor-element elementor-element-6a22d2a4 elementor-section-height-min-height elementor-section-boxed elementor-section-height-default elementor-section-items-middle\" data-id=\"6a22d2a4\" data-element_type=\"section\" data-settings=\"{&quot;background_background&quot;:&quot;classic&quot;}\">\n\t\t\t\t\t\t\t<div class=\"elementor-background-overlay\"><\/div>\n\t\t\t\t\t\t\t<div class=\"elementor-container elementor-column-gap-default\">\n\t\t\t\t\t\t\t<div class=\"elementor-row\">\n\t\t\t\t\t<div class=\"elementor-column elementor-col-100 elementor-top-column elementor-element elementor-element-30bc2a8d\" data-id=\"30bc2a8d\" data-element_type=\"column\">\n\t\t\t<div class=\"elementor-column-wrap elementor-element-populated\">\n\t\t\t\t\t\t\t<div class=\"elementor-widget-wrap\">\n\t\t\t\t\t\t<div class=\"elementor-element elementor-element-214b867e elementor-widget elementor-widget-heading\" data-id=\"214b867e\" data-element_type=\"widget\" data-widget_type=\"heading.default\">\n\t\t\t\t<div class=\"elementor-widget-container\">\n\t\t\t<h1 class=\"elementor-heading-title elementor-size-default\">COVID-19<\/h1>\t\t<\/div>\n\t\t\t\t<\/div>\n\t\t\t\t\t\t<\/div>\n\t\t\t\t\t<\/div>\n\t\t<\/div>\n\t\t\t\t\t\t\t\t<\/div>\n\t\t\t\t\t<\/div>\n\t\t<\/section>\n\t\t\t\t<section class=\"elementor-section elementor-top-section elementor-element elementor-element-91d7f52 elementor-section-boxed elementor-section-height-default elementor-section-height-default\" data-id=\"91d7f52\" data-element_type=\"section\">\n\t\t\t\t\t\t<div class=\"elementor-container elementor-column-gap-default\">\n\t\t\t\t\t\t\t<div class=\"elementor-row\">\n\t\t\t\t\t<div class=\"elementor-column elementor-col-50 elementor-top-column elementor-element elementor-element-c3c46a3\" data-id=\"c3c46a3\" data-element_type=\"column\">\n\t\t\t<div class=\"elementor-column-wrap elementor-element-populated\">\n\t\t\t\t\t\t\t<div class=\"elementor-widget-wrap\">\n\t\t\t\t\t\t<div class=\"elementor-element elementor-element-40aaadb elementor-widget elementor-widget-image\" data-id=\"40aaadb\" data-element_type=\"widget\" data-widget_type=\"image.default\">\n\t\t\t\t<div class=\"elementor-widget-container\">\n\t\t\t\t\t\t\t\t<div class=\"elementor-image\">\n\t\t\t\t\t\t\t\t\t\t\t\t<img loading=\"lazy\" decoding=\"async\" width=\"800\" height=\"800\" src=\"https:\/\/fai.org.co\/serintegral\/wp-content\/uploads\/2022\/07\/JULIO-7-1-1024x1024.jpg\" class=\"attachment-large size-large\" alt=\"\" srcset=\"https:\/\/fai.org.co\/serintegral\/wp-content\/uploads\/2022\/07\/JULIO-7-1-1024x1024.jpg 1024w, https:\/\/fai.org.co\/serintegral\/wp-content\/uploads\/2022\/07\/JULIO-7-1-300x300.jpg 300w, https:\/\/fai.org.co\/serintegral\/wp-content\/uploads\/2022\/07\/JULIO-7-1-150x150.jpg 150w, https:\/\/fai.org.co\/serintegral\/wp-content\/uploads\/2022\/07\/JULIO-7-1-768x768.jpg 768w, https:\/\/fai.org.co\/serintegral\/wp-content\/uploads\/2022\/07\/JULIO-7-1-1536x1536.jpg 1536w, https:\/\/fai.org.co\/serintegral\/wp-content\/uploads\/2022\/07\/JULIO-7-1-2048x2048.jpg 2048w\" sizes=\"auto, (max-width: 800px) 100vw, 800px\" \/>\t\t\t\t\t\t\t\t\t\t\t\t\t\t<\/div>\n\t\t\t\t\t\t<\/div>\n\t\t\t\t<\/div>\n\t\t\t\t\t\t<\/div>\n\t\t\t\t\t<\/div>\n\t\t<\/div>\n\t\t\t\t<div class=\"elementor-column elementor-col-50 elementor-top-column elementor-element elementor-element-8c5ee7b\" data-id=\"8c5ee7b\" data-element_type=\"column\">\n\t\t\t<div class=\"elementor-column-wrap elementor-element-populated\">\n\t\t\t\t\t\t\t<div class=\"elementor-widget-wrap\">\n\t\t\t\t\t\t<div class=\"elementor-element elementor-element-b93f95a elementor-widget elementor-widget-image\" data-id=\"b93f95a\" data-element_type=\"widget\" data-widget_type=\"image.default\">\n\t\t\t\t<div class=\"elementor-widget-container\">\n\t\t\t\t\t\t\t\t<div class=\"elementor-image\">\n\t\t\t\t\t\t\t\t\t\t\t\t<img loading=\"lazy\" decoding=\"async\" width=\"800\" height=\"800\" src=\"https:\/\/fai.org.co\/serintegral\/wp-content\/uploads\/2022\/07\/JULIO-7-2-1024x1024.jpg\" class=\"attachment-large size-large\" alt=\"\" srcset=\"https:\/\/fai.org.co\/serintegral\/wp-content\/uploads\/2022\/07\/JULIO-7-2-1024x1024.jpg 1024w, https:\/\/fai.org.co\/serintegral\/wp-content\/uploads\/2022\/07\/JULIO-7-2-300x300.jpg 300w, https:\/\/fai.org.co\/serintegral\/wp-content\/uploads\/2022\/07\/JULIO-7-2-150x150.jpg 150w, https:\/\/fai.org.co\/serintegral\/wp-content\/uploads\/2022\/07\/JULIO-7-2-768x768.jpg 768w, https:\/\/fai.org.co\/serintegral\/wp-content\/uploads\/2022\/07\/JULIO-7-2-1536x1536.jpg 1536w, https:\/\/fai.org.co\/serintegral\/wp-content\/uploads\/2022\/07\/JULIO-7-2-2048x2048.jpg 2048w\" sizes=\"auto, (max-width: 800px) 100vw, 800px\" \/>\t\t\t\t\t\t\t\t\t\t\t\t\t\t<\/div>\n\t\t\t\t\t\t<\/div>\n\t\t\t\t<\/div>\n\t\t\t\t\t\t<\/div>\n\t\t\t\t\t<\/div>\n\t\t<\/div>\n\t\t\t\t\t\t\t\t<\/div>\n\t\t\t\t\t<\/div>\n\t\t<\/section>\n\t\t\t\t<section class=\"elementor-section elementor-top-section elementor-element elementor-element-6a852aa elementor-section-boxed elementor-section-height-default elementor-section-height-default\" data-id=\"6a852aa\" data-element_type=\"section\">\n\t\t\t\t\t\t<div class=\"elementor-container elementor-column-gap-default\">\n\t\t\t\t\t\t\t<div class=\"elementor-row\">\n\t\t\t\t\t<div class=\"elementor-column elementor-col-50 elementor-top-column elementor-element elementor-element-213fd74\" data-id=\"213fd74\" data-element_type=\"column\">\n\t\t\t<div class=\"elementor-column-wrap elementor-element-populated\">\n\t\t\t\t\t\t\t<div class=\"elementor-widget-wrap\">\n\t\t\t\t\t\t<div class=\"elementor-element elementor-element-f5694c9 elementor-widget elementor-widget-image\" data-id=\"f5694c9\" data-element_type=\"widget\" data-widget_type=\"image.default\">\n\t\t\t\t<div class=\"elementor-widget-container\">\n\t\t\t\t\t\t\t\t<div class=\"elementor-image\">\n\t\t\t\t\t\t\t\t\t\t\t\t<img loading=\"lazy\" decoding=\"async\" width=\"800\" height=\"800\" src=\"https:\/\/fai.org.co\/serintegral\/wp-content\/uploads\/2022\/07\/JULIO-2-1-1024x1024.jpg\" class=\"attachment-large size-large\" alt=\"\" srcset=\"https:\/\/fai.org.co\/serintegral\/wp-content\/uploads\/2022\/07\/JULIO-2-1-1024x1024.jpg 1024w, https:\/\/fai.org.co\/serintegral\/wp-content\/uploads\/2022\/07\/JULIO-2-1-300x300.jpg 300w, https:\/\/fai.org.co\/serintegral\/wp-content\/uploads\/2022\/07\/JULIO-2-1-150x150.jpg 150w, https:\/\/fai.org.co\/serintegral\/wp-content\/uploads\/2022\/07\/JULIO-2-1-768x768.jpg 768w, https:\/\/fai.org.co\/serintegral\/wp-content\/uploads\/2022\/07\/JULIO-2-1-1536x1536.jpg 1536w, https:\/\/fai.org.co\/serintegral\/wp-content\/uploads\/2022\/07\/JULIO-2-1-2048x2048.jpg 2048w\" sizes=\"auto, (max-width: 800px) 100vw, 800px\" \/>\t\t\t\t\t\t\t\t\t\t\t\t\t\t<\/div>\n\t\t\t\t\t\t<\/div>\n\t\t\t\t<\/div>\n\t\t\t\t\t\t<\/div>\n\t\t\t\t\t<\/div>\n\t\t<\/div>\n\t\t\t\t<div class=\"elementor-column elementor-col-50 elementor-top-column elementor-element elementor-element-9f787ba\" data-id=\"9f787ba\" data-element_type=\"column\">\n\t\t\t<div class=\"elementor-column-wrap elementor-element-populated\">\n\t\t\t\t\t\t\t<div class=\"elementor-widget-wrap\">\n\t\t\t\t\t\t<div class=\"elementor-element elementor-element-b5568c2 elementor-widget elementor-widget-image\" data-id=\"b5568c2\" data-element_type=\"widget\" data-widget_type=\"image.default\">\n\t\t\t\t<div class=\"elementor-widget-container\">\n\t\t\t\t\t\t\t\t<div class=\"elementor-image\">\n\t\t\t\t\t\t\t\t\t\t\t\t<img loading=\"lazy\" decoding=\"async\" width=\"800\" height=\"800\" src=\"https:\/\/fai.org.co\/serintegral\/wp-content\/uploads\/2022\/07\/24-JULIO-1024x1024.jpg\" class=\"attachment-large size-large\" alt=\"\" srcset=\"https:\/\/fai.org.co\/serintegral\/wp-content\/uploads\/2022\/07\/24-JULIO-1024x1024.jpg 1024w, https:\/\/fai.org.co\/serintegral\/wp-content\/uploads\/2022\/07\/24-JULIO-300x300.jpg 300w, https:\/\/fai.org.co\/serintegral\/wp-content\/uploads\/2022\/07\/24-JULIO-150x150.jpg 150w, https:\/\/fai.org.co\/serintegral\/wp-content\/uploads\/2022\/07\/24-JULIO-768x768.jpg 768w, https:\/\/fai.org.co\/serintegral\/wp-content\/uploads\/2022\/07\/24-JULIO.jpg 1080w\" sizes=\"auto, (max-width: 800px) 100vw, 800px\" \/>\t\t\t\t\t\t\t\t\t\t\t\t\t\t<\/div>\n\t\t\t\t\t\t<\/div>\n\t\t\t\t<\/div>\n\t\t\t\t\t\t<\/div>\n\t\t\t\t\t<\/div>\n\t\t<\/div>\n\t\t\t\t\t\t\t\t<\/div>\n\t\t\t\t\t<\/div>\n\t\t<\/section>\n\t\t\t\t<section class=\"elementor-section elementor-top-section elementor-element elementor-element-2dbdc59 elementor-section-boxed elementor-section-height-default elementor-section-height-default\" data-id=\"2dbdc59\" data-element_type=\"section\">\n\t\t\t\t\t\t<div class=\"elementor-container elementor-column-gap-default\">\n\t\t\t\t\t\t\t<div class=\"elementor-row\">\n\t\t\t\t\t<div class=\"elementor-column elementor-col-100 elementor-top-column elementor-element elementor-element-5fa6620\" data-id=\"5fa6620\" data-element_type=\"column\">\n\t\t\t<div class=\"elementor-column-wrap elementor-element-populated\">\n\t\t\t\t\t\t\t<div class=\"elementor-widget-wrap\">\n\t\t\t\t\t\t<div class=\"elementor-element elementor-element-08d7f6f elementor-widget elementor-widget-heading\" data-id=\"08d7f6f\" data-element_type=\"widget\" data-widget_type=\"heading.default\">\n\t\t\t\t<div class=\"elementor-widget-container\">\n\t\t\t<h2 class=\"elementor-heading-title elementor-size-default\">SPC significa S\u00edndrome Post COVID-19, este t\u00e9rmino se define por la permanencia de signos y s\u00edntomas   cl\u00ednicos que surgen durante y despu\u00e9s de padecer COVID-19.<\/h2>\t\t<\/div>\n\t\t\t\t<\/div>\n\t\t\t\t\t\t<\/div>\n\t\t\t\t\t<\/div>\n\t\t<\/div>\n\t\t\t\t\t\t\t\t<\/div>\n\t\t\t\t\t<\/div>\n\t\t<\/section>\n\t\t\t\t<section class=\"elementor-section elementor-top-section elementor-element elementor-element-49696c10 elementor-section-boxed elementor-section-height-default elementor-section-height-default\" data-id=\"49696c10\" data-element_type=\"section\">\n\t\t\t\t\t\t<div class=\"elementor-container elementor-column-gap-default\">\n\t\t\t\t\t\t\t<div class=\"elementor-row\">\n\t\t\t\t\t<div class=\"elementor-column elementor-col-50 elementor-top-column elementor-element elementor-element-63ee750d\" data-id=\"63ee750d\" data-element_type=\"column\">\n\t\t\t<div class=\"elementor-column-wrap elementor-element-populated\">\n\t\t\t\t\t\t\t<div class=\"elementor-widget-wrap\">\n\t\t\t\t\t\t<div class=\"elementor-element elementor-element-cc67918 elementor-widget elementor-widget-image\" data-id=\"cc67918\" data-element_type=\"widget\" data-widget_type=\"image.default\">\n\t\t\t\t<div class=\"elementor-widget-container\">\n\t\t\t\t\t\t\t\t<div class=\"elementor-image\">\n\t\t\t\t\t\t\t\t\t\t\t\t<img loading=\"lazy\" decoding=\"async\" width=\"1200\" height=\"600\" src=\"https:\/\/fai.org.co\/serintegral\/wp-content\/uploads\/2021\/12\/covid19-serintegral-fai.jpg\" class=\"attachment-full size-full\" alt=\"Covid-19 Ser Integral FAI\" srcset=\"https:\/\/fai.org.co\/serintegral\/wp-content\/uploads\/2021\/12\/covid19-serintegral-fai.jpg 1200w, https:\/\/fai.org.co\/serintegral\/wp-content\/uploads\/2021\/12\/covid19-serintegral-fai-300x150.jpg 300w, https:\/\/fai.org.co\/serintegral\/wp-content\/uploads\/2021\/12\/covid19-serintegral-fai-1024x512.jpg 1024w, https:\/\/fai.org.co\/serintegral\/wp-content\/uploads\/2021\/12\/covid19-serintegral-fai-768x384.jpg 768w\" sizes=\"auto, (max-width: 1200px) 100vw, 1200px\" \/>\t\t\t\t\t\t\t\t\t\t\t\t\t\t<\/div>\n\t\t\t\t\t\t<\/div>\n\t\t\t\t<\/div>\n\t\t\t\t<div class=\"elementor-element elementor-element-420242de elementor-widget elementor-widget-heading\" data-id=\"420242de\" data-element_type=\"widget\" data-widget_type=\"heading.default\">\n\t\t\t\t<div class=\"elementor-widget-container\">\n\t\t\t<h2 class=\"elementor-heading-title elementor-size-small\">Lo que debes saber sobre el COVID-19<\/h2>\t\t<\/div>\n\t\t\t\t<\/div>\n\t\t\t\t<div class=\"elementor-element elementor-element-6cc1b3f4 elementor-widget elementor-widget-text-editor\" data-id=\"6cc1b3f4\" data-element_type=\"widget\" data-widget_type=\"text-editor.default\">\n\t\t\t\t<div class=\"elementor-widget-container\">\n\t\t\t\t\t\t\t\t<div class=\"elementor-text-editor elementor-clearfix\">\n\t\t\t\t<p>Hace parte de la familia de los coronavirus (CoV), estos son virus que surgen peri\u00f3dicamente en diferentes \u00e1reas del mundo y que tienen gran capacidad infecciosa causando Infecci\u00f3n Respiratoria Aguda (IRA) de leve a grave, en personas y animales. Los virus se transmiten entre animales y se cree que de all\u00ed podr\u00edan infectar a los humanos. Es por eso que a medida que mejoran las capacidades t\u00e9cnicas para detecci\u00f3n y la vigilancia de los pa\u00edses, es probable que se identifiquen m\u00e1s coronavirus.<\/p><p><a href=\"https:\/\/www.who.int\/es\/health-topics\/coronavirus#tab=tab_1\" target=\"_blank\" rel=\"noopener\">La OMS define al COVID-19<\/a> como la enfermedad causada por el nuevo coronavirus conocido como SARS-CoV-2. Este tipo de coronavirus debido a su expansi\u00f3n y su capacidad infecciosa provoc\u00f3 la pandemia del covid-19.<\/p><p>Se tuvo noticia por primera vez de la existencia de este nuevo virus al ser informada de un grupo de casos de \u00abneumon\u00eda v\u00edrica\u00bb que se hab\u00edan declarado en Wuhan (Rep\u00fablica Popular China).<\/p>\t\t\t\t\t<\/div>\n\t\t\t\t\t\t<\/div>\n\t\t\t\t<\/div>\n\t\t\t\t<div class=\"elementor-element elementor-element-70d0e05 elementor-widget-divider--view-line elementor-widget elementor-widget-divider\" data-id=\"70d0e05\" data-element_type=\"widget\" data-widget_type=\"divider.default\">\n\t\t\t\t<div class=\"elementor-widget-container\">\n\t\t\t\t\t<div class=\"elementor-divider\">\n\t\t\t<span class=\"elementor-divider-separator\">\n\t\t\t\t\t\t<\/span>\n\t\t<\/div>\n\t\t\t\t<\/div>\n\t\t\t\t<\/div>\n\t\t\t\t<div class=\"elementor-element elementor-element-3aa5638e elementor-widget elementor-widget-heading\" data-id=\"3aa5638e\" data-element_type=\"widget\" data-widget_type=\"heading.default\">\n\t\t\t\t<div class=\"elementor-widget-container\">\n\t\t\t<h2 class=\"elementor-heading-title elementor-size-small\">\u00bfC\u00f3mo se transmite?<\/h2>\t\t<\/div>\n\t\t\t\t<\/div>\n\t\t\t\t<div class=\"elementor-element elementor-element-2ec8ffe2 elementor-widget elementor-widget-text-editor\" data-id=\"2ec8ffe2\" data-element_type=\"widget\" data-widget_type=\"text-editor.default\">\n\t\t\t\t<div class=\"elementor-widget-container\">\n\t\t\t\t\t\t\t\t<div class=\"elementor-text-editor elementor-clearfix\">\n\t\t\t\t<p>El mecanismo de transmisi\u00f3n es similar entre todas las Infecciones Respiratorias Agudas (IRA).<\/p><p>La infecci\u00f3n se produce mediante peque\u00f1as gotas que una persona enferma emite al hablar, estornudar, toser o espirar y expulsar part\u00edculas del virus que entran en contacto con las personas con las que se tiene interacci\u00f3n en un entorno estrecho y tiempo prolongado.<\/p>\t\t\t\t\t<\/div>\n\t\t\t\t\t\t<\/div>\n\t\t\t\t<\/div>\n\t\t\t\t<div class=\"elementor-element elementor-element-7ec083cc elementor-widget-divider--view-line elementor-widget elementor-widget-divider\" data-id=\"7ec083cc\" data-element_type=\"widget\" data-widget_type=\"divider.default\">\n\t\t\t\t<div class=\"elementor-widget-container\">\n\t\t\t\t\t<div class=\"elementor-divider\">\n\t\t\t<span class=\"elementor-divider-separator\">\n\t\t\t\t\t\t<\/span>\n\t\t<\/div>\n\t\t\t\t<\/div>\n\t\t\t\t<\/div>\n\t\t\t\t<div class=\"elementor-element elementor-element-7a52d3e7 elementor-widget elementor-widget-heading\" data-id=\"7a52d3e7\" data-element_type=\"widget\" data-widget_type=\"heading.default\">\n\t\t\t\t<div class=\"elementor-widget-container\">\n\t\t\t<h2 class=\"elementor-heading-title elementor-size-small\">\u00bfC\u00f3mo se previene?<\/h2>\t\t<\/div>\n\t\t\t\t<\/div>\n\t\t\t\t<div class=\"elementor-element elementor-element-20bbfbd9 elementor-widget elementor-widget-text-editor\" data-id=\"20bbfbd9\" data-element_type=\"widget\" data-widget_type=\"text-editor.default\">\n\t\t\t\t<div class=\"elementor-widget-container\">\n\t\t\t\t\t\t\t\t<div class=\"elementor-text-editor elementor-clearfix\">\n\t\t\t\t<p>De acuerdo con las indicaciones de la OMS y <a href=\"https:\/\/www.minsalud.gov.co\/sites\/rid\/Lists\/BibliotecaDigital\/RIDE\/VS\/PP\/ET\/abece-coronavirus.pdf\" target=\"_blank\" rel=\"noopener\">el Ministerio de Salud de Colombia<\/a>, para prevenir el COVID-19 se hace necesario adoptar las siguientes medidas:<\/p><ul><li>Evitar el contacto con personas que han sido diagnosticadas con el virus durante el tiempo de contagio.<\/li><li>Mantener el distanciamiento social.<\/li><li>Evitar las aglomeraciones y eventos masivos para que no se presente contacto estrecho con otras personas.<\/li><li>Hacer uso correcto de mascarillas o tapabocas.<\/li><li>Lavado de manos frecuente durante el d\u00eda.<\/li><li>Estornudar en el antebrazo o cubri\u00e9ndose con pa\u00f1uelos desechables, nunca con la mano.<\/li><li>Evite asistir a sitios de alta afluencia de personas si tiene tos, fiebre, secreci\u00f3n nasal y otros s\u00edntomas como dolor de garganta, dolor de cabeza o dolores musculares.<\/li><li>Ventile los espacios de casa y oficina.<\/li><li>Consulte a su m\u00e9dico si presenta alguno de los s\u00edntomas caracter\u00edsticos de la patolog\u00eda.<\/li><\/ul>\t\t\t\t\t<\/div>\n\t\t\t\t\t\t<\/div>\n\t\t\t\t<\/div>\n\t\t\t\t<div class=\"elementor-element elementor-element-2f108f9 elementor-widget-divider--view-line elementor-widget elementor-widget-divider\" data-id=\"2f108f9\" data-element_type=\"widget\" data-widget_type=\"divider.default\">\n\t\t\t\t<div class=\"elementor-widget-container\">\n\t\t\t\t\t<div class=\"elementor-divider\">\n\t\t\t<span class=\"elementor-divider-separator\">\n\t\t\t\t\t\t<\/span>\n\t\t<\/div>\n\t\t\t\t<\/div>\n\t\t\t\t<\/div>\n\t\t\t\t<div class=\"elementor-element elementor-element-91d95ed elementor-widget elementor-widget-heading\" data-id=\"91d95ed\" data-element_type=\"widget\" data-widget_type=\"heading.default\">\n\t\t\t\t<div class=\"elementor-widget-container\">\n\t\t\t<h2 class=\"elementor-heading-title elementor-size-small\">Informaci\u00f3n clave sobre el COVID-19<\/h2>\t\t<\/div>\n\t\t\t\t<\/div>\n\t\t\t\t<div class=\"elementor-element elementor-element-573e2fad borde-inf elementor-widget elementor-widget-accordion\" data-id=\"573e2fad\" data-element_type=\"widget\" data-widget_type=\"accordion.default\">\n\t\t\t\t<div class=\"elementor-widget-container\">\n\t\t\t\t\t<div class=\"elementor-accordion\" role=\"tablist\">\n\t\t\t\t\t\t\t<div class=\"elementor-accordion-item\">\n\t\t\t\t\t<h5 id=\"elementor-tab-title-1461\" class=\"elementor-tab-title\" data-tab=\"1\" role=\"tab\" aria-controls=\"elementor-tab-content-1461\" aria-expanded=\"false\">\n\t\t\t\t\t\t\t\t\t\t\t\t\t<span class=\"elementor-accordion-icon elementor-accordion-icon-left\" aria-hidden=\"true\">\n\t\t\t\t\t\t\t\t\t\t\t\t\t\t\t<span class=\"elementor-accordion-icon-closed\"><i class=\"fas fa-plus\"><\/i><\/span>\n\t\t\t\t\t\t\t\t<span class=\"elementor-accordion-icon-opened\"><i class=\"fas fa-minus\"><\/i><\/span>\n\t\t\t\t\t\t\t\t\t\t\t\t\t\t<\/span>\n\t\t\t\t\t\t\t\t\t\t\t\t<a class=\"elementor-accordion-title\" href=\"\">\u00bfCu\u00e1les son los s\u00edntomas?<\/a>\n\t\t\t\t\t<\/h5>\n\t\t\t\t\t<div id=\"elementor-tab-content-1461\" class=\"elementor-tab-content elementor-clearfix\" data-tab=\"1\" role=\"tabpanel\" aria-labelledby=\"elementor-tab-title-1461\"><p>Es prioritario consultar a su m\u00e9dico y realizarse una prueba, si presenta alguno o varios de los siguientes s\u00edntomas:<\/p><ul><li>Respiraci\u00f3n m\u00e1s r\u00e1pida de lo normal.<\/li><li>Fiebre de dif\u00edcil control por m\u00e1s de dos d\u00edas.<\/li><li>Si el pecho le suena o le duele al respirar.<\/li><li>Somnolencia o dificultad para despertar<\/li><li>Ataques o convulsiones.<\/li><li>Decaimiento o deterioro del estado general en forma r\u00e1pida.<\/li><\/ul><\/div>\n\t\t\t\t<\/div>\n\t\t\t\t\t\t\t<div class=\"elementor-accordion-item\">\n\t\t\t\t\t<h5 id=\"elementor-tab-title-1462\" class=\"elementor-tab-title\" data-tab=\"2\" role=\"tab\" aria-controls=\"elementor-tab-content-1462\" aria-expanded=\"false\">\n\t\t\t\t\t\t\t\t\t\t\t\t\t<span class=\"elementor-accordion-icon elementor-accordion-icon-left\" aria-hidden=\"true\">\n\t\t\t\t\t\t\t\t\t\t\t\t\t\t\t<span class=\"elementor-accordion-icon-closed\"><i class=\"fas fa-plus\"><\/i><\/span>\n\t\t\t\t\t\t\t\t<span class=\"elementor-accordion-icon-opened\"><i class=\"fas fa-minus\"><\/i><\/span>\n\t\t\t\t\t\t\t\t\t\t\t\t\t\t<\/span>\n\t\t\t\t\t\t\t\t\t\t\t\t<a class=\"elementor-accordion-title\" href=\"\">\u00bfPor qu\u00e9 usar mascarilla  y uso correcto?<\/a>\n\t\t\t\t\t<\/h5>\n\t\t\t\t\t<div id=\"elementor-tab-content-1462\" class=\"elementor-tab-content elementor-clearfix\" data-tab=\"2\" role=\"tabpanel\" aria-labelledby=\"elementor-tab-title-1462\"><p>Las mascarillas forman parte de la estrategia integral de medidas sobre la prevenci\u00f3n, por s\u00ed sola la mascarilla no es suficiente para la prevenci\u00f3n ante el virus, pero combinada con las dem\u00e1s medidas proporcionan un adecuado mecanismo de protecci\u00f3n.<\/p><ul><li>Se recomienda un uso que sea parte habitual de la interacci\u00f3n con otras personas.<\/li><li>Para que estas sean eficaces en t\u00e9rminos de protecci\u00f3n es esencial, guardar, limpiar y eliminar las mascarillas correctamente.<\/li><\/ul><p>\u00a0<\/p><p>La OMS recomienda las siguientes indicaciones b\u00e1sicas para ponerse la mascarilla:<\/p><ul><li>Lavarse las manos antes de ponerse la mascarilla, y tambi\u00e9n antes y despu\u00e9s de quit\u00e1rsela, y cada vez que la toque.<\/li><li>Comprobar que esta cubre la nariz, la boca y el ment\u00f3n.<\/li><li>Cuando se quite la mascarilla, gu\u00e1rdela en una bolsa de pl\u00e1stico limpia; si es de tela l\u00e1vela cada d\u00eda y si es una mascarilla m\u00e9dica, t\u00edrela a un cubo de basura.<\/li><li>No se recomienda el uso de mascarillas con v\u00e1lvulas.<\/li><\/ul><\/div>\n\t\t\t\t<\/div>\n\t\t\t\t\t\t\t<div class=\"elementor-accordion-item\">\n\t\t\t\t\t<h5 id=\"elementor-tab-title-1463\" class=\"elementor-tab-title\" data-tab=\"3\" role=\"tab\" aria-controls=\"elementor-tab-content-1463\" aria-expanded=\"false\">\n\t\t\t\t\t\t\t\t\t\t\t\t\t<span class=\"elementor-accordion-icon elementor-accordion-icon-left\" aria-hidden=\"true\">\n\t\t\t\t\t\t\t\t\t\t\t\t\t\t\t<span class=\"elementor-accordion-icon-closed\"><i class=\"fas fa-plus\"><\/i><\/span>\n\t\t\t\t\t\t\t\t<span class=\"elementor-accordion-icon-opened\"><i class=\"fas fa-minus\"><\/i><\/span>\n\t\t\t\t\t\t\t\t\t\t\t\t\t\t<\/span>\n\t\t\t\t\t\t\t\t\t\t\t\t<a class=\"elementor-accordion-title\" href=\"\">\u00bfPeriodo de incubaci\u00f3n del COVID-19?<\/a>\n\t\t\t\t\t<\/h5>\n\t\t\t\t\t<div id=\"elementor-tab-content-1463\" class=\"elementor-tab-content elementor-clearfix\" data-tab=\"3\" role=\"tabpanel\" aria-labelledby=\"elementor-tab-title-1463\"><p>De acuerdo con la OMS el tiempo entre la exposici\u00f3n al COVID-19 y el momento en que comienzan los s\u00edntomas es, de media, de 5 o 6 d\u00edas, sin embargo esto puede variar entre 1 y 14 d\u00edas.<\/p><p>Por esto es importante que las personas que hayan estado expuestas al virus pasen por un proceso de aislamiento, donde se queden en casa y adicionalmente es indispensable que se contacten con su empresa prestadora de salud o las l\u00edneas de asistencia estatales contra el covid-19 para solicitar la realizaci\u00f3n de la prueba y recibir indicaciones sobre las medidas de bioseguridad orientadas por personal de salud.<\/p><p>En este proceso de aislamiento es importante que las personas que estuvieron expuestas se mantengan alejadas de otras personas, durante 14 d\u00edas. <\/p><\/div>\n\t\t\t\t<\/div>\n\t\t\t\t\t\t\t<div class=\"elementor-accordion-item\">\n\t\t\t\t\t<h5 id=\"elementor-tab-title-1464\" class=\"elementor-tab-title\" data-tab=\"4\" role=\"tab\" aria-controls=\"elementor-tab-content-1464\" aria-expanded=\"false\">\n\t\t\t\t\t\t\t\t\t\t\t\t\t<span class=\"elementor-accordion-icon elementor-accordion-icon-left\" aria-hidden=\"true\">\n\t\t\t\t\t\t\t\t\t\t\t\t\t\t\t<span class=\"elementor-accordion-icon-closed\"><i class=\"fas fa-plus\"><\/i><\/span>\n\t\t\t\t\t\t\t\t<span class=\"elementor-accordion-icon-opened\"><i class=\"fas fa-minus\"><\/i><\/span>\n\t\t\t\t\t\t\t\t\t\t\t\t\t\t<\/span>\n\t\t\t\t\t\t\t\t\t\t\t\t<a class=\"elementor-accordion-title\" href=\"\">\u00bfCu\u00e1ndo se recomienda hacerse la prueba del COVID-19?<\/a>\n\t\t\t\t\t<\/h5>\n\t\t\t\t\t<div id=\"elementor-tab-content-1464\" class=\"elementor-tab-content elementor-clearfix\" data-tab=\"4\" role=\"tabpanel\" aria-labelledby=\"elementor-tab-title-1464\"><p>De acuerdo con la OMS, todas las personas que presenten s\u00edntomas deben hacerse la prueba, en la medida de lo posible. Sin embargo, lo m\u00e1s importante es acceder al esquema completo de vacunaci\u00f3n con las dos dosis y posteriormente a los 6 meses de realizado, acceder a las tercera dosis.<\/p><p>Adicionalmente es de suma importancia que las personas que hayan estado en contacto estrecho con alguien positivo para covid-19 tambi\u00e9n se realicen la prueba ya que pueden ser asintom\u00e1ticos y estar propagando el virus sin saberlo.<\/p><\/div>\n\t\t\t\t<\/div>\n\t\t\t\t\t\t\t\t<\/div>\n\t\t\t\t<\/div>\n\t\t\t\t<\/div>\n\t\t\t\t<div class=\"elementor-element elementor-element-c49b89f elementor-widget elementor-widget-template\" data-id=\"c49b89f\" data-element_type=\"widget\" data-widget_type=\"template.default\">\n\t\t\t\t<div class=\"elementor-widget-container\">\n\t\t\t\t\t<div class=\"elementor-template\">\n\t\t\t\t\t<\/div>\n\t\t\t\t<\/div>\n\t\t\t\t<\/div>\n\t\t\t\t\t\t<\/div>\n\t\t\t\t\t<\/div>\n\t\t<\/div>\n\t\t\t\t<div class=\"elementor-column elementor-col-50 elementor-top-column elementor-element elementor-element-26924289\" data-id=\"26924289\" data-element_type=\"column\">\n\t\t\t<div class=\"elementor-column-wrap elementor-element-populated\">\n\t\t\t\t\t\t\t<div class=\"elementor-widget-wrap\">\n\t\t\t\t\t\t<div class=\"elementor-element elementor-element-18be9f0 elementor-widget elementor-widget-heading\" data-id=\"18be9f0\" data-element_type=\"widget\" data-widget_type=\"heading.default\">\n\t\t\t\t<div class=\"elementor-widget-container\">\n\t\t\t<h2 class=\"elementor-heading-title elementor-size-default\">\u00bfBUSCAS AYUDA<br>\nO MAYOR INFORMACI\u00d3N?<\/h2>\t\t<\/div>\n\t\t\t\t<\/div>\n\t\t\t\t<div class=\"elementor-element elementor-element-2c257975 elementor-widget elementor-widget-shortcode\" data-id=\"2c257975\" data-element_type=\"widget\" data-widget_type=\"shortcode.default\">\n\t\t\t\t<div class=\"elementor-widget-container\">\n\t\t\t\t\t<div class=\"elementor-shortcode\"><div role=\"form\" class=\"wpcf7\" id=\"wpcf7-f330-o1\" lang=\"es-CO\" dir=\"ltr\">\n<div class=\"screen-reader-response\"><p role=\"status\" aria-live=\"polite\" aria-atomic=\"true\"><\/p> <ul><\/ul><\/div>\n<form action=\"\/serintegral\/wp-json\/wp\/v2\/pages\/2069#wpcf7-f330-o1\" method=\"post\" class=\"wpcf7-form init\" novalidate=\"novalidate\" data-status=\"init\">\n<div style=\"display: none;\">\n<input type=\"hidden\" name=\"_wpcf7\" value=\"330\" \/>\n<input type=\"hidden\" name=\"_wpcf7_version\" value=\"5.5.2\" \/>\n<input type=\"hidden\" name=\"_wpcf7_locale\" value=\"es_CO\" \/>\n<input type=\"hidden\" name=\"_wpcf7_unit_tag\" value=\"wpcf7-f330-o1\" \/>\n<input type=\"hidden\" name=\"_wpcf7_container_post\" value=\"0\" \/>\n<input type=\"hidden\" name=\"_wpcf7_posted_data_hash\" value=\"\" \/>\n<input type=\"hidden\" name=\"_wpcf7_recaptcha_response\" value=\"\" \/>\n<\/div>\n<p><span class=\"wpcf7-form-control-wrap your-name\"><input type=\"text\" name=\"your-name\" value=\"\" size=\"40\" class=\"wpcf7-form-control wpcf7-text wpcf7-validates-as-required\" aria-required=\"true\" aria-invalid=\"false\" placeholder=\"Nombre\" \/><\/span> <\/p>\n<p>    <span class=\"wpcf7-form-control-wrap your-email\"><input type=\"email\" name=\"your-email\" value=\"\" size=\"40\" class=\"wpcf7-form-control wpcf7-text wpcf7-email wpcf7-validates-as-required wpcf7-validates-as-email\" aria-required=\"true\" aria-invalid=\"false\" placeholder=\"Correo electr\u00f3nico\" \/><\/span> <\/p>\n<p>    <span class=\"wpcf7-form-control-wrap your-message\"><textarea name=\"your-message\" cols=\"40\" rows=\"10\" class=\"wpcf7-form-control wpcf7-textarea\" aria-invalid=\"false\" placeholder=\"Mensaje\"><\/textarea><\/span> <\/p>\n<p>    <label>\n<span class=\"wpcf7-form-control-wrap recaptcha\" data-name=\"recaptcha\"><span data-sitekey=\"6LeDbAkqAAAAAOPcMigVktWY3cF2E1WE5KwlFpSK\" class=\"wpcf7-form-control g-recaptcha wpcf7-recaptcha\"><\/span>\r\n<noscript>\r\n\t<div class=\"grecaptcha-noscript\">\r\n\t\t<iframe loading=\"lazy\" src=\"https:\/\/www.google.com\/recaptcha\/api\/fallback?k=6LeDbAkqAAAAAOPcMigVktWY3cF2E1WE5KwlFpSK\" frameborder=\"0\" scrolling=\"no\" width=\"310\" height=\"430\">\r\n\t\t<\/iframe>\r\n\t\t<textarea name=\"g-recaptcha-response\" rows=\"3\" cols=\"40\" placeholder=\"reCaptcha Response Here\">\r\n\t\t<\/textarea>\r\n\t<\/div>\r\n<\/noscript>\r\n<\/span>\n<p><\/label><\/p>\n<p><input type=\"submit\" value=\"Enviar\" class=\"wpcf7-form-control has-spinner wpcf7-submit\" \/><\/p>\n<div class=\"wpcf7-response-output\" aria-hidden=\"true\"><\/div><\/form><\/div><\/div>\n\t\t\t\t<\/div>\n\t\t\t\t<\/div>\n\t\t\t\t<div class=\"elementor-element elementor-element-d3175 elementor-widget elementor-widget-heading\" data-id=\"d3175\" data-element_type=\"widget\" data-widget_type=\"heading.default\">\n\t\t\t\t<div class=\"elementor-widget-container\">\n\t\t\t<h2 class=\"elementor-heading-title elementor-size-default\">Videos Recientes<\/h2>\t\t<\/div>\n\t\t\t\t<\/div>\n\t\t\t\t<div class=\"elementor-element elementor-element-6cb78a44 elementor-grid-1 elementor-grid-tablet-2 elementor-grid-mobile-1 elementor-posts--thumbnail-top elementor-card-shadow-yes elementor-posts__hover-gradient elementor-widget elementor-widget-posts\" data-id=\"6cb78a44\" data-element_type=\"widget\" data-settings=\"{&quot;cards_columns&quot;:&quot;1&quot;,&quot;cards_columns_tablet&quot;:&quot;2&quot;,&quot;cards_columns_mobile&quot;:&quot;1&quot;,&quot;cards_row_gap&quot;:{&quot;unit&quot;:&quot;px&quot;,&quot;size&quot;:35,&quot;sizes&quot;:[]}}\" data-widget_type=\"posts.cards\">\n\t\t\t\t<div class=\"elementor-widget-container\">\n\t\t\t\t\t<div class=\"elementor-posts-container elementor-posts elementor-posts--skin-cards elementor-grid\">\n\t\t\t\t<article class=\"elementor-post elementor-grid-item post-2515 post type-post status-publish format-standard has-post-thumbnail hentry category-covid-19-videos category-covid-19 category-hepatitis-c category-hepatitis-c-videos category-influenza category-influenza-videos category-meningitis category-meningitis-videos category-neumonia category-neumonia-videos category-videos category-vih-sida-videos category-vih-sida\">\n\t\t\t<div class=\"elementor-post__card\">\n\t\t\t\t<a class=\"elementor-post__thumbnail__link\" href=\"https:\/\/fai.org.co\/serintegral\/videos\/5-tips-en-antibioticoterapia-doctor-gustavo-roncancio\/\" >\n\t\t\t<div class=\"elementor-post__thumbnail\"><img loading=\"lazy\" decoding=\"async\" width=\"768\" height=\"432\" src=\"https:\/\/fai.org.co\/serintegral\/wp-content\/uploads\/2022\/11\/DOCTOR-GUSTAVO-RONCANCIO--768x432.jpg\" class=\"attachment-medium_large size-medium_large\" alt=\"\" srcset=\"https:\/\/fai.org.co\/serintegral\/wp-content\/uploads\/2022\/11\/DOCTOR-GUSTAVO-RONCANCIO--768x432.jpg 768w, https:\/\/fai.org.co\/serintegral\/wp-content\/uploads\/2022\/11\/DOCTOR-GUSTAVO-RONCANCIO--300x169.jpg 300w, https:\/\/fai.org.co\/serintegral\/wp-content\/uploads\/2022\/11\/DOCTOR-GUSTAVO-RONCANCIO--1024x576.jpg 1024w, https:\/\/fai.org.co\/serintegral\/wp-content\/uploads\/2022\/11\/DOCTOR-GUSTAVO-RONCANCIO--1536x864.jpg 1536w, https:\/\/fai.org.co\/serintegral\/wp-content\/uploads\/2022\/11\/DOCTOR-GUSTAVO-RONCANCIO-.jpg 1920w\" sizes=\"auto, (max-width: 768px) 100vw, 768px\" \/><\/div>\n\t\t<\/a>\n\t\t\t\t<div class=\"elementor-post__text\">\n\t\t\t\t<h3 class=\"elementor-post__title\">\n\t\t\t<a href=\"https:\/\/fai.org.co\/serintegral\/videos\/5-tips-en-antibioticoterapia-doctor-gustavo-roncancio\/\" >\n\t\t\t\t5 tips en Antibioticoterapia &#8211; Doctor Gustavo Roncancio.\t\t\t<\/a>\n\t\t<\/h3>\n\t\t\t\t<div class=\"elementor-post__excerpt\">\n\t\t\t<p>5 tips en Antibioticoterapia &#8211; Doctor Gustavo Roncancio. Hoy en nuestra c\u00e1psula informativa, hablaremos sobre los 5 tips en antibioticoterapia &nbsp; 5 tips en Antibioticoterapia<\/p>\n\t\t<\/div>\n\t\t\t\t\t<a class=\"elementor-post__read-more\" href=\"https:\/\/fai.org.co\/serintegral\/videos\/5-tips-en-antibioticoterapia-doctor-gustavo-roncancio\/\" >\n\t\t\t\tVer m\u00e1s \u00bb\t\t\t<\/a>\n\t\t\t\t<\/div>\n\t\t\t\t<div class=\"elementor-post__meta-data\">\n\t\t\t\t\t<span class=\"elementor-post-date\">\n\t\t\t4 noviembre, 2022\t\t<\/span>\n\t\t\t\t<\/div>\n\t\t\t\t\t<\/div>\n\t\t<\/article>\n\t\t\t\t<\/div>\n\n\n\t\t\n\t\t\t\t<\/div>\n\t\t\t\t<\/div>\n\t\t\t\t<div class=\"elementor-element elementor-element-50b809fb elementor-widget elementor-widget-heading\" data-id=\"50b809fb\" data-element_type=\"widget\" data-widget_type=\"heading.default\">\n\t\t\t\t<div class=\"elementor-widget-container\">\n\t\t\t<h2 class=\"elementor-heading-title elementor-size-default\">Art\u00edculos Recientes<\/h2>\t\t<\/div>\n\t\t\t\t<\/div>\n\t\t\t\t<div class=\"elementor-element elementor-element-769a9656 elementor-grid-1 elementor-grid-tablet-2 elementor-grid-mobile-1 elementor-posts--thumbnail-top elementor-card-shadow-yes elementor-posts__hover-gradient elementor-widget elementor-widget-posts\" data-id=\"769a9656\" data-element_type=\"widget\" data-settings=\"{&quot;cards_columns&quot;:&quot;1&quot;,&quot;cards_columns_tablet&quot;:&quot;2&quot;,&quot;cards_columns_mobile&quot;:&quot;1&quot;,&quot;cards_row_gap&quot;:{&quot;unit&quot;:&quot;px&quot;,&quot;size&quot;:35,&quot;sizes&quot;:[]}}\" data-widget_type=\"posts.cards\">\n\t\t\t\t<div class=\"elementor-widget-container\">\n\t\t\t\t\t<div class=\"elementor-posts-container elementor-posts elementor-posts--skin-cards elementor-grid\">\n\t\t\t\t<article class=\"elementor-post elementor-grid-item post-2592 post type-post status-publish format-standard has-post-thumbnail hentry category-covid-19 category-hepatitis-c category-influenza category-meningitis category-neumonia\">\n\t\t\t<div class=\"elementor-post__card\">\n\t\t\t\t<a class=\"elementor-post__thumbnail__link\" href=\"https:\/\/fai.org.co\/serintegral\/covid-19\/aprende-sobre-la-importancia-de-la-vacunacion-en-adultos\/\" >\n\t\t\t<div class=\"elementor-post__thumbnail\"><img loading=\"lazy\" decoding=\"async\" width=\"300\" height=\"198\" src=\"https:\/\/fai.org.co\/serintegral\/wp-content\/uploads\/2023\/06\/Captura-300x198.jpg\" class=\"attachment-medium size-medium\" alt=\"\" srcset=\"https:\/\/fai.org.co\/serintegral\/wp-content\/uploads\/2023\/06\/Captura-300x198.jpg 300w, https:\/\/fai.org.co\/serintegral\/wp-content\/uploads\/2023\/06\/Captura.jpg 706w\" sizes=\"auto, (max-width: 300px) 100vw, 300px\" \/><\/div>\n\t\t<\/a>\n\t\t\t\t<div class=\"elementor-post__text\">\n\t\t\t\t<h3 class=\"elementor-post__title\">\n\t\t\t<a href=\"https:\/\/fai.org.co\/serintegral\/covid-19\/aprende-sobre-la-importancia-de-la-vacunacion-en-adultos\/\" >\n\t\t\t\tAprende sobre la importancia de la vacunaci\u00f3n en adultos\t\t\t<\/a>\n\t\t<\/h3>\n\t\t\t\t<div class=\"elementor-post__excerpt\">\n\t\t\t<p>Como bien sabemos, las vacunas se encargan de generar inmunidad en el organismo frente a ciertas enfermedades. Incentiv\u00e1ndolo para que produzca anticuerpos que luego actuaran<\/p>\n\t\t<\/div>\n\t\t\t\t\t<a class=\"elementor-post__read-more\" href=\"https:\/\/fai.org.co\/serintegral\/covid-19\/aprende-sobre-la-importancia-de-la-vacunacion-en-adultos\/\" >\n\t\t\t\tVer m\u00e1s \u00bb\t\t\t<\/a>\n\t\t\t\t<\/div>\n\t\t\t\t<div class=\"elementor-post__meta-data\">\n\t\t\t\t\t<span class=\"elementor-post-date\">\n\t\t\t1 junio, 2023\t\t<\/span>\n\t\t\t\t<\/div>\n\t\t\t\t\t<\/div>\n\t\t<\/article>\n\t\t\t\t<\/div>\n\n\n\t\t\n\t\t\t\t<\/div>\n\t\t\t\t<\/div>\n\t\t\t\t<div class=\"elementor-element elementor-element-30d44bd3 elementor-widget elementor-widget-heading\" data-id=\"30d44bd3\" data-element_type=\"widget\" data-widget_type=\"heading.default\">\n\t\t\t\t<div class=\"elementor-widget-container\">\n\t\t\t<h2 class=\"elementor-heading-title elementor-size-default\">Descargar Documentos<\/h2>\t\t<\/div>\n\t\t\t\t<\/div>\n\t\t\t\t<div class=\"elementor-element elementor-element-256ba740 elementor-icon-list--layout-traditional elementor-list-item-link-full_width elementor-widget elementor-widget-icon-list\" data-id=\"256ba740\" data-element_type=\"widget\" data-widget_type=\"icon-list.default\">\n\t\t\t\t<div class=\"elementor-widget-container\">\n\t\t\t\t\t<ul class=\"elementor-icon-list-items\">\n\t\t\t\t\t\t\t<li class=\"elementor-icon-list-item\">\n\t\t\t\t\t\t\t\t\t\t<span class=\"elementor-icon-list-text\"><\/span>\n\t\t\t\t\t\t\t\t\t<\/li>\n\t\t\t\t\t\t<\/ul>\n\t\t\t\t<\/div>\n\t\t\t\t<\/div>\n\t\t\t\t<div class=\"elementor-element elementor-element-f43b1a5 elementor-widget elementor-widget-image\" data-id=\"f43b1a5\" data-element_type=\"widget\" data-widget_type=\"image.default\">\n\t\t\t\t<div class=\"elementor-widget-container\">\n\t\t\t\t\t\t\t\t<div class=\"elementor-image\">\n\t\t\t\t\t\t\t\t\t\t\t\t<img loading=\"lazy\" decoding=\"async\" width=\"800\" height=\"450\" src=\"https:\/\/fai.org.co\/serintegral\/wp-content\/uploads\/2021\/10\/Agregar-un-titulo-1024x576.jpg\" class=\"attachment-large size-large\" alt=\"\" srcset=\"https:\/\/fai.org.co\/serintegral\/wp-content\/uploads\/2021\/10\/Agregar-un-titulo-1024x576.jpg 1024w, https:\/\/fai.org.co\/serintegral\/wp-content\/uploads\/2021\/10\/Agregar-un-titulo-300x169.jpg 300w, https:\/\/fai.org.co\/serintegral\/wp-content\/uploads\/2021\/10\/Agregar-un-titulo-768x432.jpg 768w, https:\/\/fai.org.co\/serintegral\/wp-content\/uploads\/2021\/10\/Agregar-un-titulo-1536x864.jpg 1536w, https:\/\/fai.org.co\/serintegral\/wp-content\/uploads\/2021\/10\/Agregar-un-titulo.jpg 1920w\" sizes=\"auto, (max-width: 800px) 100vw, 800px\" \/>\t\t\t\t\t\t\t\t\t\t\t\t\t\t<\/div>\n\t\t\t\t\t\t<\/div>\n\t\t\t\t<\/div>\n\t\t\t\t\t\t<\/div>\n\t\t\t\t\t<\/div>\n\t\t<\/div>\n\t\t\t\t\t\t\t\t<\/div>\n\t\t\t\t\t<\/div>\n\t\t<\/section>\n\t\t\t\t<section class=\"elementor-section elementor-top-section elementor-element elementor-element-7fdea510 elementor-section-height-min-height elementor-section-boxed elementor-section-height-default elementor-section-items-middle\" data-id=\"7fdea510\" data-element_type=\"section\" data-settings=\"{&quot;background_background&quot;:&quot;classic&quot;}\">\n\t\t\t\t\t\t<div class=\"elementor-container elementor-column-gap-no\">\n\t\t\t\t\t\t\t<div class=\"elementor-row\">\n\t\t\t\t\t<div class=\"elementor-column elementor-col-50 elementor-top-column elementor-element elementor-element-37ce14b5\" data-id=\"37ce14b5\" data-element_type=\"column\">\n\t\t\t<div class=\"elementor-column-wrap elementor-element-populated\">\n\t\t\t\t\t\t\t<div class=\"elementor-widget-wrap\">\n\t\t\t\t\t\t<div class=\"elementor-element elementor-element-210cfe35 elementor-widget elementor-widget-heading\" data-id=\"210cfe35\" data-element_type=\"widget\" data-widget_type=\"heading.default\">\n\t\t\t\t<div class=\"elementor-widget-container\">\n\t\t\t<h2 class=\"elementor-heading-title elementor-size-default\"><a href=\"https:\/\/bit.ly\/serintegral-vacuna\" target=\"_blank\">Vac\u00fanate por una salud integral\u200b<\/a><\/h2>\t\t<\/div>\n\t\t\t\t<\/div>\n\t\t\t\t<div class=\"elementor-element elementor-element-10036dbc elementor-widget elementor-widget-heading\" data-id=\"10036dbc\" data-element_type=\"widget\" data-widget_type=\"heading.default\">\n\t\t\t\t<div class=\"elementor-widget-container\">\n\t\t\t<h2 class=\"elementor-heading-title elementor-size-default\"><a href=\"https:\/\/bit.ly\/serintegral-vacuna\" target=\"_blank\">Cont\u00e1ctanos para recibir asesor\u00eda<\/a><\/h2>\t\t<\/div>\n\t\t\t\t<\/div>\n\t\t\t\t\t\t<\/div>\n\t\t\t\t\t<\/div>\n\t\t<\/div>\n\t\t\t\t<div class=\"elementor-column elementor-col-50 elementor-top-column elementor-element elementor-element-3274e622\" data-id=\"3274e622\" data-element_type=\"column\">\n\t\t\t<div class=\"elementor-column-wrap elementor-element-populated\">\n\t\t\t\t\t\t\t<div class=\"elementor-widget-wrap\">\n\t\t\t\t\t\t<div class=\"elementor-element elementor-element-3940fc89 elementor-align-center elementor-widget elementor-widget-button\" data-id=\"3940fc89\" data-element_type=\"widget\" data-widget_type=\"button.default\">\n\t\t\t\t<div class=\"elementor-widget-container\">\n\t\t\t\t\t<div class=\"elementor-button-wrapper\">\n\t\t\t<a href=\"https:\/\/bit.ly\/serintegral-vacuna\" target=\"_blank\" class=\"elementor-button-link elementor-button elementor-size-xl\" role=\"button\">\n\t\t\t\t\t\t<span class=\"elementor-button-content-wrapper\">\n\t\t\t\t\t\t<span class=\"elementor-button-icon elementor-align-icon-left\">\n\t\t\t\t<i aria-hidden=\"true\" class=\"fab fa-whatsapp\"><\/i>\t\t\t<\/span>\n\t\t\t\t\t\t<span class=\"elementor-button-text\">Escr\u00edbenos<\/span>\n\t\t<\/span>\n\t\t\t\t\t<\/a>\n\t\t<\/div>\n\t\t\t\t<\/div>\n\t\t\t\t<\/div>\n\t\t\t\t\t\t<\/div>\n\t\t\t\t\t<\/div>\n\t\t<\/div>\n\t\t\t\t\t\t\t\t<\/div>\n\t\t\t\t\t<\/div>\n\t\t<\/section>\n\t\t\t\t\t\t<\/div>\n\t\t\t\t\t\t<\/div>\n\t\t\t\t\t<\/div>\n\t\t","protected":false},"excerpt":{"rendered":"<p>COVID-19 SPC significa S\u00edndrome Post COVID-19, este t\u00e9rmino se define por la permanencia de signos y s\u00edntomas cl\u00ednicos que surgen durante y despu\u00e9s de padecer COVID-19. Lo que debes saber sobre el COVID-19 Hace parte de la familia de los coronavirus (CoV), estos son virus que surgen peri\u00f3dicamente en diferentes \u00e1reas del mundo y que [&hellip;]<\/p>\n","protected":false},"author":2,"featured_media":0,"parent":94,"menu_order":1,"comment_status":"closed","ping_status":"closed","template":"elementor_header_footer","meta":{"_monsterinsights_skip_tracking":false,"_monsterinsights_sitenote_active":false,"_monsterinsights_sitenote_note":"","_monsterinsights_sitenote_category":0,"spay_email":"","footnotes":""},"class_list":["post-2069","page","type-page","status-publish","hentry"],"aioseo_notices":[],"yoast_head":"<!-- This site is optimized with the Yoast SEO plugin v17.5 - https:\/\/yoast.com\/wordpress\/plugins\/seo\/ -->\n<title>COVID-19 - Ser integral<\/title>\n<meta name=\"robots\" content=\"index, follow, max-snippet:-1, max-image-preview:large, max-video-preview:-1\" \/>\n<link rel=\"canonical\" href=\"https:\/\/fai.org.co\/serintegral\/patologias\/covid19\/\" \/>\n<meta property=\"og:locale\" content=\"es_ES\" \/>\n<meta property=\"og:type\" content=\"article\" \/>\n<meta property=\"og:title\" content=\"COVID-19 - Ser integral\" \/>\n<meta property=\"og:description\" content=\"COVID-19 SPC significa S\u00edndrome Post COVID-19, este t\u00e9rmino se define por la permanencia de signos y s\u00edntomas cl\u00ednicos que surgen durante y despu\u00e9s de padecer COVID-19. Lo que debes saber sobre el COVID-19 Hace parte de la familia de los coronavirus (CoV), estos son virus que surgen peri\u00f3dicamente en diferentes \u00e1reas del mundo y que [&hellip;]\" \/>\n<meta property=\"og:url\" content=\"https:\/\/fai.org.co\/serintegral\/patologias\/covid19\/\" \/>\n<meta property=\"og:site_name\" content=\"Ser integral\" \/>\n<meta property=\"article:modified_time\" content=\"2022-07-30T16:46:27+00:00\" \/>\n<meta property=\"og:image\" content=\"https:\/\/fai.org.co\/serintegral\/wp-content\/uploads\/2022\/07\/JULIO-7-1-1024x1024.jpg\" \/>\n<meta name=\"twitter:card\" content=\"summary_large_image\" \/>\n<meta name=\"twitter:label1\" content=\"Tiempo estimado de lectura\" \/>\n\t<meta name=\"twitter:data1\" content=\"6 minutos\" \/>\n<script type=\"application\/ld+json\" class=\"yoast-schema-graph\">{\"@context\":\"https:\/\/schema.org\",\"@graph\":[{\"@type\":\"WebSite\",\"@id\":\"https:\/\/fai.org.co\/serintegral\/#website\",\"url\":\"https:\/\/fai.org.co\/serintegral\/\",\"name\":\"Ser integral\",\"description\":\"\",\"potentialAction\":[{\"@type\":\"SearchAction\",\"target\":{\"@type\":\"EntryPoint\",\"urlTemplate\":\"https:\/\/fai.org.co\/serintegral\/?s={search_term_string}\"},\"query-input\":\"required name=search_term_string\"}],\"inLanguage\":\"es-CO\"},{\"@type\":\"ImageObject\",\"@id\":\"https:\/\/fai.org.co\/serintegral\/patologias\/covid19\/#primaryimage\",\"inLanguage\":\"es-CO\",\"url\":\"https:\/\/fai.org.co\/serintegral\/wp-content\/uploads\/2022\/07\/JULIO-7-1-scaled.jpg\",\"contentUrl\":\"https:\/\/fai.org.co\/serintegral\/wp-content\/uploads\/2022\/07\/JULIO-7-1-scaled.jpg\",\"width\":2560,\"height\":2560},{\"@type\":\"WebPage\",\"@id\":\"https:\/\/fai.org.co\/serintegral\/patologias\/covid19\/#webpage\",\"url\":\"https:\/\/fai.org.co\/serintegral\/patologias\/covid19\/\",\"name\":\"COVID-19 - Ser integral\",\"isPartOf\":{\"@id\":\"https:\/\/fai.org.co\/serintegral\/#website\"},\"primaryImageOfPage\":{\"@id\":\"https:\/\/fai.org.co\/serintegral\/patologias\/covid19\/#primaryimage\"},\"datePublished\":\"2021-12-31T00:37:43+00:00\",\"dateModified\":\"2022-07-30T16:46:27+00:00\",\"breadcrumb\":{\"@id\":\"https:\/\/fai.org.co\/serintegral\/patologias\/covid19\/#breadcrumb\"},\"inLanguage\":\"es-CO\",\"potentialAction\":[{\"@type\":\"ReadAction\",\"target\":[\"https:\/\/fai.org.co\/serintegral\/patologias\/covid19\/\"]}]},{\"@type\":\"BreadcrumbList\",\"@id\":\"https:\/\/fai.org.co\/serintegral\/patologias\/covid19\/#breadcrumb\",\"itemListElement\":[{\"@type\":\"ListItem\",\"position\":1,\"name\":\"Inicio\",\"item\":\"https:\/\/fai.org.co\/serintegral\/\"},{\"@type\":\"ListItem\",\"position\":2,\"name\":\"Patolog\\u00edas\",\"item\":\"https:\/\/fai.org.co\/serintegral\/patologias\/\"},{\"@type\":\"ListItem\",\"position\":3,\"name\":\"COVID-19\"}]}]}<\/script>\n<!-- \/ Yoast SEO plugin. -->","yoast_head_json":{"title":"COVID-19 - Ser integral","robots":{"index":"index","follow":"follow","max-snippet":"max-snippet:-1","max-image-preview":"max-image-preview:large","max-video-preview":"max-video-preview:-1"},"canonical":"https:\/\/fai.org.co\/serintegral\/patologias\/covid19\/","og_locale":"es_ES","og_type":"article","og_title":"COVID-19 - Ser integral","og_description":"COVID-19 SPC significa S\u00edndrome Post COVID-19, este t\u00e9rmino se define por la permanencia de signos y s\u00edntomas cl\u00ednicos que surgen durante y despu\u00e9s de padecer COVID-19. Lo que debes saber sobre el COVID-19 Hace parte de la familia de los coronavirus (CoV), estos son virus que surgen peri\u00f3dicamente en diferentes \u00e1reas del mundo y que [&hellip;]","og_url":"https:\/\/fai.org.co\/serintegral\/patologias\/covid19\/","og_site_name":"Ser integral","article_modified_time":"2022-07-30T16:46:27+00:00","og_image":[{"url":"https:\/\/fai.org.co\/serintegral\/wp-content\/uploads\/2022\/07\/JULIO-7-1-1024x1024.jpg"}],"twitter_card":"summary_large_image","twitter_misc":{"Tiempo estimado de lectura":"6 minutos"},"schema":{"@context":"https:\/\/schema.org","@graph":[{"@type":"WebSite","@id":"https:\/\/fai.org.co\/serintegral\/#website","url":"https:\/\/fai.org.co\/serintegral\/","name":"Ser integral","description":"","potentialAction":[{"@type":"SearchAction","target":{"@type":"EntryPoint","urlTemplate":"https:\/\/fai.org.co\/serintegral\/?s={search_term_string}"},"query-input":"required name=search_term_string"}],"inLanguage":"es-CO"},{"@type":"ImageObject","@id":"https:\/\/fai.org.co\/serintegral\/patologias\/covid19\/#primaryimage","inLanguage":"es-CO","url":"https:\/\/fai.org.co\/serintegral\/wp-content\/uploads\/2022\/07\/JULIO-7-1-scaled.jpg","contentUrl":"https:\/\/fai.org.co\/serintegral\/wp-content\/uploads\/2022\/07\/JULIO-7-1-scaled.jpg","width":2560,"height":2560},{"@type":"WebPage","@id":"https:\/\/fai.org.co\/serintegral\/patologias\/covid19\/#webpage","url":"https:\/\/fai.org.co\/serintegral\/patologias\/covid19\/","name":"COVID-19 - Ser integral","isPartOf":{"@id":"https:\/\/fai.org.co\/serintegral\/#website"},"primaryImageOfPage":{"@id":"https:\/\/fai.org.co\/serintegral\/patologias\/covid19\/#primaryimage"},"datePublished":"2021-12-31T00:37:43+00:00","dateModified":"2022-07-30T16:46:27+00:00","breadcrumb":{"@id":"https:\/\/fai.org.co\/serintegral\/patologias\/covid19\/#breadcrumb"},"inLanguage":"es-CO","potentialAction":[{"@type":"ReadAction","target":["https:\/\/fai.org.co\/serintegral\/patologias\/covid19\/"]}]},{"@type":"BreadcrumbList","@id":"https:\/\/fai.org.co\/serintegral\/patologias\/covid19\/#breadcrumb","itemListElement":[{"@type":"ListItem","position":1,"name":"Inicio","item":"https:\/\/fai.org.co\/serintegral\/"},{"@type":"ListItem","position":2,"name":"Patolog\u00edas","item":"https:\/\/fai.org.co\/serintegral\/patologias\/"},{"@type":"ListItem","position":3,"name":"COVID-19"}]}]}},"_links":{"self":[{"href":"https:\/\/fai.org.co\/serintegral\/wp-json\/wp\/v2\/pages\/2069","targetHints":{"allow":["GET"]}}],"collection":[{"href":"https:\/\/fai.org.co\/serintegral\/wp-json\/wp\/v2\/pages"}],"about":[{"href":"https:\/\/fai.org.co\/serintegral\/wp-json\/wp\/v2\/types\/page"}],"author":[{"embeddable":true,"href":"https:\/\/fai.org.co\/serintegral\/wp-json\/wp\/v2\/users\/2"}],"replies":[{"embeddable":true,"href":"https:\/\/fai.org.co\/serintegral\/wp-json\/wp\/v2\/comments?post=2069"}],"version-history":[{"count":13,"href":"https:\/\/fai.org.co\/serintegral\/wp-json\/wp\/v2\/pages\/2069\/revisions"}],"predecessor-version":[{"id":2282,"href":"https:\/\/fai.org.co\/serintegral\/wp-json\/wp\/v2\/pages\/2069\/revisions\/2282"}],"up":[{"embeddable":true,"href":"https:\/\/fai.org.co\/serintegral\/wp-json\/wp\/v2\/pages\/94"}],"wp:attachment":[{"href":"https:\/\/fai.org.co\/serintegral\/wp-json\/wp\/v2\/media?parent=2069"}],"curies":[{"name":"wp","href":"https:\/\/api.w.org\/{rel}","templated":true}]}}