{"id":896,"date":"2021-08-02T08:02:04","date_gmt":"2021-08-02T13:02:04","guid":{"rendered":"https:\/\/fai.org.co\/serintegral\/?page_id=896"},"modified":"2022-07-30T12:15:25","modified_gmt":"2022-07-30T17:15:25","slug":"neumonia","status":"publish","type":"page","link":"https:\/\/fai.org.co\/serintegral\/patologias\/neumonia\/","title":{"rendered":"Neumon\u00eda"},"content":{"rendered":"\t\t<div data-elementor-type=\"wp-page\" data-elementor-id=\"896\" class=\"elementor elementor-896\" data-elementor-settings=\"[]\">\n\t\t\t\t\t\t<div class=\"elementor-inner\">\n\t\t\t\t\t\t\t<div class=\"elementor-section-wrap\">\n\t\t\t\t\t\t\t<section class=\"elementor-section elementor-top-section elementor-element elementor-element-14dc727 elementor-section-height-min-height elementor-section-boxed elementor-section-height-default elementor-section-items-middle\" data-id=\"14dc727\" data-element_type=\"section\" data-settings=\"{&quot;background_background&quot;:&quot;classic&quot;}\">\n\t\t\t\t\t\t\t<div class=\"elementor-background-overlay\"><\/div>\n\t\t\t\t\t\t\t<div class=\"elementor-container elementor-column-gap-default\">\n\t\t\t\t\t\t\t<div class=\"elementor-row\">\n\t\t\t\t\t<div class=\"elementor-column elementor-col-100 elementor-top-column elementor-element elementor-element-23e454c\" data-id=\"23e454c\" data-element_type=\"column\">\n\t\t\t<div class=\"elementor-column-wrap elementor-element-populated\">\n\t\t\t\t\t\t\t<div class=\"elementor-widget-wrap\">\n\t\t\t\t\t\t<div class=\"elementor-element elementor-element-2d390ca elementor-widget elementor-widget-heading\" data-id=\"2d390ca\" data-element_type=\"widget\" data-widget_type=\"heading.default\">\n\t\t\t\t<div class=\"elementor-widget-container\">\n\t\t\t<h1 class=\"elementor-heading-title elementor-size-default\">NEUMON\u00cdA<\/h1>\t\t<\/div>\n\t\t\t\t<\/div>\n\t\t\t\t\t\t<\/div>\n\t\t\t\t\t<\/div>\n\t\t<\/div>\n\t\t\t\t\t\t\t\t<\/div>\n\t\t\t\t\t<\/div>\n\t\t<\/section>\n\t\t\t\t<section class=\"elementor-section elementor-top-section elementor-element elementor-element-df4d0f1 elementor-section-boxed elementor-section-height-default elementor-section-height-default\" data-id=\"df4d0f1\" data-element_type=\"section\">\n\t\t\t\t\t\t<div class=\"elementor-container elementor-column-gap-default\">\n\t\t\t\t\t\t\t<div class=\"elementor-row\">\n\t\t\t\t\t<div class=\"elementor-column elementor-col-50 elementor-top-column elementor-element elementor-element-3ee89eb\" data-id=\"3ee89eb\" data-element_type=\"column\">\n\t\t\t<div class=\"elementor-column-wrap elementor-element-populated\">\n\t\t\t\t\t\t\t<div class=\"elementor-widget-wrap\">\n\t\t\t\t\t\t<div class=\"elementor-element elementor-element-04b26c7 elementor-widget elementor-widget-image\" data-id=\"04b26c7\" data-element_type=\"widget\" data-widget_type=\"image.default\">\n\t\t\t\t<div class=\"elementor-widget-container\">\n\t\t\t\t\t\t\t\t<div class=\"elementor-image\">\n\t\t\t\t\t\t\t\t\t\t\t\t<img loading=\"lazy\" decoding=\"async\" width=\"1200\" height=\"600\" src=\"https:\/\/fai.org.co\/serintegral\/wp-content\/uploads\/2021\/08\/neumonia-serintegral.png\" class=\"attachment-full size-full\" alt=\"Ser Integral - FAI Neumon\u00eda\" srcset=\"https:\/\/fai.org.co\/serintegral\/wp-content\/uploads\/2021\/08\/neumonia-serintegral.png 1200w, https:\/\/fai.org.co\/serintegral\/wp-content\/uploads\/2021\/08\/neumonia-serintegral-300x150.png 300w, https:\/\/fai.org.co\/serintegral\/wp-content\/uploads\/2021\/08\/neumonia-serintegral-1024x512.png 1024w, https:\/\/fai.org.co\/serintegral\/wp-content\/uploads\/2021\/08\/neumonia-serintegral-768x384.png 768w\" sizes=\"auto, (max-width: 1200px) 100vw, 1200px\" \/>\t\t\t\t\t\t\t\t\t\t\t\t\t\t<\/div>\n\t\t\t\t\t\t<\/div>\n\t\t\t\t<\/div>\n\t\t\t\t<div class=\"elementor-element elementor-element-c87c6ff elementor-widget elementor-widget-heading\" data-id=\"c87c6ff\" data-element_type=\"widget\" data-widget_type=\"heading.default\">\n\t\t\t\t<div class=\"elementor-widget-container\">\n\t\t\t<h2 class=\"elementor-heading-title elementor-size-small\">Lo que debes saber sobre la Neumon\u00eda<\/h2>\t\t<\/div>\n\t\t\t\t<\/div>\n\t\t\t\t<div class=\"elementor-element elementor-element-e68690e elementor-widget elementor-widget-text-editor\" data-id=\"e68690e\" data-element_type=\"widget\" data-widget_type=\"text-editor.default\">\n\t\t\t\t<div class=\"elementor-widget-container\">\n\t\t\t\t\t\t\t\t<div class=\"elementor-text-editor elementor-clearfix\">\n\t\t\t\t<p>Los pulmones est\u00e1n formados por alv\u00e9olos, peque\u00f1os sacos que se llena de aire al respirar. En el caso de una infecci\u00f3n de neumon\u00eda, estos se llenan de pus y l\u00edquido, limitando la absorci\u00f3n de ox\u00edgeno y haciendo que la respiraci\u00f3n sea dolorosa.<\/p><p>De acuerdo con la Organizaci\u00f3n Mundial de la Salud (OMS), la neumon\u00eda es un tipo de infecci\u00f3n respiratoria aguda que afecta a los pulmones, la principal causa individual de mortalidad infantil a nivel global.<\/p><blockquote><p><em>\u201cSe calcula que la neumon\u00eda mat\u00f3 a unos 920 136 ni\u00f1os menores de 5 a\u00f1os en 2015, lo que supone el 15% de todas las defunciones de ni\u00f1os menores de 5 a\u00f1os en todo el mundo\u201d <a href=\"https:\/\/www.who.int\/es\/news-room\/fact-sheets\/detail\/pneumonia\" target=\"_blank\" rel=\"noopener\">Centro de prensa, Organizaci\u00f3n Mundial de la Salud<\/a>.<\/em><\/p><\/blockquote><p>Aunque cualquier persona puede presentar afectaciones con la neumon\u00eda, los dos grupos de edades que presentan el mayor riesgo de padecerla son los menores de 2 a\u00f1os y mayores de 65.<\/p>\t\t\t\t\t<\/div>\n\t\t\t\t\t\t<\/div>\n\t\t\t\t<\/div>\n\t\t\t\t<div class=\"elementor-element elementor-element-8b80ebd elementor-widget elementor-widget-image\" data-id=\"8b80ebd\" data-element_type=\"widget\" data-widget_type=\"image.default\">\n\t\t\t\t<div class=\"elementor-widget-container\">\n\t\t\t\t\t\t\t\t<div class=\"elementor-image\">\n\t\t\t\t\t\t\t\t\t\t\t\t\t<a href=\"https:\/\/bit.ly\/serintegral-neumonia\" target=\"_blank\">\n\t\t\t\t\t\t\t<img loading=\"lazy\" decoding=\"async\" width=\"800\" height=\"200\" src=\"https:\/\/fai.org.co\/serintegral\/wp-content\/uploads\/2021\/09\/Ser-Integral-neumonia-min-1024x256.png\" class=\"attachment-large size-large\" alt=\"Ser Integral - FAI Neumon\u00eda\" srcset=\"https:\/\/fai.org.co\/serintegral\/wp-content\/uploads\/2021\/09\/Ser-Integral-neumonia-min-1024x256.png 1024w, https:\/\/fai.org.co\/serintegral\/wp-content\/uploads\/2021\/09\/Ser-Integral-neumonia-min-300x75.png 300w, https:\/\/fai.org.co\/serintegral\/wp-content\/uploads\/2021\/09\/Ser-Integral-neumonia-min-768x192.png 768w, https:\/\/fai.org.co\/serintegral\/wp-content\/uploads\/2021\/09\/Ser-Integral-neumonia-min-1536x384.png 1536w, https:\/\/fai.org.co\/serintegral\/wp-content\/uploads\/2021\/09\/Ser-Integral-neumonia-min-2048x512.png 2048w\" sizes=\"auto, (max-width: 800px) 100vw, 800px\" \/>\t\t\t\t\t\t\t\t<\/a>\n\t\t\t\t\t\t\t\t\t\t\t\t\t\t<\/div>\n\t\t\t\t\t\t<\/div>\n\t\t\t\t<\/div>\n\t\t\t\t<div class=\"elementor-element elementor-element-f481871 elementor-widget-divider--view-line elementor-widget elementor-widget-divider\" data-id=\"f481871\" data-element_type=\"widget\" data-widget_type=\"divider.default\">\n\t\t\t\t<div class=\"elementor-widget-container\">\n\t\t\t\t\t<div class=\"elementor-divider\">\n\t\t\t<span class=\"elementor-divider-separator\">\n\t\t\t\t\t\t<\/span>\n\t\t<\/div>\n\t\t\t\t<\/div>\n\t\t\t\t<\/div>\n\t\t\t\t<div class=\"elementor-element elementor-element-d19e38f elementor-widget elementor-widget-image\" data-id=\"d19e38f\" data-element_type=\"widget\" data-widget_type=\"image.default\">\n\t\t\t\t<div class=\"elementor-widget-container\">\n\t\t\t\t\t\t\t\t<div class=\"elementor-image\">\n\t\t\t\t\t\t\t\t\t\t\t\t<img loading=\"lazy\" decoding=\"async\" width=\"800\" height=\"800\" src=\"https:\/\/fai.org.co\/serintegral\/wp-content\/uploads\/2022\/07\/5-JUNIO-1024x1024.jpg\" class=\"attachment-large size-large\" alt=\"\" srcset=\"https:\/\/fai.org.co\/serintegral\/wp-content\/uploads\/2022\/07\/5-JUNIO-1024x1024.jpg 1024w, https:\/\/fai.org.co\/serintegral\/wp-content\/uploads\/2022\/07\/5-JUNIO-300x300.jpg 300w, https:\/\/fai.org.co\/serintegral\/wp-content\/uploads\/2022\/07\/5-JUNIO-150x150.jpg 150w, https:\/\/fai.org.co\/serintegral\/wp-content\/uploads\/2022\/07\/5-JUNIO-768x768.jpg 768w, https:\/\/fai.org.co\/serintegral\/wp-content\/uploads\/2022\/07\/5-JUNIO.jpg 1080w\" sizes=\"auto, (max-width: 800px) 100vw, 800px\" \/>\t\t\t\t\t\t\t\t\t\t\t\t\t\t<\/div>\n\t\t\t\t\t\t<\/div>\n\t\t\t\t<\/div>\n\t\t\t\t<div class=\"elementor-element elementor-element-b60deec elementor-widget elementor-widget-heading\" data-id=\"b60deec\" data-element_type=\"widget\" data-widget_type=\"heading.default\">\n\t\t\t\t<div class=\"elementor-widget-container\">\n\t\t\t<h2 class=\"elementor-heading-title elementor-size-small\">\u00bfC\u00f3mo se transmite?<\/h2>\t\t<\/div>\n\t\t\t\t<\/div>\n\t\t\t\t<div class=\"elementor-element elementor-element-6a2ce29 elementor-widget elementor-widget-text-editor\" data-id=\"6a2ce29\" data-element_type=\"widget\" data-widget_type=\"text-editor.default\">\n\t\t\t\t<div class=\"elementor-widget-container\">\n\t\t\t\t\t\t\t\t<div class=\"elementor-text-editor elementor-clearfix\">\n\t\t\t\t<p>La neumon\u00eda puede variar de leve a grave, seg\u00fan el agente pat\u00f3geno que causa la infecci\u00f3n y caracter\u00edsticas especiales del estado de salud de la persona y su modo de transmisi\u00f3n, por eso es importante saber que puede propagarse por diversas v\u00edas.<\/p><p>A trav\u00e9s de la v\u00eda a\u00e9rea las gotas producidas en la tos o los estornudos llevan virus y bacterias, presentes com\u00fanmente en la nariz o garganta, infectando los pulmones al ser inhaladas.<\/p><p>Los siguientes son los agentes infecciosos que la OMS define como m\u00e1s comunes:<\/p><ul><li><em>Streptococcus pneumoniae<\/em>: la causa m\u00e1s com\u00fan de neumon\u00eda bacteriana en ni\u00f1os;<\/li><li><em>Haemophilus influenzae de tipo b (Hib):<\/em> la segunda causa m\u00e1s com\u00fan de neumon\u00eda bacteriana;<\/li><li>El <em>virus sincitial respiratorio<\/em> es la causa m\u00e1s frecuente de <strong>neumom\u00eda v\u00edrica<\/strong>.<\/li><li><em>Pneumocystis jiroveci<\/em> es una causa importante de neumon\u00eda en ni\u00f1os menores de seis meses con VIH, responsable de al menos uno de cada cuatro fallecimientos de lactantes seropositivos.<\/li><\/ul><p>\u00a0<\/p><p>Entre los factores de riesgo que aumentan la probabilidad de una persona contraer la enfermedad, se encuentran:<\/p><ul><li>Accidentes cerebrovasculares, lesiones cerebrales y otras afectaciones cerebrales.\u00a0<\/li><li>Fumar.<\/li><li>Enfermedad pulmonar cr\u00f3nica.<\/li><li>Cirug\u00edas o traumatismo reciente.<\/li><li>Sistemas inmunodeprimidos.<\/li><\/ul>\t\t\t\t\t<\/div>\n\t\t\t\t\t\t<\/div>\n\t\t\t\t<\/div>\n\t\t\t\t<div class=\"elementor-element elementor-element-103ad90 elementor-widget-divider--view-line elementor-widget elementor-widget-divider\" data-id=\"103ad90\" data-element_type=\"widget\" data-widget_type=\"divider.default\">\n\t\t\t\t<div class=\"elementor-widget-container\">\n\t\t\t\t\t<div class=\"elementor-divider\">\n\t\t\t<span class=\"elementor-divider-separator\">\n\t\t\t\t\t\t<\/span>\n\t\t<\/div>\n\t\t\t\t<\/div>\n\t\t\t\t<\/div>\n\t\t\t\t<div class=\"elementor-element elementor-element-3846b30 elementor-widget elementor-widget-heading\" data-id=\"3846b30\" data-element_type=\"widget\" data-widget_type=\"heading.default\">\n\t\t\t\t<div class=\"elementor-widget-container\">\n\t\t\t<h2 class=\"elementor-heading-title elementor-size-small\">\u00bfC\u00f3mo se previene?<\/h2>\t\t<\/div>\n\t\t\t\t<\/div>\n\t\t\t\t<div class=\"elementor-element elementor-element-54dd0fb elementor-widget elementor-widget-text-editor\" data-id=\"54dd0fb\" data-element_type=\"widget\" data-widget_type=\"text-editor.default\">\n\t\t\t\t<div class=\"elementor-widget-container\">\n\t\t\t\t\t\t\t\t<div class=\"elementor-text-editor elementor-clearfix\">\n\t\t\t\t<p><span style=\"font-weight: 400;\">La neumon\u00eda es una enfermedad inmunoprevenible, es decir que es una patolog\u00eda infecciosa que puede prevenirse mediante el uso de vacunas, adem\u00e1s de h\u00e1bitos de vida saludables.<\/span><\/p><p>Actualmente, existen vacunas que ayudan a prevenir infecciones causadas por algunas de las bacterias y los virus que causan la neumon\u00eda como:<\/p><ul><li><em>Haemophilus influenzae tipo b (Hib)<\/em><\/li><li><em>Influenza (gripe)<\/em><\/li><li><em>Sarampi\u00f3n<\/em><\/li><li><em>Tosferina (pertussis)<\/em><\/li><li><em>Enfermedad neumoc\u00f3cica<\/em><\/li><li><em>Varicela<\/em><\/li><\/ul><p><strong>La mayor\u00eda de los efectos secundarios son leves y desaparecen solos a los pocos d\u00edas.<\/strong><\/p><p>La aplicaci\u00f3n de la vacuna antineumoc\u00f3cica se recomienda para adultos mayores de 65 a\u00f1os e igualmente en adultos de 19 a\u00f1os o m\u00e1s que vivan con ciertas afecciones que puedan complicar la respuesta al virus.<\/p><p>Igualmente, la vacuna antigripal se recomienda administrar a personas con un mayor riesgo de complicaciones (ancianos, personas con enfermedades cr\u00f3nicas, embarazadas) o en poblaci\u00f3n sana que se encuentra en contacto estrecho con individuos en alto riesgo.<\/p><p><span style=\"font-weight: 400;\">Adem\u00e1s, la OMS recomienda h\u00e1bitos de vida saludable para disminuir las probabilidad de sufrir afectaciones con la neumon\u00eda, como lavarse constantemente las manos, dejar de fumar, asegurar un adecuado estado nutricional y mantener higiene bucal.<\/span><\/p>\t\t\t\t\t<\/div>\n\t\t\t\t\t\t<\/div>\n\t\t\t\t<\/div>\n\t\t\t\t<div class=\"elementor-element elementor-element-4fc5fd5 elementor-widget-divider--view-line elementor-widget elementor-widget-divider\" data-id=\"4fc5fd5\" data-element_type=\"widget\" data-widget_type=\"divider.default\">\n\t\t\t\t<div class=\"elementor-widget-container\">\n\t\t\t\t\t<div class=\"elementor-divider\">\n\t\t\t<span class=\"elementor-divider-separator\">\n\t\t\t\t\t\t<\/span>\n\t\t<\/div>\n\t\t\t\t<\/div>\n\t\t\t\t<\/div>\n\t\t\t\t<div class=\"elementor-element elementor-element-ef70d74 elementor-widget elementor-widget-heading\" data-id=\"ef70d74\" data-element_type=\"widget\" data-widget_type=\"heading.default\">\n\t\t\t\t<div class=\"elementor-widget-container\">\n\t\t\t<h2 class=\"elementor-heading-title elementor-size-small\">Informaci\u00f3n clave sobre la neumon\u00eda<\/h2>\t\t<\/div>\n\t\t\t\t<\/div>\n\t\t\t\t<div class=\"elementor-element elementor-element-9ade89f borde-inf elementor-widget elementor-widget-accordion\" data-id=\"9ade89f\" data-element_type=\"widget\" data-widget_type=\"accordion.default\">\n\t\t\t\t<div class=\"elementor-widget-container\">\n\t\t\t\t\t<div class=\"elementor-accordion\" role=\"tablist\">\n\t\t\t\t\t\t\t<div class=\"elementor-accordion-item\">\n\t\t\t\t\t<h5 id=\"elementor-tab-title-1621\" class=\"elementor-tab-title\" data-tab=\"1\" role=\"tab\" aria-controls=\"elementor-tab-content-1621\" aria-expanded=\"false\">\n\t\t\t\t\t\t\t\t\t\t\t\t\t<span class=\"elementor-accordion-icon elementor-accordion-icon-left\" aria-hidden=\"true\">\n\t\t\t\t\t\t\t\t\t\t\t\t\t\t\t<span class=\"elementor-accordion-icon-closed\"><i class=\"fas fa-plus\"><\/i><\/span>\n\t\t\t\t\t\t\t\t<span class=\"elementor-accordion-icon-opened\"><i class=\"fas fa-minus\"><\/i><\/span>\n\t\t\t\t\t\t\t\t\t\t\t\t\t\t<\/span>\n\t\t\t\t\t\t\t\t\t\t\t\t<a class=\"elementor-accordion-title\" href=\"\">\u00bfCu\u00e1les son las personas m\u00e1s propensas a contraer neumon\u00eda?<\/a>\n\t\t\t\t\t<\/h5>\n\t\t\t\t\t<div id=\"elementor-tab-content-1621\" class=\"elementor-tab-content elementor-clearfix\" data-tab=\"1\" role=\"tabpanel\" aria-labelledby=\"elementor-tab-title-1621\"><p><span style=\"font-weight: 400;\">La neumon\u00eda como una afecci\u00f3n de los pulmones puede afectar gravemente a cualquier persona, sin embargo, existen caracter\u00edsticas de acuerdo con la edad y el estilo de vida que pueden hacer a unas m\u00e1s propensas que otras:<\/span><\/p><ul><li style=\"font-weight: 400;\" aria-level=\"1\"><span style=\"font-weight: 400;\">Ni\u00f1as y ni\u00f1os menores de 5 a\u00f1os.<\/span><\/li><li style=\"font-weight: 400;\" aria-level=\"1\"><span style=\"font-weight: 400;\">Adultos de m\u00e1s de 65 a\u00f1os.<\/span><\/li><li style=\"font-weight: 400;\" aria-level=\"1\"><span style=\"font-weight: 400;\">Personas con afecciones respiratorias.<\/span><\/li><li style=\"font-weight: 400;\" aria-level=\"1\"><span style=\"font-weight: 400;\">Fumadores.<\/span><\/li><li style=\"font-weight: 400;\" aria-level=\"1\"><span style=\"font-weight: 400;\">Pacientes inmunosuprimidos.<\/span><\/li><\/ul><\/div>\n\t\t\t\t<\/div>\n\t\t\t\t\t\t\t<div class=\"elementor-accordion-item\">\n\t\t\t\t\t<h5 id=\"elementor-tab-title-1622\" class=\"elementor-tab-title\" data-tab=\"2\" role=\"tab\" aria-controls=\"elementor-tab-content-1622\" aria-expanded=\"false\">\n\t\t\t\t\t\t\t\t\t\t\t\t\t<span class=\"elementor-accordion-icon elementor-accordion-icon-left\" aria-hidden=\"true\">\n\t\t\t\t\t\t\t\t\t\t\t\t\t\t\t<span class=\"elementor-accordion-icon-closed\"><i class=\"fas fa-plus\"><\/i><\/span>\n\t\t\t\t\t\t\t\t<span class=\"elementor-accordion-icon-opened\"><i class=\"fas fa-minus\"><\/i><\/span>\n\t\t\t\t\t\t\t\t\t\t\t\t\t\t<\/span>\n\t\t\t\t\t\t\t\t\t\t\t\t<a class=\"elementor-accordion-title\" href=\"\">\u00bfExisten diferentes tipos de neumon\u00eda?<\/a>\n\t\t\t\t\t<\/h5>\n\t\t\t\t\t<div id=\"elementor-tab-content-1622\" class=\"elementor-tab-content elementor-clearfix\" data-tab=\"2\" role=\"tabpanel\" aria-labelledby=\"elementor-tab-title-1622\"><p>De acuerdo con el m\u00e9todo como la persona contrae la infecci\u00f3n o dependiendo del tipo de germen que la causa se determina el tipo de neumon\u00eda.<\/p><p>Estos son de acuerdo con el m\u00e9todo de adquisici\u00f3n:<\/p><ul><li>Adquirida en la comunidad (extrahospitalaria).<\/li><li>Neumon\u00eda hospitalar\u00eda.<\/li><li>Neumon\u00eda asociada a la atenci\u00f3n de la salud.<\/li><li>Neumon\u00eda por aspiraci\u00f3n (broncoaspiraci\u00f3n).<\/li><li>Neumon\u00eda at\u00edpica.<\/li><\/ul><p><span style=\"font-weight: 400;\">O de acuerdo con el agente:<\/span><\/p><ul><li>Neumon\u00eda por <em>legionella.<\/em><\/li><li>Neumon\u00eda <em>estafiloc\u00f3cica.<\/em><\/li><li>Neumon\u00eda por <em>Klebsiella.<\/em><\/li><li><em>Neumoc\u00f3cica.<\/em><\/li><\/ul><p><span style=\"font-weight: 400;\">As\u00ed como \u00e9stas, se encuentran otras categor\u00edas de neumon\u00eda que dan pie al tipo de tratamiento que debe llevarse a cabo con la infecci\u00f3n. Es por esto que, la vacunaci\u00f3n contra la neumon\u00eda es de suma importancia, en sus m\u00faltiples variables.<\/span><\/p><\/div>\n\t\t\t\t<\/div>\n\t\t\t\t\t\t\t<div class=\"elementor-accordion-item\">\n\t\t\t\t\t<h5 id=\"elementor-tab-title-1623\" class=\"elementor-tab-title\" data-tab=\"3\" role=\"tab\" aria-controls=\"elementor-tab-content-1623\" aria-expanded=\"false\">\n\t\t\t\t\t\t\t\t\t\t\t\t\t<span class=\"elementor-accordion-icon elementor-accordion-icon-left\" aria-hidden=\"true\">\n\t\t\t\t\t\t\t\t\t\t\t\t\t\t\t<span class=\"elementor-accordion-icon-closed\"><i class=\"fas fa-plus\"><\/i><\/span>\n\t\t\t\t\t\t\t\t<span class=\"elementor-accordion-icon-opened\"><i class=\"fas fa-minus\"><\/i><\/span>\n\t\t\t\t\t\t\t\t\t\t\t\t\t\t<\/span>\n\t\t\t\t\t\t\t\t\t\t\t\t<a class=\"elementor-accordion-title\" href=\"\">\u00bfQu\u00e9 s\u00edntomas presenta la neumon\u00eda?<\/a>\n\t\t\t\t\t<\/h5>\n\t\t\t\t\t<div id=\"elementor-tab-content-1623\" class=\"elementor-tab-content elementor-clearfix\" data-tab=\"3\" role=\"tabpanel\" aria-labelledby=\"elementor-tab-title-1623\"><p><span style=\"font-weight: 400;\">Aunque los s\u00edntomas pueden variar su presentaci\u00f3n de unos pacientes a otros y pueden aparecer escalonadamente en d\u00edas o inclusive en horas, los m\u00e1s frecuentes cuando se presenta neumon\u00eda son:<\/span><\/p><ul><li>Dificultad para respirar.<\/li><li>Dolor tor\u00e1cico.<\/li><li>Malestar general.<\/li><li>Falta de apetito.<\/li><li>N\u00e1useas, vomito y\/o diarrea.<\/li><li>Fiebre o escalofr\u00edos.<\/li><li>Tos con expectoraci\u00f3n mucosa.<\/li><\/ul><\/div>\n\t\t\t\t<\/div>\n\t\t\t\t\t\t\t<div class=\"elementor-accordion-item\">\n\t\t\t\t\t<h5 id=\"elementor-tab-title-1624\" class=\"elementor-tab-title\" data-tab=\"4\" role=\"tab\" aria-controls=\"elementor-tab-content-1624\" aria-expanded=\"false\">\n\t\t\t\t\t\t\t\t\t\t\t\t\t<span class=\"elementor-accordion-icon elementor-accordion-icon-left\" aria-hidden=\"true\">\n\t\t\t\t\t\t\t\t\t\t\t\t\t\t\t<span class=\"elementor-accordion-icon-closed\"><i class=\"fas fa-plus\"><\/i><\/span>\n\t\t\t\t\t\t\t\t<span class=\"elementor-accordion-icon-opened\"><i class=\"fas fa-minus\"><\/i><\/span>\n\t\t\t\t\t\t\t\t\t\t\t\t\t\t<\/span>\n\t\t\t\t\t\t\t\t\t\t\t\t<a class=\"elementor-accordion-title\" href=\"\">\u00bfCu\u00e1l es la m\u00e1s com\u00fan de las neumon\u00edas?<\/a>\n\t\t\t\t\t<\/h5>\n\t\t\t\t\t<div id=\"elementor-tab-content-1624\" class=\"elementor-tab-content elementor-clearfix\" data-tab=\"4\" role=\"tabpanel\" aria-labelledby=\"elementor-tab-title-1624\"><p><span style=\"font-weight: 400;\">De acuerdo con la OPS, las neumon\u00edas adquiridas en la comunidad (extrahospitalaria), es decir que se contraen fuera de hospitales y centro de salud, debido a la inhalaci\u00f3n de los g\u00e9rmenes que viven en la boca, la nariz o la garganta, son las m\u00e1s comunes y las principales causas de hospitalizaci\u00f3n y muerte en los menores de 5 a\u00f1os.<\/span><\/p><\/div>\n\t\t\t\t<\/div>\n\t\t\t\t\t\t\t<div class=\"elementor-accordion-item\">\n\t\t\t\t\t<h5 id=\"elementor-tab-title-1625\" class=\"elementor-tab-title\" data-tab=\"5\" role=\"tab\" aria-controls=\"elementor-tab-content-1625\" aria-expanded=\"false\">\n\t\t\t\t\t\t\t\t\t\t\t\t\t<span class=\"elementor-accordion-icon elementor-accordion-icon-left\" aria-hidden=\"true\">\n\t\t\t\t\t\t\t\t\t\t\t\t\t\t\t<span class=\"elementor-accordion-icon-closed\"><i class=\"fas fa-plus\"><\/i><\/span>\n\t\t\t\t\t\t\t\t<span class=\"elementor-accordion-icon-opened\"><i class=\"fas fa-minus\"><\/i><\/span>\n\t\t\t\t\t\t\t\t\t\t\t\t\t\t<\/span>\n\t\t\t\t\t\t\t\t\t\t\t\t<a class=\"elementor-accordion-title\" href=\"\">\u00bfCu\u00e1l es la m\u00e1s grave de las neumon\u00edas?<\/a>\n\t\t\t\t\t<\/h5>\n\t\t\t\t\t<div id=\"elementor-tab-content-1625\" class=\"elementor-tab-content elementor-clearfix\" data-tab=\"5\" role=\"tabpanel\" aria-labelledby=\"elementor-tab-title-1625\"><p>La neumon\u00eda hospitalaria o adquirida en el hospital, suele ser la m\u00e1s grave en comparaci\u00f3n con la adquirida en la comunidad, debido a que en los hospitales se puede llegar a encontrar g\u00e9rmenes m\u00e1s resistentes a los antibi\u00f3ticos, junto con la situaci\u00f3n que presente un paciente que puede llegar a tener complicaciones de salud previas.<\/p><\/div>\n\t\t\t\t<\/div>\n\t\t\t\t\t\t\t\t<\/div>\n\t\t\t\t<\/div>\n\t\t\t\t<\/div>\n\t\t\t\t<div class=\"elementor-element elementor-element-a65f34c elementor-widget elementor-widget-template\" data-id=\"a65f34c\" data-element_type=\"widget\" data-widget_type=\"template.default\">\n\t\t\t\t<div class=\"elementor-widget-container\">\n\t\t\t\t\t<div class=\"elementor-template\">\n\t\t\t\t\t<\/div>\n\t\t\t\t<\/div>\n\t\t\t\t<\/div>\n\t\t\t\t\t\t<\/div>\n\t\t\t\t\t<\/div>\n\t\t<\/div>\n\t\t\t\t<div class=\"elementor-column elementor-col-50 elementor-top-column elementor-element elementor-element-4427abe\" data-id=\"4427abe\" data-element_type=\"column\">\n\t\t\t<div class=\"elementor-column-wrap elementor-element-populated\">\n\t\t\t\t\t\t\t<div class=\"elementor-widget-wrap\">\n\t\t\t\t\t\t<div class=\"elementor-element elementor-element-e565bd8 elementor-widget elementor-widget-heading\" data-id=\"e565bd8\" data-element_type=\"widget\" data-widget_type=\"heading.default\">\n\t\t\t\t<div class=\"elementor-widget-container\">\n\t\t\t<h2 class=\"elementor-heading-title elementor-size-default\">\u00bfBUSCAS AYUDA<br>\nO MAYOR INFORMACI\u00d3N?<\/h2>\t\t<\/div>\n\t\t\t\t<\/div>\n\t\t\t\t<div class=\"elementor-element elementor-element-d641214 elementor-widget elementor-widget-shortcode\" data-id=\"d641214\" data-element_type=\"widget\" data-widget_type=\"shortcode.default\">\n\t\t\t\t<div class=\"elementor-widget-container\">\n\t\t\t\t\t<div class=\"elementor-shortcode\"><div role=\"form\" class=\"wpcf7\" id=\"wpcf7-f330-o1\" lang=\"es-CO\" dir=\"ltr\">\n<div class=\"screen-reader-response\"><p role=\"status\" aria-live=\"polite\" aria-atomic=\"true\"><\/p> <ul><\/ul><\/div>\n<form action=\"\/serintegral\/wp-json\/wp\/v2\/pages\/896#wpcf7-f330-o1\" method=\"post\" class=\"wpcf7-form init\" novalidate=\"novalidate\" data-status=\"init\">\n<div style=\"display: none;\">\n<input type=\"hidden\" name=\"_wpcf7\" value=\"330\" \/>\n<input type=\"hidden\" name=\"_wpcf7_version\" value=\"5.5.2\" \/>\n<input type=\"hidden\" name=\"_wpcf7_locale\" value=\"es_CO\" \/>\n<input type=\"hidden\" name=\"_wpcf7_unit_tag\" value=\"wpcf7-f330-o1\" \/>\n<input type=\"hidden\" name=\"_wpcf7_container_post\" value=\"0\" \/>\n<input type=\"hidden\" name=\"_wpcf7_posted_data_hash\" value=\"\" \/>\n<input type=\"hidden\" name=\"_wpcf7_recaptcha_response\" value=\"\" \/>\n<\/div>\n<p><span class=\"wpcf7-form-control-wrap your-name\"><input type=\"text\" name=\"your-name\" value=\"\" size=\"40\" class=\"wpcf7-form-control wpcf7-text wpcf7-validates-as-required\" aria-required=\"true\" aria-invalid=\"false\" placeholder=\"Nombre\" \/><\/span> <\/p>\n<p>    <span class=\"wpcf7-form-control-wrap your-email\"><input type=\"email\" name=\"your-email\" value=\"\" size=\"40\" class=\"wpcf7-form-control wpcf7-text wpcf7-email wpcf7-validates-as-required wpcf7-validates-as-email\" aria-required=\"true\" aria-invalid=\"false\" placeholder=\"Correo electr\u00f3nico\" \/><\/span> <\/p>\n<p>    <span class=\"wpcf7-form-control-wrap your-message\"><textarea name=\"your-message\" cols=\"40\" rows=\"10\" class=\"wpcf7-form-control wpcf7-textarea\" aria-invalid=\"false\" placeholder=\"Mensaje\"><\/textarea><\/span> <\/p>\n<p>    <label>\n<span class=\"wpcf7-form-control-wrap recaptcha\" data-name=\"recaptcha\"><span data-sitekey=\"6LeDbAkqAAAAAOPcMigVktWY3cF2E1WE5KwlFpSK\" class=\"wpcf7-form-control g-recaptcha wpcf7-recaptcha\"><\/span>\r\n<noscript>\r\n\t<div class=\"grecaptcha-noscript\">\r\n\t\t<iframe loading=\"lazy\" src=\"https:\/\/www.google.com\/recaptcha\/api\/fallback?k=6LeDbAkqAAAAAOPcMigVktWY3cF2E1WE5KwlFpSK\" frameborder=\"0\" scrolling=\"no\" width=\"310\" height=\"430\">\r\n\t\t<\/iframe>\r\n\t\t<textarea name=\"g-recaptcha-response\" rows=\"3\" cols=\"40\" placeholder=\"reCaptcha Response Here\">\r\n\t\t<\/textarea>\r\n\t<\/div>\r\n<\/noscript>\r\n<\/span>\n<p><\/label><\/p>\n<p><input type=\"submit\" value=\"Enviar\" class=\"wpcf7-form-control has-spinner wpcf7-submit\" \/><\/p>\n<div class=\"wpcf7-response-output\" aria-hidden=\"true\"><\/div><\/form><\/div><\/div>\n\t\t\t\t<\/div>\n\t\t\t\t<\/div>\n\t\t\t\t<div class=\"elementor-element elementor-element-9bd4449 elementor-widget elementor-widget-heading\" data-id=\"9bd4449\" data-element_type=\"widget\" data-widget_type=\"heading.default\">\n\t\t\t\t<div class=\"elementor-widget-container\">\n\t\t\t<h2 class=\"elementor-heading-title elementor-size-default\">Videos Recientes<\/h2>\t\t<\/div>\n\t\t\t\t<\/div>\n\t\t\t\t<div class=\"elementor-element elementor-element-431d69e elementor-grid-1 elementor-grid-tablet-2 elementor-grid-mobile-1 elementor-posts--thumbnail-top elementor-card-shadow-yes elementor-posts__hover-gradient elementor-widget elementor-widget-posts\" data-id=\"431d69e\" data-element_type=\"widget\" data-settings=\"{&quot;cards_columns&quot;:&quot;1&quot;,&quot;cards_columns_tablet&quot;:&quot;2&quot;,&quot;cards_columns_mobile&quot;:&quot;1&quot;,&quot;cards_row_gap&quot;:{&quot;unit&quot;:&quot;px&quot;,&quot;size&quot;:35,&quot;sizes&quot;:[]}}\" data-widget_type=\"posts.cards\">\n\t\t\t\t<div class=\"elementor-widget-container\">\n\t\t\t\t\t<div class=\"elementor-posts-container elementor-posts elementor-posts--skin-cards elementor-grid\">\n\t\t\t\t<article class=\"elementor-post elementor-grid-item post-2515 post type-post status-publish format-standard has-post-thumbnail hentry category-covid-19-videos category-covid-19 category-hepatitis-c category-hepatitis-c-videos category-influenza category-influenza-videos category-meningitis category-meningitis-videos category-neumonia category-neumonia-videos category-videos category-vih-sida-videos category-vih-sida\">\n\t\t\t<div class=\"elementor-post__card\">\n\t\t\t\t<a class=\"elementor-post__thumbnail__link\" href=\"https:\/\/fai.org.co\/serintegral\/videos\/5-tips-en-antibioticoterapia-doctor-gustavo-roncancio\/\" >\n\t\t\t<div class=\"elementor-post__thumbnail\"><img loading=\"lazy\" decoding=\"async\" width=\"768\" height=\"432\" src=\"https:\/\/fai.org.co\/serintegral\/wp-content\/uploads\/2022\/11\/DOCTOR-GUSTAVO-RONCANCIO--768x432.jpg\" class=\"attachment-medium_large size-medium_large\" alt=\"\" srcset=\"https:\/\/fai.org.co\/serintegral\/wp-content\/uploads\/2022\/11\/DOCTOR-GUSTAVO-RONCANCIO--768x432.jpg 768w, https:\/\/fai.org.co\/serintegral\/wp-content\/uploads\/2022\/11\/DOCTOR-GUSTAVO-RONCANCIO--300x169.jpg 300w, https:\/\/fai.org.co\/serintegral\/wp-content\/uploads\/2022\/11\/DOCTOR-GUSTAVO-RONCANCIO--1024x576.jpg 1024w, https:\/\/fai.org.co\/serintegral\/wp-content\/uploads\/2022\/11\/DOCTOR-GUSTAVO-RONCANCIO--1536x864.jpg 1536w, https:\/\/fai.org.co\/serintegral\/wp-content\/uploads\/2022\/11\/DOCTOR-GUSTAVO-RONCANCIO-.jpg 1920w\" sizes=\"auto, (max-width: 768px) 100vw, 768px\" \/><\/div>\n\t\t<\/a>\n\t\t\t\t<div class=\"elementor-post__text\">\n\t\t\t\t<h3 class=\"elementor-post__title\">\n\t\t\t<a href=\"https:\/\/fai.org.co\/serintegral\/videos\/5-tips-en-antibioticoterapia-doctor-gustavo-roncancio\/\" >\n\t\t\t\t5 tips en Antibioticoterapia &#8211; Doctor Gustavo Roncancio.\t\t\t<\/a>\n\t\t<\/h3>\n\t\t\t\t<div class=\"elementor-post__excerpt\">\n\t\t\t<p>5 tips en Antibioticoterapia &#8211; Doctor Gustavo Roncancio. Hoy en nuestra c\u00e1psula informativa, hablaremos sobre los 5 tips en antibioticoterapia &nbsp; 5 tips en Antibioticoterapia<\/p>\n\t\t<\/div>\n\t\t\t\t\t<a class=\"elementor-post__read-more\" href=\"https:\/\/fai.org.co\/serintegral\/videos\/5-tips-en-antibioticoterapia-doctor-gustavo-roncancio\/\" >\n\t\t\t\tVer m\u00e1s \u00bb\t\t\t<\/a>\n\t\t\t\t<\/div>\n\t\t\t\t<div class=\"elementor-post__meta-data\">\n\t\t\t\t\t<span class=\"elementor-post-date\">\n\t\t\t4 noviembre, 2022\t\t<\/span>\n\t\t\t\t<\/div>\n\t\t\t\t\t<\/div>\n\t\t<\/article>\n\t\t\t\t<\/div>\n\n\n\t\t\n\t\t\t\t<\/div>\n\t\t\t\t<\/div>\n\t\t\t\t<div class=\"elementor-element elementor-element-09e2968 elementor-widget elementor-widget-heading\" data-id=\"09e2968\" data-element_type=\"widget\" data-widget_type=\"heading.default\">\n\t\t\t\t<div class=\"elementor-widget-container\">\n\t\t\t<h2 class=\"elementor-heading-title elementor-size-default\">Art\u00edculos Recientes<\/h2>\t\t<\/div>\n\t\t\t\t<\/div>\n\t\t\t\t<div class=\"elementor-element elementor-element-e40173e elementor-grid-1 elementor-grid-tablet-2 elementor-grid-mobile-1 elementor-posts--thumbnail-top elementor-card-shadow-yes elementor-posts__hover-gradient elementor-widget elementor-widget-posts\" data-id=\"e40173e\" data-element_type=\"widget\" data-settings=\"{&quot;cards_columns&quot;:&quot;1&quot;,&quot;cards_columns_tablet&quot;:&quot;2&quot;,&quot;cards_columns_mobile&quot;:&quot;1&quot;,&quot;cards_row_gap&quot;:{&quot;unit&quot;:&quot;px&quot;,&quot;size&quot;:35,&quot;sizes&quot;:[]}}\" data-widget_type=\"posts.cards\">\n\t\t\t\t<div class=\"elementor-widget-container\">\n\t\t\t\t\t<div class=\"elementor-posts-container elementor-posts elementor-posts--skin-cards elementor-grid\">\n\t\t\t\t<article class=\"elementor-post elementor-grid-item post-2701 post type-post status-publish format-standard has-post-thumbnail hentry category-neumonia\">\n\t\t\t<div class=\"elementor-post__card\">\n\t\t\t\t<a class=\"elementor-post__thumbnail__link\" href=\"https:\/\/fai.org.co\/serintegral\/neumonia\/que-es-la-neumonia-2\/\" >\n\t\t\t<div class=\"elementor-post__thumbnail\"><img loading=\"lazy\" decoding=\"async\" width=\"300\" height=\"168\" src=\"https:\/\/fai.org.co\/serintegral\/wp-content\/uploads\/2023\/08\/Empireo-Recreacion-de-Papilomavirus-humano-300x168.jpg\" class=\"attachment-medium size-medium\" alt=\"\" srcset=\"https:\/\/fai.org.co\/serintegral\/wp-content\/uploads\/2023\/08\/Empireo-Recreacion-de-Papilomavirus-humano-300x168.jpg 300w, https:\/\/fai.org.co\/serintegral\/wp-content\/uploads\/2023\/08\/Empireo-Recreacion-de-Papilomavirus-humano-768x429.jpg 768w, https:\/\/fai.org.co\/serintegral\/wp-content\/uploads\/2023\/08\/Empireo-Recreacion-de-Papilomavirus-humano.jpg 1024w\" sizes=\"auto, (max-width: 300px) 100vw, 300px\" \/><\/div>\n\t\t<\/a>\n\t\t\t\t<div class=\"elementor-post__text\">\n\t\t\t\t<h3 class=\"elementor-post__title\">\n\t\t\t<a href=\"https:\/\/fai.org.co\/serintegral\/neumonia\/que-es-la-neumonia-2\/\" >\n\t\t\t\t\u00bfQu\u00e9 es la Neumon\u00eda?\t\t\t<\/a>\n\t\t<\/h3>\n\t\t\t\t<div class=\"elementor-post__excerpt\">\n\t\t\t<p>Es una infecci\u00f3n que afecta los pulmones, la cual puede ser causada por diferentes tipos de microorganismos, como bacterias, virus, par\u00e1sitos y hongos. Se debe<\/p>\n\t\t<\/div>\n\t\t\t\t\t<a class=\"elementor-post__read-more\" href=\"https:\/\/fai.org.co\/serintegral\/neumonia\/que-es-la-neumonia-2\/\" >\n\t\t\t\tVer m\u00e1s \u00bb\t\t\t<\/a>\n\t\t\t\t<\/div>\n\t\t\t\t<div class=\"elementor-post__meta-data\">\n\t\t\t\t\t<span class=\"elementor-post-date\">\n\t\t\t14 agosto, 2024\t\t<\/span>\n\t\t\t\t<\/div>\n\t\t\t\t\t<\/div>\n\t\t<\/article>\n\t\t\t\t<\/div>\n\n\n\t\t\n\t\t\t\t<\/div>\n\t\t\t\t<\/div>\n\t\t\t\t<div class=\"elementor-element elementor-element-0aff671 elementor-widget elementor-widget-heading\" data-id=\"0aff671\" data-element_type=\"widget\" data-widget_type=\"heading.default\">\n\t\t\t\t<div class=\"elementor-widget-container\">\n\t\t\t<h2 class=\"elementor-heading-title elementor-size-default\">Descargar Documentos<\/h2>\t\t<\/div>\n\t\t\t\t<\/div>\n\t\t\t\t<div class=\"elementor-element elementor-element-0b2e2ab elementor-list-item-link-full_width elementor-widget elementor-widget-icon-list\" data-id=\"0b2e2ab\" data-element_type=\"widget\" data-widget_type=\"icon-list.default\">\n\t\t\t\t<div class=\"elementor-widget-container\">\n\t\t\t\t\t<ul class=\"elementor-icon-list-items\">\n\t\t\t\t\t\t\t<li class=\"elementor-icon-list-item\">\n\t\t\t\t\t\t\t\t\t\t\t<a href=\"https:\/\/fai.org.co\/serintegral\/wp-content\/uploads\/2021\/08\/Infografico_Ser-Integral-FAI_Neumonia.pdf\" target=\"_blank\" download=\"\">\n\n\t\t\t\t\t\t\t\t\t\t\t\t<span class=\"elementor-icon-list-icon\">\n\t\t\t\t\t\t\t<i aria-hidden=\"true\" class=\"fas fa-genderless\"><\/i>\t\t\t\t\t\t<\/span>\n\t\t\t\t\t\t\t\t\t\t<span class=\"elementor-icon-list-text\">Infogr\u00e1ficas Neumon\u00eda<\/span>\n\t\t\t\t\t\t\t\t\t\t\t<\/a>\n\t\t\t\t\t\t\t\t\t<\/li>\n\t\t\t\t\t\t<\/ul>\n\t\t\t\t<\/div>\n\t\t\t\t<\/div>\n\t\t\t\t<div class=\"elementor-element elementor-element-fcbef8a elementor-widget elementor-widget-image\" data-id=\"fcbef8a\" data-element_type=\"widget\" data-widget_type=\"image.default\">\n\t\t\t\t<div class=\"elementor-widget-container\">\n\t\t\t\t\t\t\t\t<div class=\"elementor-image\">\n\t\t\t\t\t\t\t\t\t\t\t\t<img loading=\"lazy\" decoding=\"async\" width=\"800\" height=\"450\" src=\"https:\/\/fai.org.co\/serintegral\/wp-content\/uploads\/2021\/10\/Agregar-un-titulo-1024x576.jpg\" class=\"attachment-large size-large\" alt=\"\" srcset=\"https:\/\/fai.org.co\/serintegral\/wp-content\/uploads\/2021\/10\/Agregar-un-titulo-1024x576.jpg 1024w, https:\/\/fai.org.co\/serintegral\/wp-content\/uploads\/2021\/10\/Agregar-un-titulo-300x169.jpg 300w, https:\/\/fai.org.co\/serintegral\/wp-content\/uploads\/2021\/10\/Agregar-un-titulo-768x432.jpg 768w, https:\/\/fai.org.co\/serintegral\/wp-content\/uploads\/2021\/10\/Agregar-un-titulo-1536x864.jpg 1536w, https:\/\/fai.org.co\/serintegral\/wp-content\/uploads\/2021\/10\/Agregar-un-titulo.jpg 1920w\" sizes=\"auto, (max-width: 800px) 100vw, 800px\" \/>\t\t\t\t\t\t\t\t\t\t\t\t\t\t<\/div>\n\t\t\t\t\t\t<\/div>\n\t\t\t\t<\/div>\n\t\t\t\t\t\t<\/div>\n\t\t\t\t\t<\/div>\n\t\t<\/div>\n\t\t\t\t\t\t\t\t<\/div>\n\t\t\t\t\t<\/div>\n\t\t<\/section>\n\t\t\t\t<section class=\"elementor-section elementor-top-section elementor-element elementor-element-7c57b15 elementor-section-height-min-height elementor-section-boxed elementor-section-height-default elementor-section-items-middle\" data-id=\"7c57b15\" data-element_type=\"section\" data-settings=\"{&quot;background_background&quot;:&quot;classic&quot;}\">\n\t\t\t\t\t\t<div class=\"elementor-container elementor-column-gap-no\">\n\t\t\t\t\t\t\t<div class=\"elementor-row\">\n\t\t\t\t\t<div class=\"elementor-column elementor-col-50 elementor-top-column elementor-element elementor-element-f42a611\" data-id=\"f42a611\" data-element_type=\"column\">\n\t\t\t<div class=\"elementor-column-wrap elementor-element-populated\">\n\t\t\t\t\t\t\t<div class=\"elementor-widget-wrap\">\n\t\t\t\t\t\t<div class=\"elementor-element elementor-element-a275f67 elementor-widget elementor-widget-heading\" data-id=\"a275f67\" data-element_type=\"widget\" data-widget_type=\"heading.default\">\n\t\t\t\t<div class=\"elementor-widget-container\">\n\t\t\t<h2 class=\"elementor-heading-title elementor-size-default\"><a href=\"https:\/\/bit.ly\/serintegral-vacuna\" target=\"_blank\">Vac\u00fanate por una salud integral<\/a><\/h2>\t\t<\/div>\n\t\t\t\t<\/div>\n\t\t\t\t<div class=\"elementor-element elementor-element-3465479 elementor-widget elementor-widget-heading\" data-id=\"3465479\" data-element_type=\"widget\" data-widget_type=\"heading.default\">\n\t\t\t\t<div class=\"elementor-widget-container\">\n\t\t\t<h2 class=\"elementor-heading-title elementor-size-default\"><a href=\"https:\/\/bit.ly\/serintegral-vacuna\" target=\"_blank\">Cont\u00e1ctanos para recibir asesor\u00eda<\/a><\/h2>\t\t<\/div>\n\t\t\t\t<\/div>\n\t\t\t\t\t\t<\/div>\n\t\t\t\t\t<\/div>\n\t\t<\/div>\n\t\t\t\t<div class=\"elementor-column elementor-col-50 elementor-top-column elementor-element elementor-element-744c53f\" data-id=\"744c53f\" data-element_type=\"column\">\n\t\t\t<div class=\"elementor-column-wrap elementor-element-populated\">\n\t\t\t\t\t\t\t<div class=\"elementor-widget-wrap\">\n\t\t\t\t\t\t<div class=\"elementor-element elementor-element-8f43f6d elementor-align-center elementor-widget elementor-widget-button\" data-id=\"8f43f6d\" data-element_type=\"widget\" data-widget_type=\"button.default\">\n\t\t\t\t<div class=\"elementor-widget-container\">\n\t\t\t\t\t<div class=\"elementor-button-wrapper\">\n\t\t\t<a href=\"https:\/\/bit.ly\/serintegral-vacuna\" target=\"_blank\" class=\"elementor-button-link elementor-button elementor-size-xl\" role=\"button\">\n\t\t\t\t\t\t<span class=\"elementor-button-content-wrapper\">\n\t\t\t\t\t\t<span class=\"elementor-button-icon elementor-align-icon-left\">\n\t\t\t\t<i aria-hidden=\"true\" class=\"fab fa-whatsapp\"><\/i>\t\t\t<\/span>\n\t\t\t\t\t\t<span class=\"elementor-button-text\">Escr\u00edbenos<\/span>\n\t\t<\/span>\n\t\t\t\t\t<\/a>\n\t\t<\/div>\n\t\t\t\t<\/div>\n\t\t\t\t<\/div>\n\t\t\t\t\t\t<\/div>\n\t\t\t\t\t<\/div>\n\t\t<\/div>\n\t\t\t\t\t\t\t\t<\/div>\n\t\t\t\t\t<\/div>\n\t\t<\/section>\n\t\t\t\t\t\t<\/div>\n\t\t\t\t\t\t<\/div>\n\t\t\t\t\t<\/div>\n\t\t","protected":false},"excerpt":{"rendered":"<p>NEUMON\u00cdA Lo que debes saber sobre la Neumon\u00eda Los pulmones est\u00e1n formados por alv\u00e9olos, peque\u00f1os sacos que se llena de aire al respirar. En el caso de una infecci\u00f3n de neumon\u00eda, estos se llenan de pus y l\u00edquido, limitando la absorci\u00f3n de ox\u00edgeno y haciendo que la respiraci\u00f3n sea dolorosa. De acuerdo con la Organizaci\u00f3n [&hellip;]<\/p>\n","protected":false},"author":2,"featured_media":0,"parent":94,"menu_order":1,"comment_status":"closed","ping_status":"closed","template":"elementor_header_footer","meta":{"_monsterinsights_skip_tracking":false,"_monsterinsights_sitenote_active":false,"_monsterinsights_sitenote_note":"","_monsterinsights_sitenote_category":0,"spay_email":"","footnotes":""},"class_list":["post-896","page","type-page","status-publish","hentry"],"aioseo_notices":[],"yoast_head":"<!-- This site is optimized with the Yoast SEO plugin v17.5 - https:\/\/yoast.com\/wordpress\/plugins\/seo\/ -->\n<title>Neumon\u00eda - Ser integral<\/title>\n<meta name=\"robots\" content=\"index, follow, max-snippet:-1, max-image-preview:large, max-video-preview:-1\" \/>\n<link rel=\"canonical\" href=\"https:\/\/fai.org.co\/serintegral\/patologias\/neumonia\/\" \/>\n<meta property=\"og:locale\" content=\"es_ES\" \/>\n<meta property=\"og:type\" content=\"article\" \/>\n<meta property=\"og:title\" content=\"Neumon\u00eda - Ser integral\" \/>\n<meta property=\"og:description\" content=\"NEUMON\u00cdA Lo que debes saber sobre la Neumon\u00eda Los pulmones est\u00e1n formados por alv\u00e9olos, peque\u00f1os sacos que se llena de aire al respirar. En el caso de una infecci\u00f3n de neumon\u00eda, estos se llenan de pus y l\u00edquido, limitando la absorci\u00f3n de ox\u00edgeno y haciendo que la respiraci\u00f3n sea dolorosa. De acuerdo con la Organizaci\u00f3n [&hellip;]\" \/>\n<meta property=\"og:url\" content=\"https:\/\/fai.org.co\/serintegral\/patologias\/neumonia\/\" \/>\n<meta property=\"og:site_name\" content=\"Ser integral\" \/>\n<meta property=\"article:modified_time\" content=\"2022-07-30T17:15:25+00:00\" \/>\n<meta property=\"og:image\" content=\"https:\/\/fai.org.co\/serintegral\/wp-content\/uploads\/2021\/08\/neumonia-serintegral.png\" \/>\n<meta name=\"twitter:card\" content=\"summary_large_image\" \/>\n<meta name=\"twitter:label1\" content=\"Tiempo estimado de lectura\" \/>\n\t<meta name=\"twitter:data1\" content=\"6 minutos\" \/>\n<script type=\"application\/ld+json\" class=\"yoast-schema-graph\">{\"@context\":\"https:\/\/schema.org\",\"@graph\":[{\"@type\":\"WebSite\",\"@id\":\"https:\/\/fai.org.co\/serintegral\/#website\",\"url\":\"https:\/\/fai.org.co\/serintegral\/\",\"name\":\"Ser integral\",\"description\":\"\",\"potentialAction\":[{\"@type\":\"SearchAction\",\"target\":{\"@type\":\"EntryPoint\",\"urlTemplate\":\"https:\/\/fai.org.co\/serintegral\/?s={search_term_string}\"},\"query-input\":\"required name=search_term_string\"}],\"inLanguage\":\"es-CO\"},{\"@type\":\"ImageObject\",\"@id\":\"https:\/\/fai.org.co\/serintegral\/patologias\/neumonia\/#primaryimage\",\"inLanguage\":\"es-CO\",\"url\":\"https:\/\/fai.org.co\/serintegral\/wp-content\/uploads\/2021\/08\/neumonia-serintegral.png\",\"contentUrl\":\"https:\/\/fai.org.co\/serintegral\/wp-content\/uploads\/2021\/08\/neumonia-serintegral.png\",\"width\":1200,\"height\":600,\"caption\":\"Ser Integral - FAI Neumon\\u00eda\"},{\"@type\":\"WebPage\",\"@id\":\"https:\/\/fai.org.co\/serintegral\/patologias\/neumonia\/#webpage\",\"url\":\"https:\/\/fai.org.co\/serintegral\/patologias\/neumonia\/\",\"name\":\"Neumon\\u00eda - Ser integral\",\"isPartOf\":{\"@id\":\"https:\/\/fai.org.co\/serintegral\/#website\"},\"primaryImageOfPage\":{\"@id\":\"https:\/\/fai.org.co\/serintegral\/patologias\/neumonia\/#primaryimage\"},\"datePublished\":\"2021-08-02T13:02:04+00:00\",\"dateModified\":\"2022-07-30T17:15:25+00:00\",\"breadcrumb\":{\"@id\":\"https:\/\/fai.org.co\/serintegral\/patologias\/neumonia\/#breadcrumb\"},\"inLanguage\":\"es-CO\",\"potentialAction\":[{\"@type\":\"ReadAction\",\"target\":[\"https:\/\/fai.org.co\/serintegral\/patologias\/neumonia\/\"]}]},{\"@type\":\"BreadcrumbList\",\"@id\":\"https:\/\/fai.org.co\/serintegral\/patologias\/neumonia\/#breadcrumb\",\"itemListElement\":[{\"@type\":\"ListItem\",\"position\":1,\"name\":\"Inicio\",\"item\":\"https:\/\/fai.org.co\/serintegral\/\"},{\"@type\":\"ListItem\",\"position\":2,\"name\":\"Patolog\\u00edas\",\"item\":\"https:\/\/fai.org.co\/serintegral\/patologias\/\"},{\"@type\":\"ListItem\",\"position\":3,\"name\":\"Neumon\\u00eda\"}]}]}<\/script>\n<!-- \/ Yoast SEO plugin. -->","yoast_head_json":{"title":"Neumon\u00eda - Ser integral","robots":{"index":"index","follow":"follow","max-snippet":"max-snippet:-1","max-image-preview":"max-image-preview:large","max-video-preview":"max-video-preview:-1"},"canonical":"https:\/\/fai.org.co\/serintegral\/patologias\/neumonia\/","og_locale":"es_ES","og_type":"article","og_title":"Neumon\u00eda - Ser integral","og_description":"NEUMON\u00cdA Lo que debes saber sobre la Neumon\u00eda Los pulmones est\u00e1n formados por alv\u00e9olos, peque\u00f1os sacos que se llena de aire al respirar. En el caso de una infecci\u00f3n de neumon\u00eda, estos se llenan de pus y l\u00edquido, limitando la absorci\u00f3n de ox\u00edgeno y haciendo que la respiraci\u00f3n sea dolorosa. De acuerdo con la Organizaci\u00f3n [&hellip;]","og_url":"https:\/\/fai.org.co\/serintegral\/patologias\/neumonia\/","og_site_name":"Ser integral","article_modified_time":"2022-07-30T17:15:25+00:00","og_image":[{"url":"https:\/\/fai.org.co\/serintegral\/wp-content\/uploads\/2021\/08\/neumonia-serintegral.png"}],"twitter_card":"summary_large_image","twitter_misc":{"Tiempo estimado de lectura":"6 minutos"},"schema":{"@context":"https:\/\/schema.org","@graph":[{"@type":"WebSite","@id":"https:\/\/fai.org.co\/serintegral\/#website","url":"https:\/\/fai.org.co\/serintegral\/","name":"Ser integral","description":"","potentialAction":[{"@type":"SearchAction","target":{"@type":"EntryPoint","urlTemplate":"https:\/\/fai.org.co\/serintegral\/?s={search_term_string}"},"query-input":"required name=search_term_string"}],"inLanguage":"es-CO"},{"@type":"ImageObject","@id":"https:\/\/fai.org.co\/serintegral\/patologias\/neumonia\/#primaryimage","inLanguage":"es-CO","url":"https:\/\/fai.org.co\/serintegral\/wp-content\/uploads\/2021\/08\/neumonia-serintegral.png","contentUrl":"https:\/\/fai.org.co\/serintegral\/wp-content\/uploads\/2021\/08\/neumonia-serintegral.png","width":1200,"height":600,"caption":"Ser Integral - FAI Neumon\u00eda"},{"@type":"WebPage","@id":"https:\/\/fai.org.co\/serintegral\/patologias\/neumonia\/#webpage","url":"https:\/\/fai.org.co\/serintegral\/patologias\/neumonia\/","name":"Neumon\u00eda - Ser integral","isPartOf":{"@id":"https:\/\/fai.org.co\/serintegral\/#website"},"primaryImageOfPage":{"@id":"https:\/\/fai.org.co\/serintegral\/patologias\/neumonia\/#primaryimage"},"datePublished":"2021-08-02T13:02:04+00:00","dateModified":"2022-07-30T17:15:25+00:00","breadcrumb":{"@id":"https:\/\/fai.org.co\/serintegral\/patologias\/neumonia\/#breadcrumb"},"inLanguage":"es-CO","potentialAction":[{"@type":"ReadAction","target":["https:\/\/fai.org.co\/serintegral\/patologias\/neumonia\/"]}]},{"@type":"BreadcrumbList","@id":"https:\/\/fai.org.co\/serintegral\/patologias\/neumonia\/#breadcrumb","itemListElement":[{"@type":"ListItem","position":1,"name":"Inicio","item":"https:\/\/fai.org.co\/serintegral\/"},{"@type":"ListItem","position":2,"name":"Patolog\u00edas","item":"https:\/\/fai.org.co\/serintegral\/patologias\/"},{"@type":"ListItem","position":3,"name":"Neumon\u00eda"}]}]}},"_links":{"self":[{"href":"https:\/\/fai.org.co\/serintegral\/wp-json\/wp\/v2\/pages\/896","targetHints":{"allow":["GET"]}}],"collection":[{"href":"https:\/\/fai.org.co\/serintegral\/wp-json\/wp\/v2\/pages"}],"about":[{"href":"https:\/\/fai.org.co\/serintegral\/wp-json\/wp\/v2\/types\/page"}],"author":[{"embeddable":true,"href":"https:\/\/fai.org.co\/serintegral\/wp-json\/wp\/v2\/users\/2"}],"replies":[{"embeddable":true,"href":"https:\/\/fai.org.co\/serintegral\/wp-json\/wp\/v2\/comments?post=896"}],"version-history":[{"count":125,"href":"https:\/\/fai.org.co\/serintegral\/wp-json\/wp\/v2\/pages\/896\/revisions"}],"predecessor-version":[{"id":2326,"href":"https:\/\/fai.org.co\/serintegral\/wp-json\/wp\/v2\/pages\/896\/revisions\/2326"}],"up":[{"embeddable":true,"href":"https:\/\/fai.org.co\/serintegral\/wp-json\/wp\/v2\/pages\/94"}],"wp:attachment":[{"href":"https:\/\/fai.org.co\/serintegral\/wp-json\/wp\/v2\/media?parent=896"}],"curies":[{"name":"wp","href":"https:\/\/api.w.org\/{rel}","templated":true}]}}