{"id":915,"date":"2021-08-03T09:16:56","date_gmt":"2021-08-03T14:16:56","guid":{"rendered":"https:\/\/fai.org.co\/serintegral\/?page_id=915"},"modified":"2022-07-30T12:13:47","modified_gmt":"2022-07-30T17:13:47","slug":"meningitis","status":"publish","type":"page","link":"https:\/\/fai.org.co\/serintegral\/patologias\/meningitis\/","title":{"rendered":"Meningitis"},"content":{"rendered":"\t\t<div data-elementor-type=\"wp-page\" data-elementor-id=\"915\" class=\"elementor elementor-915\" data-elementor-settings=\"[]\">\n\t\t\t\t\t\t<div class=\"elementor-inner\">\n\t\t\t\t\t\t\t<div class=\"elementor-section-wrap\">\n\t\t\t\t\t\t\t<section class=\"elementor-section elementor-top-section elementor-element elementor-element-737fdbbe elementor-section-height-min-height elementor-section-boxed elementor-section-height-default elementor-section-items-middle\" data-id=\"737fdbbe\" data-element_type=\"section\" data-settings=\"{&quot;background_background&quot;:&quot;classic&quot;}\">\n\t\t\t\t\t\t\t<div class=\"elementor-background-overlay\"><\/div>\n\t\t\t\t\t\t\t<div class=\"elementor-container elementor-column-gap-default\">\n\t\t\t\t\t\t\t<div class=\"elementor-row\">\n\t\t\t\t\t<div class=\"elementor-column elementor-col-100 elementor-top-column elementor-element elementor-element-651ceb9e\" data-id=\"651ceb9e\" data-element_type=\"column\">\n\t\t\t<div class=\"elementor-column-wrap elementor-element-populated\">\n\t\t\t\t\t\t\t<div class=\"elementor-widget-wrap\">\n\t\t\t\t\t\t<div class=\"elementor-element elementor-element-6a2a1a66 elementor-widget elementor-widget-heading\" data-id=\"6a2a1a66\" data-element_type=\"widget\" data-widget_type=\"heading.default\">\n\t\t\t\t<div class=\"elementor-widget-container\">\n\t\t\t<h1 class=\"elementor-heading-title elementor-size-default\">MENINGITIS<\/h1>\t\t<\/div>\n\t\t\t\t<\/div>\n\t\t\t\t\t\t<\/div>\n\t\t\t\t\t<\/div>\n\t\t<\/div>\n\t\t\t\t\t\t\t\t<\/div>\n\t\t\t\t\t<\/div>\n\t\t<\/section>\n\t\t\t\t<section class=\"elementor-section elementor-top-section elementor-element elementor-element-43ce1189 elementor-section-boxed elementor-section-height-default elementor-section-height-default\" data-id=\"43ce1189\" data-element_type=\"section\">\n\t\t\t\t\t\t<div class=\"elementor-container elementor-column-gap-default\">\n\t\t\t\t\t\t\t<div class=\"elementor-row\">\n\t\t\t\t\t<div class=\"elementor-column elementor-col-50 elementor-top-column elementor-element elementor-element-5a7f4c35\" data-id=\"5a7f4c35\" data-element_type=\"column\">\n\t\t\t<div class=\"elementor-column-wrap elementor-element-populated\">\n\t\t\t\t\t\t\t<div class=\"elementor-widget-wrap\">\n\t\t\t\t\t\t<div class=\"elementor-element elementor-element-63f9f107 elementor-widget elementor-widget-image\" data-id=\"63f9f107\" data-element_type=\"widget\" data-widget_type=\"image.default\">\n\t\t\t\t<div class=\"elementor-widget-container\">\n\t\t\t\t\t\t\t\t<div class=\"elementor-image\">\n\t\t\t\t\t\t\t\t\t\t\t\t<img loading=\"lazy\" decoding=\"async\" width=\"1200\" height=\"600\" src=\"https:\/\/fai.org.co\/serintegral\/wp-content\/uploads\/2021\/08\/meningiti-serintegral-fai-1.jpg\" class=\"attachment-full size-full\" alt=\"\" srcset=\"https:\/\/fai.org.co\/serintegral\/wp-content\/uploads\/2021\/08\/meningiti-serintegral-fai-1.jpg 1200w, https:\/\/fai.org.co\/serintegral\/wp-content\/uploads\/2021\/08\/meningiti-serintegral-fai-1-300x150.jpg 300w, https:\/\/fai.org.co\/serintegral\/wp-content\/uploads\/2021\/08\/meningiti-serintegral-fai-1-1024x512.jpg 1024w, https:\/\/fai.org.co\/serintegral\/wp-content\/uploads\/2021\/08\/meningiti-serintegral-fai-1-768x384.jpg 768w\" sizes=\"auto, (max-width: 1200px) 100vw, 1200px\" \/>\t\t\t\t\t\t\t\t\t\t\t\t\t\t<\/div>\n\t\t\t\t\t\t<\/div>\n\t\t\t\t<\/div>\n\t\t\t\t<div class=\"elementor-element elementor-element-5b1b209e elementor-widget elementor-widget-heading\" data-id=\"5b1b209e\" data-element_type=\"widget\" data-widget_type=\"heading.default\">\n\t\t\t\t<div class=\"elementor-widget-container\">\n\t\t\t<h2 class=\"elementor-heading-title elementor-size-small\">Lo que debes saber sobre la Meningitis<\/h2>\t\t<\/div>\n\t\t\t\t<\/div>\n\t\t\t\t<div class=\"elementor-element elementor-element-276ccd12 elementor-widget elementor-widget-text-editor\" data-id=\"276ccd12\" data-element_type=\"widget\" data-widget_type=\"text-editor.default\">\n\t\t\t\t<div class=\"elementor-widget-container\">\n\t\t\t\t\t\t\t\t<div class=\"elementor-text-editor elementor-clearfix\">\n\t\t\t\t<p>La meningitis es una inflamaci\u00f3n de las membranas que rodean al cerebro y la m\u00e9dula espinal. Habitualmente tienen una causa infecciosa y dentro de las meningitis infecciosas, podemos distinguir entre producidas por virus, origen bacteriano y las m\u00e1s raras, ocasionadas por hongos.<\/p><p>Hasta el momento, estudios ayudan a confirmar que las meningitis v\u00edricas son benignas y se suelen resolver de forma espont\u00e1nea, pero, las meningitis bacterianas son graves y requieren tratamiento antibi\u00f3tico lo antes posible, porque pueden llegar\u00a0 ser mortales.<\/p>\t\t\t\t\t<\/div>\n\t\t\t\t\t\t<\/div>\n\t\t\t\t<\/div>\n\t\t\t\t<div class=\"elementor-element elementor-element-b6eef10 elementor-widget elementor-widget-image\" data-id=\"b6eef10\" data-element_type=\"widget\" data-widget_type=\"image.default\">\n\t\t\t\t<div class=\"elementor-widget-container\">\n\t\t\t\t\t\t\t\t<div class=\"elementor-image\">\n\t\t\t\t\t\t\t\t\t\t\t\t\t<a href=\"https:\/\/bit.ly\/serintegral-meningitis\" target=\"_blank\">\n\t\t\t\t\t\t\t<img loading=\"lazy\" decoding=\"async\" width=\"800\" height=\"200\" src=\"https:\/\/fai.org.co\/serintegral\/wp-content\/uploads\/2021\/09\/Ser-Integral-meningitis-min-1024x256.png\" class=\"attachment-large size-large\" alt=\"meningitis - ser integral\" srcset=\"https:\/\/fai.org.co\/serintegral\/wp-content\/uploads\/2021\/09\/Ser-Integral-meningitis-min-1024x256.png 1024w, https:\/\/fai.org.co\/serintegral\/wp-content\/uploads\/2021\/09\/Ser-Integral-meningitis-min-300x75.png 300w, https:\/\/fai.org.co\/serintegral\/wp-content\/uploads\/2021\/09\/Ser-Integral-meningitis-min-768x192.png 768w, https:\/\/fai.org.co\/serintegral\/wp-content\/uploads\/2021\/09\/Ser-Integral-meningitis-min-1536x384.png 1536w, https:\/\/fai.org.co\/serintegral\/wp-content\/uploads\/2021\/09\/Ser-Integral-meningitis-min-2048x512.png 2048w\" sizes=\"auto, (max-width: 800px) 100vw, 800px\" \/>\t\t\t\t\t\t\t\t<\/a>\n\t\t\t\t\t\t\t\t\t\t\t\t\t\t<\/div>\n\t\t\t\t\t\t<\/div>\n\t\t\t\t<\/div>\n\t\t\t\t<div class=\"elementor-element elementor-element-5f2436ad elementor-widget-divider--view-line elementor-widget elementor-widget-divider\" data-id=\"5f2436ad\" data-element_type=\"widget\" data-widget_type=\"divider.default\">\n\t\t\t\t<div class=\"elementor-widget-container\">\n\t\t\t\t\t<div class=\"elementor-divider\">\n\t\t\t<span class=\"elementor-divider-separator\">\n\t\t\t\t\t\t<\/span>\n\t\t<\/div>\n\t\t\t\t<\/div>\n\t\t\t\t<\/div>\n\t\t\t\t<div class=\"elementor-element elementor-element-86853b7 elementor-widget elementor-widget-image\" data-id=\"86853b7\" data-element_type=\"widget\" data-widget_type=\"image.default\">\n\t\t\t\t<div class=\"elementor-widget-container\">\n\t\t\t\t\t\t\t\t<div class=\"elementor-image\">\n\t\t\t\t\t\t\t\t\t\t\t\t<img loading=\"lazy\" decoding=\"async\" width=\"800\" height=\"800\" src=\"https:\/\/fai.org.co\/serintegral\/wp-content\/uploads\/2022\/07\/2-JUNIO-1024x1024.jpg\" class=\"attachment-large size-large\" alt=\"\" srcset=\"https:\/\/fai.org.co\/serintegral\/wp-content\/uploads\/2022\/07\/2-JUNIO-1024x1024.jpg 1024w, https:\/\/fai.org.co\/serintegral\/wp-content\/uploads\/2022\/07\/2-JUNIO-300x300.jpg 300w, https:\/\/fai.org.co\/serintegral\/wp-content\/uploads\/2022\/07\/2-JUNIO-150x150.jpg 150w, https:\/\/fai.org.co\/serintegral\/wp-content\/uploads\/2022\/07\/2-JUNIO-768x768.jpg 768w, https:\/\/fai.org.co\/serintegral\/wp-content\/uploads\/2022\/07\/2-JUNIO.jpg 1080w\" sizes=\"auto, (max-width: 800px) 100vw, 800px\" \/>\t\t\t\t\t\t\t\t\t\t\t\t\t\t<\/div>\n\t\t\t\t\t\t<\/div>\n\t\t\t\t<\/div>\n\t\t\t\t<div class=\"elementor-element elementor-element-7b18594e elementor-widget elementor-widget-heading\" data-id=\"7b18594e\" data-element_type=\"widget\" data-widget_type=\"heading.default\">\n\t\t\t\t<div class=\"elementor-widget-container\">\n\t\t\t<h2 class=\"elementor-heading-title elementor-size-small\">\u00bfC\u00f3mo se transmite?<\/h2>\t\t<\/div>\n\t\t\t\t<\/div>\n\t\t\t\t<div class=\"elementor-element elementor-element-4b30e7d5 elementor-widget elementor-widget-text-editor\" data-id=\"4b30e7d5\" data-element_type=\"widget\" data-widget_type=\"text-editor.default\">\n\t\t\t\t<div class=\"elementor-widget-container\">\n\t\t\t\t\t\t\t\t<div class=\"elementor-text-editor elementor-clearfix\">\n\t\t\t\t<p>La causa m\u00e1s com\u00fan de la meningitis son las infecciones virales y las infecciones bacterianas, las segundas m\u00e1s mortales qu\u00e9 las primeras, por lo que es primordial identificar las causas previamente.<\/p><p>En el caso de las meningitis bacterianas, se presenta debido a bacteria que ingresa al torrente sangu\u00edneo, viajando hasta el cerebro y la m\u00e9dula espinal. Tambi\u00e9n puede manifestarse cuando las bacterias invaden directamente las meninges.<\/p><p>Las m\u00e1s comunes de las cepas de bacterias que provocan meningitis bacteriana aguda son las siguientes:<\/p><ul><li><strong><em>Streptococcus pneumoniae (neumococo)<\/em><\/strong>: La causa m\u00e1s frecuente de meningitis bacteriana en beb\u00e9s, ni\u00f1os peque\u00f1os y adulto en los Estados Unidos de acuerdo con el CDC. La mayor\u00eda de las veces causa neumon\u00eda, infecci\u00f3n de o\u00eddo o infecci\u00f3n de los senos paranasales. Una vacuna puede ayudar a prevenir esta infecci\u00f3n.<\/li><li><strong><em>Neisseria meningitidis (meningococo)<\/em><\/strong>: Estas bacterias normalmente causan infecci\u00f3n de las v\u00edas respiratorias superiores, pero pueden provocar meningitis meningoc\u00f3cica cuando ingresan en el torrente sangu\u00edneo. Es una infecci\u00f3n muy contagiosa que afecta principalmente a adolescentes y adultos j\u00f3venes. Una vacuna puede ayudar a prevenir la infecci\u00f3n<\/li><li><strong><em>Haemophilus influenzae (hem\u00f3filo)<\/em><\/strong>: La bacteria Haemophilus influenzae tipo B (Hib) en alg\u00fan momento fue la principal causa de meningitis bacteriana en ni\u00f1os. Sin embargo, las vacunas contra el Hib han reducido considerablemente la cantidad de casos de este tipo de meningitis.<\/li><li><em><strong>Listeria monocytogenes (listeria)<\/strong>:<\/em> Esta bacteria se puede encontrar en quesos no pasteurizados, perros calientes y carnes procesadas. Las mujeres embarazadas, los reci\u00e9n nacidos, los adultos mayores y las personas con sistemas inmunitarios debilitados constituyen la poblaci\u00f3n m\u00e1s vulnerable. La listeria puede atravesar la barrera placentaria, y la infecci\u00f3n en una etapa avanzada del embarazo puede ser mortal para el beb\u00e9.<\/li><\/ul><p>La forma como se transmite la bacteria es a trav\u00e9s de peque\u00f1as gotas de las secreciones respiratorias o de la garganta, facilitada por el contacto estrecho y prolongado con una persona infectada. Donde es importante sabe que el periodo de incubaci\u00f3n medio es de 4 d\u00edas, pero puede oscilar entre 2 y 10 d\u00edas.<\/p><blockquote><p><em>\u201cSe han identificado 12 serogrupos de Neisseria meningitidis, seis de los cuales (A, B, C, W, X e Y) pueden causar epidemias. La distribuci\u00f3n geogr\u00e1fica y el potencial epid\u00e9mico var\u00eda seg\u00fan el serogrupo\u201d Organizaci\u00f3n Mundial de la Salud.<\/em><\/p><\/blockquote><p>De acuerdo con la OMS, \u201cLa <em>neisseria meningitidis<\/em> solo infecta al ser humano. Hay personas que son portadoras far\u00edngeas de la bacteria, que a veces, por razones no totalmente esclarecidas, puede superar las defensas del organismo y propagarse al cerebro a trav\u00e9s del torrente sangu\u00edneo. Se cree que un 10 a 20% de la poblaci\u00f3n es portadora de <em>Neisseria meningitidis<\/em>, aunque la tasa de portadores puede ser m\u00e1s elevada en situaciones epid\u00e9micas\u201d.<\/p>\t\t\t\t\t<\/div>\n\t\t\t\t\t\t<\/div>\n\t\t\t\t<\/div>\n\t\t\t\t<div class=\"elementor-element elementor-element-60dd3f5a elementor-widget-divider--view-line elementor-widget elementor-widget-divider\" data-id=\"60dd3f5a\" data-element_type=\"widget\" data-widget_type=\"divider.default\">\n\t\t\t\t<div class=\"elementor-widget-container\">\n\t\t\t\t\t<div class=\"elementor-divider\">\n\t\t\t<span class=\"elementor-divider-separator\">\n\t\t\t\t\t\t<\/span>\n\t\t<\/div>\n\t\t\t\t<\/div>\n\t\t\t\t<\/div>\n\t\t\t\t<div class=\"elementor-element elementor-element-7ea583d8 elementor-widget elementor-widget-heading\" data-id=\"7ea583d8\" data-element_type=\"widget\" data-widget_type=\"heading.default\">\n\t\t\t\t<div class=\"elementor-widget-container\">\n\t\t\t<h2 class=\"elementor-heading-title elementor-size-small\">\u00bfC\u00f3mo se previene?<\/h2>\t\t<\/div>\n\t\t\t\t<\/div>\n\t\t\t\t<div class=\"elementor-element elementor-element-6e62777b elementor-widget elementor-widget-text-editor\" data-id=\"6e62777b\" data-element_type=\"widget\" data-widget_type=\"text-editor.default\">\n\t\t\t\t<div class=\"elementor-widget-container\">\n\t\t\t\t\t\t\t\t<div class=\"elementor-text-editor elementor-clearfix\">\n\t\t\t\t<p>De acuerdo con como lo determina la OMS, la importancia que se le debe dar a la enfermedad meningoc\u00f3cica siempre debe ser prioritaria, como urgencia m\u00e9dica, ya que puede ser mortal. Sin embargo, el paciente no requiere aislamiento. \u201cEl tratamiento antibi\u00f3tico apropiado debe comenzar lo antes posible, de preferencia despu\u00e9s de la punci\u00f3n lumbar, siempre que esta se pueda practicar inmediatamente\u201d.<\/p><p>Sin embargo, el m\u00e9todo m\u00e1s efectivo para prevenir medidas de tratamiento m\u00e9dico es la vacunaci\u00f3n:<\/p><ul><li>Las vacunas a base de polisac\u00e1ridos est\u00e1n disponibles desde hace m\u00e1s de 30 a\u00f1os. Dichas vacunas pueden ser bivalentes (grupos A y C), trivalentes (grupos A, C y W) o tetravalentes (grupos A, C, Y y W135).<\/li><li>No se pueden desarrollar vacunas contra el grupo B a base de polisac\u00e1ridos por el mimetismo antig\u00e9nico de estos con polisac\u00e1ridos del tejido nervioso humano. La primera vacuna contra &lt;i&lt;n.&gt;del grupo B (NmB), integrada por una combinaci\u00f3n de 4 componentes prote\u00ednicos, sali\u00f3 a la luz en 2014.&lt;\/i&lt;n.&gt;<\/li><li>Desde 1999 disponemos de vacunas conjugadas contra el meningococo del grupo C que han sido ampliamente utilizadas. Desde 2005 se ha autorizado en los Estados Unidos de Am\u00e9rica, Canad\u00e1 y Europa una vacuna conjugada tetravalente (grupos A, C, Y y W135) para ni\u00f1os y adultos.<\/li><\/ul><p>La vacuna conjugada contra los meningococos del grupo A presenta varias ventajas frente a las vacunas de polisac\u00e1ridos:<\/p><ul><li>Induce una respuesta inmune superior y m\u00e1s duradera contra los meningococos del grupo A.<\/li><li>Reduce el transporte de la bacteria en la garganta y por tanto su transmisi\u00f3n;<br \/>se espera que ofrezca protecci\u00f3n a largo plazo no solo a las personas vacunadas, sino tambi\u00e9n a sus familiares y a otras personas que de lo contrario hubieran estado expuestas a la meningitis.<\/li><li>Tiene un precio inferior al de otras vacunas contra los meningococos.<\/li><li>Se espera que sea especialmente efectiva en la protecci\u00f3n de menores de 2 a\u00f1os, que no responden a las vacunas convencionales de polisac\u00e1ridos.<\/li><\/ul>\t\t\t\t\t<\/div>\n\t\t\t\t\t\t<\/div>\n\t\t\t\t<\/div>\n\t\t\t\t<div class=\"elementor-element elementor-element-5bc45a41 elementor-widget-divider--view-line elementor-widget elementor-widget-divider\" data-id=\"5bc45a41\" data-element_type=\"widget\" data-widget_type=\"divider.default\">\n\t\t\t\t<div class=\"elementor-widget-container\">\n\t\t\t\t\t<div class=\"elementor-divider\">\n\t\t\t<span class=\"elementor-divider-separator\">\n\t\t\t\t\t\t<\/span>\n\t\t<\/div>\n\t\t\t\t<\/div>\n\t\t\t\t<\/div>\n\t\t\t\t<div class=\"elementor-element elementor-element-5b1bc8e1 elementor-widget elementor-widget-heading\" data-id=\"5b1bc8e1\" data-element_type=\"widget\" data-widget_type=\"heading.default\">\n\t\t\t\t<div class=\"elementor-widget-container\">\n\t\t\t<h2 class=\"elementor-heading-title elementor-size-small\">Informaci\u00f3n clave sobre la meningitis<\/h2>\t\t<\/div>\n\t\t\t\t<\/div>\n\t\t\t\t<div class=\"elementor-element elementor-element-6a96723f borde-inf elementor-widget elementor-widget-accordion\" data-id=\"6a96723f\" data-element_type=\"widget\" data-widget_type=\"accordion.default\">\n\t\t\t\t<div class=\"elementor-widget-container\">\n\t\t\t\t\t<div class=\"elementor-accordion\" role=\"tablist\">\n\t\t\t\t\t\t\t<div class=\"elementor-accordion-item\">\n\t\t\t\t\t<h5 id=\"elementor-tab-title-1781\" class=\"elementor-tab-title\" data-tab=\"1\" role=\"tab\" aria-controls=\"elementor-tab-content-1781\" aria-expanded=\"false\">\n\t\t\t\t\t\t\t\t\t\t\t\t\t<span class=\"elementor-accordion-icon elementor-accordion-icon-left\" aria-hidden=\"true\">\n\t\t\t\t\t\t\t\t\t\t\t\t\t\t\t<span class=\"elementor-accordion-icon-closed\"><i class=\"fas fa-plus\"><\/i><\/span>\n\t\t\t\t\t\t\t\t<span class=\"elementor-accordion-icon-opened\"><i class=\"fas fa-minus\"><\/i><\/span>\n\t\t\t\t\t\t\t\t\t\t\t\t\t\t<\/span>\n\t\t\t\t\t\t\t\t\t\t\t\t<a class=\"elementor-accordion-title\" href=\"\">\u00bfCu\u00e1les son los s\u00edntomas de la meningitis?<\/a>\n\t\t\t\t\t<\/h5>\n\t\t\t\t\t<div id=\"elementor-tab-content-1781\" class=\"elementor-tab-content elementor-clearfix\" data-tab=\"1\" role=\"tabpanel\" aria-labelledby=\"elementor-tab-title-1781\"><p>Los s\u00edntomas o manifestaciones que pueden llegar a generar alerta de meningitis, m\u00e1s frecuentes, son:<\/p><ul><li>Cefalea<\/li><li>Fiebre elevada.<\/li><li>N\u00e1useas y v\u00f3mitos.<\/li><li>Fotosensibilidad (sensibilidad excesiva a la luz).<\/li><li>Rigidez en la nuca.<\/li><\/ul><p>De acuerdo con la OMS, incluso cuando se diagnostica tempranamente y recibe tratamiento adecuado, un 5 a 10% de los pacientes fallece, generalmente en las primeras 24 a 48 horas tras la aparici\u00f3n de los s\u00edntomas. La meningitis bacteriana puede producir da\u00f1os cerebrales, sordera o discapacidad de aprendizaje en un 10 a 20% de los supervivientes.<\/p><p>Una forma menos frecuente pero a\u00fan m\u00e1s grave de enfermedad meningoc\u00f3cica es la septicemia meningoc\u00f3cica, que se caracteriza por una erupci\u00f3n cut\u00e1nea hemorr\u00e1gica y colapso circulatorio r\u00e1pido.<\/p><\/div>\n\t\t\t\t<\/div>\n\t\t\t\t\t\t\t<div class=\"elementor-accordion-item\">\n\t\t\t\t\t<h5 id=\"elementor-tab-title-1782\" class=\"elementor-tab-title\" data-tab=\"2\" role=\"tab\" aria-controls=\"elementor-tab-content-1782\" aria-expanded=\"false\">\n\t\t\t\t\t\t\t\t\t\t\t\t\t<span class=\"elementor-accordion-icon elementor-accordion-icon-left\" aria-hidden=\"true\">\n\t\t\t\t\t\t\t\t\t\t\t\t\t\t\t<span class=\"elementor-accordion-icon-closed\"><i class=\"fas fa-plus\"><\/i><\/span>\n\t\t\t\t\t\t\t\t<span class=\"elementor-accordion-icon-opened\"><i class=\"fas fa-minus\"><\/i><\/span>\n\t\t\t\t\t\t\t\t\t\t\t\t\t\t<\/span>\n\t\t\t\t\t\t\t\t\t\t\t\t<a class=\"elementor-accordion-title\" href=\"\">\u00bfCu\u00e1les son factores de riesgo?<\/a>\n\t\t\t\t\t<\/h5>\n\t\t\t\t\t<div id=\"elementor-tab-content-1782\" class=\"elementor-tab-content elementor-clearfix\" data-tab=\"2\" role=\"tabpanel\" aria-labelledby=\"elementor-tab-title-1782\"><p>Hay ciertos grupos de personas que tienen mayor riesgo de contraer meningitis, entre los cuales se encuentran diferenciados como:<\/p><ul><li>Por edad: Cualquier persona puede sufrir de meningitis, ya que para diferentes edades existen diferentes tipos de bacterias que podr\u00eda generar complicaciones, sin embargo, los m\u00e1s vulnerables son los reci\u00e9n nacidos, beb\u00e9s y ni\u00f1os hasta los 5 a\u00f1os.<\/li><li>Entorno del grupo: Es com\u00fan que, en espacios de reuni\u00f3n de grupos grandes de personas, las enfermedades infecciosas tiendan a transmitirse con m\u00e1s facilidades y rapidez.<\/li><li>Ciertos problemas m\u00e9dicos: Existen ciertas afecciones, medicamentos y procedimientos quir\u00fargicos que ponen a las personas en mayor riesgo de contraer meningitis.<\/li><li>Trabajar con pat\u00f3genos que causan meningitis: Las personas que trabajan estando expuestas en forma rutinaria a las bacterias que causan la meningitis tienen un riesgo mayor de contraer la enfermedad.<\/li><\/ul><\/div>\n\t\t\t\t<\/div>\n\t\t\t\t\t\t\t<div class=\"elementor-accordion-item\">\n\t\t\t\t\t<h5 id=\"elementor-tab-title-1783\" class=\"elementor-tab-title\" data-tab=\"3\" role=\"tab\" aria-controls=\"elementor-tab-content-1783\" aria-expanded=\"false\">\n\t\t\t\t\t\t\t\t\t\t\t\t\t<span class=\"elementor-accordion-icon elementor-accordion-icon-left\" aria-hidden=\"true\">\n\t\t\t\t\t\t\t\t\t\t\t\t\t\t\t<span class=\"elementor-accordion-icon-closed\"><i class=\"fas fa-plus\"><\/i><\/span>\n\t\t\t\t\t\t\t\t<span class=\"elementor-accordion-icon-opened\"><i class=\"fas fa-minus\"><\/i><\/span>\n\t\t\t\t\t\t\t\t\t\t\t\t\t\t<\/span>\n\t\t\t\t\t\t\t\t\t\t\t\t<a class=\"elementor-accordion-title\" href=\"\">\u00bfQu\u00e9 tipos de meningitis existen?<\/a>\n\t\t\t\t\t<\/h5>\n\t\t\t\t\t<div id=\"elementor-tab-content-1783\" class=\"elementor-tab-content elementor-clearfix\" data-tab=\"3\" role=\"tabpanel\" aria-labelledby=\"elementor-tab-title-1783\"><ul><li><strong>Meningitis bacteriana:<\/strong> Las bacterias que ingresan en el torrente sangu\u00edneo y viajan hasta el cerebro y la m\u00e9dula espinal pueden causar meningitis bacteriana aguda.<\/li><li><strong>Meningitis viral:<\/strong> Por lo general, la meningitis viral es leve y a menudo desaparece por s\u00ed sola.<\/li><li><strong>Meningitis cr\u00f3nica:<\/strong> Los organismos de crecimiento lento (como los hongos y la bacteria <em>Mycobacterium tuberculosis<\/em>) que invaden las membranas y el l\u00edquido que rodea al cerebro causan meningitis cr\u00f3nica.<\/li><li><strong>Meningitis f\u00fangica:<\/strong> La meningitis mic\u00f3tica es relativamente poco com\u00fan de acuerdo con la CDC de EE.UU. Puede ser similar a la meningitis bacteriana aguda. A menudo se contrae al inhalar esporas de hongos que se pueden encontrar en el suelo, la madera en descomposici\u00f3n y excrementos de aves. No se contagia de una persona a otra.<\/li><li><strong>Meningitis parasitaria:<\/strong> Los par\u00e1sitos pueden causar un tipo poco frecuente de meningitis llamada meningitis eosinof\u00edlica. La meningitis parasitaria tambi\u00e9n puede estar causada por una infecci\u00f3n por tenia en el cerebro (cisticercosis) o malaria cerebral.<\/li><li>Y otro tipos de meningitis por causas no infecciosas.<\/li><\/ul><\/div>\n\t\t\t\t<\/div>\n\t\t\t\t\t\t\t\t<\/div>\n\t\t\t\t<\/div>\n\t\t\t\t<\/div>\n\t\t\t\t<div class=\"elementor-element elementor-element-6caa427 elementor-widget elementor-widget-template\" data-id=\"6caa427\" data-element_type=\"widget\" data-widget_type=\"template.default\">\n\t\t\t\t<div class=\"elementor-widget-container\">\n\t\t\t\t\t<div class=\"elementor-template\">\n\t\t\t\t\t<\/div>\n\t\t\t\t<\/div>\n\t\t\t\t<\/div>\n\t\t\t\t\t\t<\/div>\n\t\t\t\t\t<\/div>\n\t\t<\/div>\n\t\t\t\t<div class=\"elementor-column elementor-col-50 elementor-top-column elementor-element elementor-element-8e9137f\" data-id=\"8e9137f\" data-element_type=\"column\">\n\t\t\t<div class=\"elementor-column-wrap elementor-element-populated\">\n\t\t\t\t\t\t\t<div class=\"elementor-widget-wrap\">\n\t\t\t\t\t\t<div class=\"elementor-element elementor-element-2aa28384 elementor-widget elementor-widget-heading\" data-id=\"2aa28384\" data-element_type=\"widget\" data-widget_type=\"heading.default\">\n\t\t\t\t<div class=\"elementor-widget-container\">\n\t\t\t<h2 class=\"elementor-heading-title elementor-size-default\">\u00bfBUSCAS AYUDA<br>\nO MAYOR INFORMACI\u00d3N?<\/h2>\t\t<\/div>\n\t\t\t\t<\/div>\n\t\t\t\t<div class=\"elementor-element elementor-element-36a38543 elementor-widget elementor-widget-shortcode\" data-id=\"36a38543\" data-element_type=\"widget\" data-widget_type=\"shortcode.default\">\n\t\t\t\t<div class=\"elementor-widget-container\">\n\t\t\t\t\t<div class=\"elementor-shortcode\"><div role=\"form\" class=\"wpcf7\" id=\"wpcf7-f330-o1\" lang=\"es-CO\" dir=\"ltr\">\n<div class=\"screen-reader-response\"><p role=\"status\" aria-live=\"polite\" aria-atomic=\"true\"><\/p> <ul><\/ul><\/div>\n<form action=\"\/serintegral\/wp-json\/wp\/v2\/pages\/915#wpcf7-f330-o1\" method=\"post\" class=\"wpcf7-form init\" novalidate=\"novalidate\" data-status=\"init\">\n<div style=\"display: none;\">\n<input type=\"hidden\" name=\"_wpcf7\" value=\"330\" \/>\n<input type=\"hidden\" name=\"_wpcf7_version\" value=\"5.5.2\" \/>\n<input type=\"hidden\" name=\"_wpcf7_locale\" value=\"es_CO\" \/>\n<input type=\"hidden\" name=\"_wpcf7_unit_tag\" value=\"wpcf7-f330-o1\" \/>\n<input type=\"hidden\" name=\"_wpcf7_container_post\" value=\"0\" \/>\n<input type=\"hidden\" name=\"_wpcf7_posted_data_hash\" value=\"\" \/>\n<input type=\"hidden\" name=\"_wpcf7_recaptcha_response\" value=\"\" \/>\n<\/div>\n<p><span class=\"wpcf7-form-control-wrap your-name\"><input type=\"text\" name=\"your-name\" value=\"\" size=\"40\" class=\"wpcf7-form-control wpcf7-text wpcf7-validates-as-required\" aria-required=\"true\" aria-invalid=\"false\" placeholder=\"Nombre\" \/><\/span> <\/p>\n<p>    <span class=\"wpcf7-form-control-wrap your-email\"><input type=\"email\" name=\"your-email\" value=\"\" size=\"40\" class=\"wpcf7-form-control wpcf7-text wpcf7-email wpcf7-validates-as-required wpcf7-validates-as-email\" aria-required=\"true\" aria-invalid=\"false\" placeholder=\"Correo electr\u00f3nico\" \/><\/span> <\/p>\n<p>    <span class=\"wpcf7-form-control-wrap your-message\"><textarea name=\"your-message\" cols=\"40\" rows=\"10\" class=\"wpcf7-form-control wpcf7-textarea\" aria-invalid=\"false\" placeholder=\"Mensaje\"><\/textarea><\/span> <\/p>\n<p>    <label>\n<span class=\"wpcf7-form-control-wrap recaptcha\" data-name=\"recaptcha\"><span data-sitekey=\"6LeDbAkqAAAAAOPcMigVktWY3cF2E1WE5KwlFpSK\" class=\"wpcf7-form-control g-recaptcha wpcf7-recaptcha\"><\/span>\r\n<noscript>\r\n\t<div class=\"grecaptcha-noscript\">\r\n\t\t<iframe loading=\"lazy\" src=\"https:\/\/www.google.com\/recaptcha\/api\/fallback?k=6LeDbAkqAAAAAOPcMigVktWY3cF2E1WE5KwlFpSK\" frameborder=\"0\" scrolling=\"no\" width=\"310\" height=\"430\">\r\n\t\t<\/iframe>\r\n\t\t<textarea name=\"g-recaptcha-response\" rows=\"3\" cols=\"40\" placeholder=\"reCaptcha Response Here\">\r\n\t\t<\/textarea>\r\n\t<\/div>\r\n<\/noscript>\r\n<\/span>\n<p><\/label><\/p>\n<p><input type=\"submit\" value=\"Enviar\" class=\"wpcf7-form-control has-spinner wpcf7-submit\" \/><\/p>\n<div class=\"wpcf7-response-output\" aria-hidden=\"true\"><\/div><\/form><\/div><\/div>\n\t\t\t\t<\/div>\n\t\t\t\t<\/div>\n\t\t\t\t<div class=\"elementor-element elementor-element-4f3dadc7 elementor-widget elementor-widget-heading\" data-id=\"4f3dadc7\" data-element_type=\"widget\" data-widget_type=\"heading.default\">\n\t\t\t\t<div class=\"elementor-widget-container\">\n\t\t\t<h2 class=\"elementor-heading-title elementor-size-default\">Videos Recientes<\/h2>\t\t<\/div>\n\t\t\t\t<\/div>\n\t\t\t\t<div class=\"elementor-element elementor-element-430ee11 elementor-grid-1 elementor-grid-tablet-2 elementor-grid-mobile-1 elementor-posts--thumbnail-top elementor-card-shadow-yes elementor-posts__hover-gradient elementor-widget elementor-widget-posts\" data-id=\"430ee11\" data-element_type=\"widget\" data-settings=\"{&quot;cards_columns&quot;:&quot;1&quot;,&quot;cards_columns_tablet&quot;:&quot;2&quot;,&quot;cards_columns_mobile&quot;:&quot;1&quot;,&quot;cards_row_gap&quot;:{&quot;unit&quot;:&quot;px&quot;,&quot;size&quot;:35,&quot;sizes&quot;:[]}}\" data-widget_type=\"posts.cards\">\n\t\t\t\t<div class=\"elementor-widget-container\">\n\t\t\t\t\t<div class=\"elementor-posts-container elementor-posts elementor-posts--skin-cards elementor-grid\">\n\t\t\t\t<article class=\"elementor-post elementor-grid-item post-2515 post type-post status-publish format-standard has-post-thumbnail hentry category-covid-19-videos category-covid-19 category-hepatitis-c category-hepatitis-c-videos category-influenza category-influenza-videos category-meningitis category-meningitis-videos category-neumonia category-neumonia-videos category-videos category-vih-sida-videos category-vih-sida\">\n\t\t\t<div class=\"elementor-post__card\">\n\t\t\t\t<a class=\"elementor-post__thumbnail__link\" href=\"https:\/\/fai.org.co\/serintegral\/videos\/5-tips-en-antibioticoterapia-doctor-gustavo-roncancio\/\" >\n\t\t\t<div class=\"elementor-post__thumbnail\"><img loading=\"lazy\" decoding=\"async\" width=\"768\" height=\"432\" src=\"https:\/\/fai.org.co\/serintegral\/wp-content\/uploads\/2022\/11\/DOCTOR-GUSTAVO-RONCANCIO--768x432.jpg\" class=\"attachment-medium_large size-medium_large\" alt=\"\" srcset=\"https:\/\/fai.org.co\/serintegral\/wp-content\/uploads\/2022\/11\/DOCTOR-GUSTAVO-RONCANCIO--768x432.jpg 768w, https:\/\/fai.org.co\/serintegral\/wp-content\/uploads\/2022\/11\/DOCTOR-GUSTAVO-RONCANCIO--300x169.jpg 300w, https:\/\/fai.org.co\/serintegral\/wp-content\/uploads\/2022\/11\/DOCTOR-GUSTAVO-RONCANCIO--1024x576.jpg 1024w, https:\/\/fai.org.co\/serintegral\/wp-content\/uploads\/2022\/11\/DOCTOR-GUSTAVO-RONCANCIO--1536x864.jpg 1536w, https:\/\/fai.org.co\/serintegral\/wp-content\/uploads\/2022\/11\/DOCTOR-GUSTAVO-RONCANCIO-.jpg 1920w\" sizes=\"auto, (max-width: 768px) 100vw, 768px\" \/><\/div>\n\t\t<\/a>\n\t\t\t\t<div class=\"elementor-post__text\">\n\t\t\t\t<h3 class=\"elementor-post__title\">\n\t\t\t<a href=\"https:\/\/fai.org.co\/serintegral\/videos\/5-tips-en-antibioticoterapia-doctor-gustavo-roncancio\/\" >\n\t\t\t\t5 tips en Antibioticoterapia &#8211; Doctor Gustavo Roncancio.\t\t\t<\/a>\n\t\t<\/h3>\n\t\t\t\t<div class=\"elementor-post__excerpt\">\n\t\t\t<p>5 tips en Antibioticoterapia &#8211; Doctor Gustavo Roncancio. Hoy en nuestra c\u00e1psula informativa, hablaremos sobre los 5 tips en antibioticoterapia &nbsp; 5 tips en Antibioticoterapia<\/p>\n\t\t<\/div>\n\t\t\t\t\t<a class=\"elementor-post__read-more\" href=\"https:\/\/fai.org.co\/serintegral\/videos\/5-tips-en-antibioticoterapia-doctor-gustavo-roncancio\/\" >\n\t\t\t\tVer m\u00e1s \u00bb\t\t\t<\/a>\n\t\t\t\t<\/div>\n\t\t\t\t<div class=\"elementor-post__meta-data\">\n\t\t\t\t\t<span class=\"elementor-post-date\">\n\t\t\t4 noviembre, 2022\t\t<\/span>\n\t\t\t\t<\/div>\n\t\t\t\t\t<\/div>\n\t\t<\/article>\n\t\t\t\t<\/div>\n\n\n\t\t\n\t\t\t\t<\/div>\n\t\t\t\t<\/div>\n\t\t\t\t<div class=\"elementor-element elementor-element-129bcf29 elementor-widget elementor-widget-heading\" data-id=\"129bcf29\" data-element_type=\"widget\" data-widget_type=\"heading.default\">\n\t\t\t\t<div class=\"elementor-widget-container\">\n\t\t\t<h2 class=\"elementor-heading-title elementor-size-default\">Art\u00edculos Recientes<\/h2>\t\t<\/div>\n\t\t\t\t<\/div>\n\t\t\t\t<div class=\"elementor-element elementor-element-566e03df elementor-grid-1 elementor-grid-tablet-2 elementor-grid-mobile-1 elementor-posts--thumbnail-top elementor-card-shadow-yes elementor-posts__hover-gradient elementor-widget elementor-widget-posts\" data-id=\"566e03df\" data-element_type=\"widget\" data-settings=\"{&quot;cards_columns&quot;:&quot;1&quot;,&quot;cards_columns_tablet&quot;:&quot;2&quot;,&quot;cards_columns_mobile&quot;:&quot;1&quot;,&quot;cards_row_gap&quot;:{&quot;unit&quot;:&quot;px&quot;,&quot;size&quot;:35,&quot;sizes&quot;:[]}}\" data-widget_type=\"posts.cards\">\n\t\t\t\t<div class=\"elementor-widget-container\">\n\t\t\t\t\t<div class=\"elementor-posts-container elementor-posts elementor-posts--skin-cards elementor-grid\">\n\t\t\t\t<article class=\"elementor-post elementor-grid-item post-2706 post type-post status-publish format-standard has-post-thumbnail hentry category-meningitis\">\n\t\t\t<div class=\"elementor-post__card\">\n\t\t\t\t<a class=\"elementor-post__thumbnail__link\" href=\"https:\/\/fai.org.co\/serintegral\/meningitis\/meningitis-que-es-que-sintomas-produce-y-como-se-transmite\/\" >\n\t\t\t<div class=\"elementor-post__thumbnail\"><img loading=\"lazy\" decoding=\"async\" width=\"300\" height=\"205\" src=\"https:\/\/fai.org.co\/serintegral\/wp-content\/uploads\/2021\/10\/cifras-y-realidades-de-la-meningitis-en-colombia-300x205.jpg\" class=\"attachment-medium size-medium\" alt=\"meningitis\" srcset=\"https:\/\/fai.org.co\/serintegral\/wp-content\/uploads\/2021\/10\/cifras-y-realidades-de-la-meningitis-en-colombia-300x205.jpg 300w, https:\/\/fai.org.co\/serintegral\/wp-content\/uploads\/2021\/10\/cifras-y-realidades-de-la-meningitis-en-colombia.jpg 539w\" sizes=\"auto, (max-width: 300px) 100vw, 300px\" \/><\/div>\n\t\t<\/a>\n\t\t\t\t<div class=\"elementor-post__text\">\n\t\t\t\t<h3 class=\"elementor-post__title\">\n\t\t\t<a href=\"https:\/\/fai.org.co\/serintegral\/meningitis\/meningitis-que-es-que-sintomas-produce-y-como-se-transmite\/\" >\n\t\t\t\tMeningitis, qu\u00e9 es, que s\u00edntomas produce y como se transmite\t\t\t<\/a>\n\t\t<\/h3>\n\t\t\t\t<div class=\"elementor-post__excerpt\">\n\t\t\t<p>La meningitis es una condici\u00f3n m\u00e9dica caracterizada por la inflamaci\u00f3n de las membranas que recubren el cerebro y la m\u00e9dula espinal, conocidas como meninges. Esta<\/p>\n\t\t<\/div>\n\t\t\t\t\t<a class=\"elementor-post__read-more\" href=\"https:\/\/fai.org.co\/serintegral\/meningitis\/meningitis-que-es-que-sintomas-produce-y-como-se-transmite\/\" >\n\t\t\t\tVer m\u00e1s \u00bb\t\t\t<\/a>\n\t\t\t\t<\/div>\n\t\t\t\t<div class=\"elementor-post__meta-data\">\n\t\t\t\t\t<span class=\"elementor-post-date\">\n\t\t\t16 septiembre, 2024\t\t<\/span>\n\t\t\t\t<\/div>\n\t\t\t\t\t<\/div>\n\t\t<\/article>\n\t\t\t\t<\/div>\n\n\n\t\t\n\t\t\t\t<\/div>\n\t\t\t\t<\/div>\n\t\t\t\t<div class=\"elementor-element elementor-element-2c343132 elementor-widget elementor-widget-heading\" data-id=\"2c343132\" data-element_type=\"widget\" data-widget_type=\"heading.default\">\n\t\t\t\t<div class=\"elementor-widget-container\">\n\t\t\t<h2 class=\"elementor-heading-title elementor-size-default\">Descargar Documentos<\/h2>\t\t<\/div>\n\t\t\t\t<\/div>\n\t\t\t\t<div class=\"elementor-element elementor-element-149d6b36 elementor-icon-list--layout-traditional elementor-list-item-link-full_width elementor-widget elementor-widget-icon-list\" data-id=\"149d6b36\" data-element_type=\"widget\" data-widget_type=\"icon-list.default\">\n\t\t\t\t<div class=\"elementor-widget-container\">\n\t\t\t\t\t<ul class=\"elementor-icon-list-items\">\n\t\t\t\t\t\t\t<li class=\"elementor-icon-list-item\">\n\t\t\t\t\t\t\t\t\t\t\t<a href=\"https:\/\/fai.org.co\/serintegral\/wp-content\/uploads\/2021\/08\/Infografico_Ser-Integral-FAI_Meningitis.pdf\" target=\"_blank\">\n\n\t\t\t\t\t\t\t\t\t\t\t\t<span class=\"elementor-icon-list-icon\">\n\t\t\t\t\t\t\t<i aria-hidden=\"true\" class=\"fas fa-genderless\"><\/i>\t\t\t\t\t\t<\/span>\n\t\t\t\t\t\t\t\t\t\t<span class=\"elementor-icon-list-text\">Infogr\u00e1ficas Meningitis<\/span>\n\t\t\t\t\t\t\t\t\t\t\t<\/a>\n\t\t\t\t\t\t\t\t\t<\/li>\n\t\t\t\t\t\t<\/ul>\n\t\t\t\t<\/div>\n\t\t\t\t<\/div>\n\t\t\t\t<div class=\"elementor-element elementor-element-4f6ec94b elementor-widget elementor-widget-image\" data-id=\"4f6ec94b\" data-element_type=\"widget\" data-widget_type=\"image.default\">\n\t\t\t\t<div class=\"elementor-widget-container\">\n\t\t\t\t\t\t\t\t<div class=\"elementor-image\">\n\t\t\t\t\t\t\t\t\t\t\t\t<img loading=\"lazy\" decoding=\"async\" width=\"800\" height=\"450\" src=\"https:\/\/fai.org.co\/serintegral\/wp-content\/uploads\/2021\/10\/Agregar-un-titulo-1024x576.jpg\" class=\"attachment-large size-large\" alt=\"\" srcset=\"https:\/\/fai.org.co\/serintegral\/wp-content\/uploads\/2021\/10\/Agregar-un-titulo-1024x576.jpg 1024w, https:\/\/fai.org.co\/serintegral\/wp-content\/uploads\/2021\/10\/Agregar-un-titulo-300x169.jpg 300w, https:\/\/fai.org.co\/serintegral\/wp-content\/uploads\/2021\/10\/Agregar-un-titulo-768x432.jpg 768w, https:\/\/fai.org.co\/serintegral\/wp-content\/uploads\/2021\/10\/Agregar-un-titulo-1536x864.jpg 1536w, https:\/\/fai.org.co\/serintegral\/wp-content\/uploads\/2021\/10\/Agregar-un-titulo.jpg 1920w\" sizes=\"auto, (max-width: 800px) 100vw, 800px\" \/>\t\t\t\t\t\t\t\t\t\t\t\t\t\t<\/div>\n\t\t\t\t\t\t<\/div>\n\t\t\t\t<\/div>\n\t\t\t\t\t\t<\/div>\n\t\t\t\t\t<\/div>\n\t\t<\/div>\n\t\t\t\t\t\t\t\t<\/div>\n\t\t\t\t\t<\/div>\n\t\t<\/section>\n\t\t\t\t<section class=\"elementor-section elementor-top-section elementor-element elementor-element-584c0090 elementor-section-height-min-height elementor-section-boxed elementor-section-height-default elementor-section-items-middle\" data-id=\"584c0090\" data-element_type=\"section\" data-settings=\"{&quot;background_background&quot;:&quot;classic&quot;}\">\n\t\t\t\t\t\t<div class=\"elementor-container elementor-column-gap-no\">\n\t\t\t\t\t\t\t<div class=\"elementor-row\">\n\t\t\t\t\t<div class=\"elementor-column elementor-col-50 elementor-top-column elementor-element elementor-element-7aeab7cc\" data-id=\"7aeab7cc\" data-element_type=\"column\">\n\t\t\t<div class=\"elementor-column-wrap elementor-element-populated\">\n\t\t\t\t\t\t\t<div class=\"elementor-widget-wrap\">\n\t\t\t\t\t\t<div class=\"elementor-element elementor-element-ea592b8 elementor-widget elementor-widget-heading\" data-id=\"ea592b8\" data-element_type=\"widget\" data-widget_type=\"heading.default\">\n\t\t\t\t<div class=\"elementor-widget-container\">\n\t\t\t<h2 class=\"elementor-heading-title elementor-size-default\"><a href=\"https:\/\/bit.ly\/serintegral-vacuna\" target=\"_blank\">Vac\u00fanate por una salud integral\u200b<\/a><\/h2>\t\t<\/div>\n\t\t\t\t<\/div>\n\t\t\t\t<div class=\"elementor-element elementor-element-7b3f8788 elementor-widget elementor-widget-heading\" data-id=\"7b3f8788\" data-element_type=\"widget\" data-widget_type=\"heading.default\">\n\t\t\t\t<div class=\"elementor-widget-container\">\n\t\t\t<h2 class=\"elementor-heading-title elementor-size-default\"><a href=\"https:\/\/bit.ly\/serintegral-vacuna\" target=\"_blank\">Cont\u00e1ctanos para recibir asesor\u00eda<\/a><\/h2>\t\t<\/div>\n\t\t\t\t<\/div>\n\t\t\t\t\t\t<\/div>\n\t\t\t\t\t<\/div>\n\t\t<\/div>\n\t\t\t\t<div class=\"elementor-column elementor-col-50 elementor-top-column elementor-element elementor-element-522989f2\" data-id=\"522989f2\" data-element_type=\"column\">\n\t\t\t<div class=\"elementor-column-wrap elementor-element-populated\">\n\t\t\t\t\t\t\t<div class=\"elementor-widget-wrap\">\n\t\t\t\t\t\t<div class=\"elementor-element elementor-element-100da99a elementor-align-center elementor-widget elementor-widget-button\" data-id=\"100da99a\" data-element_type=\"widget\" data-widget_type=\"button.default\">\n\t\t\t\t<div class=\"elementor-widget-container\">\n\t\t\t\t\t<div class=\"elementor-button-wrapper\">\n\t\t\t<a href=\"https:\/\/bit.ly\/serintegral-vacuna\" target=\"_blank\" class=\"elementor-button-link elementor-button elementor-size-xl\" role=\"button\">\n\t\t\t\t\t\t<span class=\"elementor-button-content-wrapper\">\n\t\t\t\t\t\t<span class=\"elementor-button-icon elementor-align-icon-left\">\n\t\t\t\t<i aria-hidden=\"true\" class=\"fab fa-whatsapp\"><\/i>\t\t\t<\/span>\n\t\t\t\t\t\t<span class=\"elementor-button-text\">Escr\u00edbenos<\/span>\n\t\t<\/span>\n\t\t\t\t\t<\/a>\n\t\t<\/div>\n\t\t\t\t<\/div>\n\t\t\t\t<\/div>\n\t\t\t\t\t\t<\/div>\n\t\t\t\t\t<\/div>\n\t\t<\/div>\n\t\t\t\t\t\t\t\t<\/div>\n\t\t\t\t\t<\/div>\n\t\t<\/section>\n\t\t\t\t\t\t<\/div>\n\t\t\t\t\t\t<\/div>\n\t\t\t\t\t<\/div>\n\t\t","protected":false},"excerpt":{"rendered":"<p>MENINGITIS Lo que debes saber sobre la Meningitis La meningitis es una inflamaci\u00f3n de las membranas que rodean al cerebro y la m\u00e9dula espinal. Habitualmente tienen una causa infecciosa y dentro de las meningitis infecciosas, podemos distinguir entre producidas por virus, origen bacteriano y las m\u00e1s raras, ocasionadas por hongos. Hasta el momento, estudios ayudan [&hellip;]<\/p>\n","protected":false},"author":2,"featured_media":0,"parent":94,"menu_order":1,"comment_status":"closed","ping_status":"closed","template":"elementor_header_footer","meta":{"_monsterinsights_skip_tracking":false,"_monsterinsights_sitenote_active":false,"_monsterinsights_sitenote_note":"","_monsterinsights_sitenote_category":0,"spay_email":"","footnotes":""},"class_list":["post-915","page","type-page","status-publish","hentry"],"aioseo_notices":[],"yoast_head":"<!-- This site is optimized with the Yoast SEO plugin v17.5 - https:\/\/yoast.com\/wordpress\/plugins\/seo\/ -->\n<title>Meningitis - Ser integral<\/title>\n<meta name=\"robots\" content=\"index, follow, max-snippet:-1, max-image-preview:large, max-video-preview:-1\" \/>\n<link rel=\"canonical\" href=\"https:\/\/fai.org.co\/serintegral\/patologias\/meningitis\/\" \/>\n<meta property=\"og:locale\" content=\"es_ES\" \/>\n<meta property=\"og:type\" content=\"article\" \/>\n<meta property=\"og:title\" content=\"Meningitis - Ser integral\" \/>\n<meta property=\"og:description\" content=\"MENINGITIS Lo que debes saber sobre la Meningitis La meningitis es una inflamaci\u00f3n de las membranas que rodean al cerebro y la m\u00e9dula espinal. Habitualmente tienen una causa infecciosa y dentro de las meningitis infecciosas, podemos distinguir entre producidas por virus, origen bacteriano y las m\u00e1s raras, ocasionadas por hongos. Hasta el momento, estudios ayudan [&hellip;]\" \/>\n<meta property=\"og:url\" content=\"https:\/\/fai.org.co\/serintegral\/patologias\/meningitis\/\" \/>\n<meta property=\"og:site_name\" content=\"Ser integral\" \/>\n<meta property=\"article:modified_time\" content=\"2022-07-30T17:13:47+00:00\" \/>\n<meta property=\"og:image\" content=\"https:\/\/fai.org.co\/serintegral\/wp-content\/uploads\/2021\/08\/meningiti-serintegral-fai-1.jpg\" \/>\n<meta name=\"twitter:card\" content=\"summary_large_image\" \/>\n<meta name=\"twitter:label1\" content=\"Tiempo estimado de lectura\" \/>\n\t<meta name=\"twitter:data1\" content=\"8 minutos\" \/>\n<script type=\"application\/ld+json\" class=\"yoast-schema-graph\">{\"@context\":\"https:\/\/schema.org\",\"@graph\":[{\"@type\":\"WebSite\",\"@id\":\"https:\/\/fai.org.co\/serintegral\/#website\",\"url\":\"https:\/\/fai.org.co\/serintegral\/\",\"name\":\"Ser integral\",\"description\":\"\",\"potentialAction\":[{\"@type\":\"SearchAction\",\"target\":{\"@type\":\"EntryPoint\",\"urlTemplate\":\"https:\/\/fai.org.co\/serintegral\/?s={search_term_string}\"},\"query-input\":\"required name=search_term_string\"}],\"inLanguage\":\"es-CO\"},{\"@type\":\"ImageObject\",\"@id\":\"https:\/\/fai.org.co\/serintegral\/patologias\/meningitis\/#primaryimage\",\"inLanguage\":\"es-CO\",\"url\":\"https:\/\/fai.org.co\/serintegral\/wp-content\/uploads\/2021\/08\/meningiti-serintegral-fai-1.jpg\",\"contentUrl\":\"https:\/\/fai.org.co\/serintegral\/wp-content\/uploads\/2021\/08\/meningiti-serintegral-fai-1.jpg\",\"width\":1200,\"height\":600},{\"@type\":\"WebPage\",\"@id\":\"https:\/\/fai.org.co\/serintegral\/patologias\/meningitis\/#webpage\",\"url\":\"https:\/\/fai.org.co\/serintegral\/patologias\/meningitis\/\",\"name\":\"Meningitis - Ser integral\",\"isPartOf\":{\"@id\":\"https:\/\/fai.org.co\/serintegral\/#website\"},\"primaryImageOfPage\":{\"@id\":\"https:\/\/fai.org.co\/serintegral\/patologias\/meningitis\/#primaryimage\"},\"datePublished\":\"2021-08-03T14:16:56+00:00\",\"dateModified\":\"2022-07-30T17:13:47+00:00\",\"breadcrumb\":{\"@id\":\"https:\/\/fai.org.co\/serintegral\/patologias\/meningitis\/#breadcrumb\"},\"inLanguage\":\"es-CO\",\"potentialAction\":[{\"@type\":\"ReadAction\",\"target\":[\"https:\/\/fai.org.co\/serintegral\/patologias\/meningitis\/\"]}]},{\"@type\":\"BreadcrumbList\",\"@id\":\"https:\/\/fai.org.co\/serintegral\/patologias\/meningitis\/#breadcrumb\",\"itemListElement\":[{\"@type\":\"ListItem\",\"position\":1,\"name\":\"Inicio\",\"item\":\"https:\/\/fai.org.co\/serintegral\/\"},{\"@type\":\"ListItem\",\"position\":2,\"name\":\"Patolog\\u00edas\",\"item\":\"https:\/\/fai.org.co\/serintegral\/patologias\/\"},{\"@type\":\"ListItem\",\"position\":3,\"name\":\"Meningitis\"}]}]}<\/script>\n<!-- \/ Yoast SEO plugin. -->","yoast_head_json":{"title":"Meningitis - Ser integral","robots":{"index":"index","follow":"follow","max-snippet":"max-snippet:-1","max-image-preview":"max-image-preview:large","max-video-preview":"max-video-preview:-1"},"canonical":"https:\/\/fai.org.co\/serintegral\/patologias\/meningitis\/","og_locale":"es_ES","og_type":"article","og_title":"Meningitis - Ser integral","og_description":"MENINGITIS Lo que debes saber sobre la Meningitis La meningitis es una inflamaci\u00f3n de las membranas que rodean al cerebro y la m\u00e9dula espinal. Habitualmente tienen una causa infecciosa y dentro de las meningitis infecciosas, podemos distinguir entre producidas por virus, origen bacteriano y las m\u00e1s raras, ocasionadas por hongos. Hasta el momento, estudios ayudan [&hellip;]","og_url":"https:\/\/fai.org.co\/serintegral\/patologias\/meningitis\/","og_site_name":"Ser integral","article_modified_time":"2022-07-30T17:13:47+00:00","og_image":[{"url":"https:\/\/fai.org.co\/serintegral\/wp-content\/uploads\/2021\/08\/meningiti-serintegral-fai-1.jpg"}],"twitter_card":"summary_large_image","twitter_misc":{"Tiempo estimado de lectura":"8 minutos"},"schema":{"@context":"https:\/\/schema.org","@graph":[{"@type":"WebSite","@id":"https:\/\/fai.org.co\/serintegral\/#website","url":"https:\/\/fai.org.co\/serintegral\/","name":"Ser integral","description":"","potentialAction":[{"@type":"SearchAction","target":{"@type":"EntryPoint","urlTemplate":"https:\/\/fai.org.co\/serintegral\/?s={search_term_string}"},"query-input":"required name=search_term_string"}],"inLanguage":"es-CO"},{"@type":"ImageObject","@id":"https:\/\/fai.org.co\/serintegral\/patologias\/meningitis\/#primaryimage","inLanguage":"es-CO","url":"https:\/\/fai.org.co\/serintegral\/wp-content\/uploads\/2021\/08\/meningiti-serintegral-fai-1.jpg","contentUrl":"https:\/\/fai.org.co\/serintegral\/wp-content\/uploads\/2021\/08\/meningiti-serintegral-fai-1.jpg","width":1200,"height":600},{"@type":"WebPage","@id":"https:\/\/fai.org.co\/serintegral\/patologias\/meningitis\/#webpage","url":"https:\/\/fai.org.co\/serintegral\/patologias\/meningitis\/","name":"Meningitis - Ser integral","isPartOf":{"@id":"https:\/\/fai.org.co\/serintegral\/#website"},"primaryImageOfPage":{"@id":"https:\/\/fai.org.co\/serintegral\/patologias\/meningitis\/#primaryimage"},"datePublished":"2021-08-03T14:16:56+00:00","dateModified":"2022-07-30T17:13:47+00:00","breadcrumb":{"@id":"https:\/\/fai.org.co\/serintegral\/patologias\/meningitis\/#breadcrumb"},"inLanguage":"es-CO","potentialAction":[{"@type":"ReadAction","target":["https:\/\/fai.org.co\/serintegral\/patologias\/meningitis\/"]}]},{"@type":"BreadcrumbList","@id":"https:\/\/fai.org.co\/serintegral\/patologias\/meningitis\/#breadcrumb","itemListElement":[{"@type":"ListItem","position":1,"name":"Inicio","item":"https:\/\/fai.org.co\/serintegral\/"},{"@type":"ListItem","position":2,"name":"Patolog\u00edas","item":"https:\/\/fai.org.co\/serintegral\/patologias\/"},{"@type":"ListItem","position":3,"name":"Meningitis"}]}]}},"_links":{"self":[{"href":"https:\/\/fai.org.co\/serintegral\/wp-json\/wp\/v2\/pages\/915","targetHints":{"allow":["GET"]}}],"collection":[{"href":"https:\/\/fai.org.co\/serintegral\/wp-json\/wp\/v2\/pages"}],"about":[{"href":"https:\/\/fai.org.co\/serintegral\/wp-json\/wp\/v2\/types\/page"}],"author":[{"embeddable":true,"href":"https:\/\/fai.org.co\/serintegral\/wp-json\/wp\/v2\/users\/2"}],"replies":[{"embeddable":true,"href":"https:\/\/fai.org.co\/serintegral\/wp-json\/wp\/v2\/comments?post=915"}],"version-history":[{"count":109,"href":"https:\/\/fai.org.co\/serintegral\/wp-json\/wp\/v2\/pages\/915\/revisions"}],"predecessor-version":[{"id":2322,"href":"https:\/\/fai.org.co\/serintegral\/wp-json\/wp\/v2\/pages\/915\/revisions\/2322"}],"up":[{"embeddable":true,"href":"https:\/\/fai.org.co\/serintegral\/wp-json\/wp\/v2\/pages\/94"}],"wp:attachment":[{"href":"https:\/\/fai.org.co\/serintegral\/wp-json\/wp\/v2\/media?parent=915"}],"curies":[{"name":"wp","href":"https:\/\/api.w.org\/{rel}","templated":true}]}}